{"version":"1.0","provider_name":"AFKP","provider_url":"https:\/\/afkp.fr","author_name":"Guillaume COLLET","author_url":"https:\/\/afkp.fr\/index.php\/author\/guillaume-colletgrainesdesoin-fr\/","title":"Ost\u00e9og\u00e9n\u00e8se Imparfaite et R\u00e9\u00e9ducation - AFKP","type":"rich","width":600,"height":338,"html":"<blockquote class=\"wp-embedded-content\" data-secret=\"gFDgVGt8OV\"><a href=\"https:\/\/afkp.fr\/index.php\/2023\/11\/30\/osteogenese-imparfaite-et-reeducation\/\">Ost\u00e9og\u00e9n\u00e8se Imparfaite et R\u00e9\u00e9ducation<\/a><\/blockquote><iframe sandbox=\"allow-scripts\" security=\"restricted\" src=\"https:\/\/afkp.fr\/index.php\/2023\/11\/30\/osteogenese-imparfaite-et-reeducation\/embed\/#?secret=gFDgVGt8OV\" width=\"600\" height=\"338\" title=\"\u00ab\u00a0Ost\u00e9og\u00e9n\u00e8se Imparfaite et R\u00e9\u00e9ducation\u00a0\u00bb &#8212; AFKP\" data-secret=\"gFDgVGt8OV\" frameborder=\"0\" marginwidth=\"0\" marginheight=\"0\" scrolling=\"no\" class=\"wp-embedded-content\"><\/iframe><script>\n\/*! This file is auto-generated *\/\n!function(d,l){\"use strict\";l.querySelector&&d.addEventListener&&\"undefined\"!=typeof URL&&(d.wp=d.wp||{},d.wp.receiveEmbedMessage||(d.wp.receiveEmbedMessage=function(e){var t=e.data;if((t||t.secret||t.message||t.value)&&!\/[^a-zA-Z0-9]\/.test(t.secret)){for(var s,r,n,a=l.querySelectorAll('iframe[data-secret=\"'+t.secret+'\"]'),o=l.querySelectorAll('blockquote[data-secret=\"'+t.secret+'\"]'),c=new RegExp(\"^https?:$\",\"i\"),i=0;i<o.length;i++)o[i].style.display=\"none\";for(i=0;i<a.length;i++)s=a[i],e.source===s.contentWindow&&(s.removeAttribute(\"style\"),\"height\"===t.message?(1e3<(r=parseInt(t.value,10))?r=1e3:~~r<200&&(r=200),s.height=r):\"link\"===t.message&&(r=new URL(s.getAttribute(\"src\")),n=new URL(t.value),c.test(n.protocol))&&n.host===r.host&&l.activeElement===s&&(d.top.location.href=t.value))}},d.addEventListener(\"message\",d.wp.receiveEmbedMessage,!1),l.addEventListener(\"DOMContentLoaded\",function(){for(var e,t,s=l.querySelectorAll(\"iframe.wp-embedded-content\"),r=0;r<s.length;r++)(t=(e=s[r]).getAttribute(\"data-secret\"))||(t=Math.random().toString(36).substring(2,12),e.src+=\"#?secret=\"+t,e.setAttribute(\"data-secret\",t)),e.contentWindow.postMessage({message:\"ready\",secret:t},\"*\")},!1)))}(window,document);\n\/\/# sourceURL=https:\/\/afkp.fr\/wp-includes\/js\/wp-embed.min.js\n<\/script>\n","description":"L\u2019ost\u00e9ogen\u00e8se imparfaite, ou maladie \u00ab des os de verre \u00bb, est une affection g\u00e9n\u00e9tique, caract\u00e9ris\u00e9e par une fragilit\u00e9 osseuse et une faible masse osseuse \u00e0 l\u2019origine de fractures \u00e0 r\u00e9p\u00e9tition, survenant \u00e0 la suite de traumatismes b\u00e9nins. La kin\u00e9sith\u00e9rapie est fondamentale dans la prise en charge de l'OI.","thumbnail_url":"https:\/\/afkp.fr\/wp-content\/uploads\/2023\/11\/Capture-decran-2023-11-30-a-14.57.00-1024x561.png"}