{"version":"1.0","provider_name":"AFKP","provider_url":"https:\/\/afkp.fr","author_name":"neosens@free.fr","author_url":"https:\/\/afkp.fr\/index.php\/author\/neosensfree-fr\/","title":"2\u00e8me Journ\u00e9e de Congr\u00e8s de l'Association N\u00e9o'Sens - AFKP","type":"rich","width":600,"height":338,"html":"<blockquote class=\"wp-embedded-content\" data-secret=\"4BGE7ZfIuA\"><a href=\"https:\/\/afkp.fr\/index.php\/events\/2eme-journee-de-congres-de-lassociation-neosens\/\">2\u00e8me Journ\u00e9e de Congr\u00e8s de l&rsquo;Association N\u00e9o&rsquo;Sens<\/a><\/blockquote><iframe sandbox=\"allow-scripts\" security=\"restricted\" src=\"https:\/\/afkp.fr\/index.php\/events\/2eme-journee-de-congres-de-lassociation-neosens\/embed\/#?secret=4BGE7ZfIuA\" width=\"600\" height=\"338\" title=\"\u00ab\u00a02\u00e8me Journ\u00e9e de Congr\u00e8s de l&rsquo;Association N\u00e9o&rsquo;Sens\u00a0\u00bb &#8212; AFKP\" data-secret=\"4BGE7ZfIuA\" frameborder=\"0\" marginwidth=\"0\" marginheight=\"0\" scrolling=\"no\" class=\"wp-embedded-content\"><\/iframe><script>\n\/*! This file is auto-generated *\/\n!function(d,l){\"use strict\";l.querySelector&&d.addEventListener&&\"undefined\"!=typeof URL&&(d.wp=d.wp||{},d.wp.receiveEmbedMessage||(d.wp.receiveEmbedMessage=function(e){var t=e.data;if((t||t.secret||t.message||t.value)&&!\/[^a-zA-Z0-9]\/.test(t.secret)){for(var s,r,n,a=l.querySelectorAll('iframe[data-secret=\"'+t.secret+'\"]'),o=l.querySelectorAll('blockquote[data-secret=\"'+t.secret+'\"]'),c=new RegExp(\"^https?:$\",\"i\"),i=0;i<o.length;i++)o[i].style.display=\"none\";for(i=0;i<a.length;i++)s=a[i],e.source===s.contentWindow&&(s.removeAttribute(\"style\"),\"height\"===t.message?(1e3<(r=parseInt(t.value,10))?r=1e3:~~r<200&&(r=200),s.height=r):\"link\"===t.message&&(r=new URL(s.getAttribute(\"src\")),n=new URL(t.value),c.test(n.protocol))&&n.host===r.host&&l.activeElement===s&&(d.top.location.href=t.value))}},d.addEventListener(\"message\",d.wp.receiveEmbedMessage,!1),l.addEventListener(\"DOMContentLoaded\",function(){for(var e,t,s=l.querySelectorAll(\"iframe.wp-embedded-content\"),r=0;r<s.length;r++)(t=(e=s[r]).getAttribute(\"data-secret\"))||(t=Math.random().toString(36).substring(2,12),e.src+=\"#?secret=\"+t,e.setAttribute(\"data-secret\",t)),e.contentWindow.postMessage({message:\"ready\",secret:t},\"*\")},!1)))}(window,document);\n\/\/# sourceURL=https:\/\/afkp.fr\/wp-includes\/js\/wp-embed.min.js\n<\/script>\n","thumbnail_url":"https:\/\/afkp.fr\/wp-content\/uploads\/2024\/11\/PNG-Programme-1.png","thumbnail_width":1080,"thumbnail_height":1350,"description":"Journ\u00e9e de Congr\u00e8s pour \u00e9changer sur le th\u00e8me de la Famille au sein des services de N\u00e9onatalogie et Maternit\u00e9. De nombreuses interventions et ateliers de soignants de diverses professions et t\u00e9moignages de familles ou patients.  Journ\u00e9e ouverte \u00e0 tous publics avec pr\u00e9sence d'artistes."}