{"id":5496,"date":"2023-09-15T11:41:10","date_gmt":"2023-09-15T09:41:10","guid":{"rendered":"https:\/\/afkp.fr\/?post_type=mec-events&#038;p=5496"},"modified":"2023-09-15T11:41:10","modified_gmt":"2023-09-15T09:41:10","slug":"premiere-journee-association-neosens","status":"publish","type":"mec-events","link":"https:\/\/afkp.fr\/index.php\/events\/premiere-journee-association-neosens\/","title":{"rendered":"Premi\u00e8re Journ\u00e9e &#8211; Association Neo&rsquo;Sens"},"content":{"rendered":"<p>La musicoth\u00e9rapie au coeur du soin<\/p>\n<p>De l&rsquo;observation \u00e0 l&rsquo;action, \u00e9coutons le silence<\/p>\n<p>Le corps \u00e0 l&rsquo;\u00e9coute de son environnement<\/p>\n<p>L&rsquo;\u00e9coute lors de l&rsquo;alimentation<\/p>\n","protected":false},"excerpt":{"rendered":"<p>Interventions et t\u00e9moignages de parents, de professionnels sur le th\u00e8me de l&rsquo;ECOUTE<\/p>\n","protected":false},"author":147,"featured_media":5497,"comment_status":"open","ping_status":"closed","template":"","meta":{"_acf_changed":false,"content-type":"","_uag_custom_page_level_css":"","site-sidebar-layout":"default","site-content-layout":"default","ast-site-content-layout":"default","site-content-style":"default","site-sidebar-style":"default","ast-global-header-display":"","ast-banner-title-visibility":"","ast-main-header-display":"","ast-hfb-above-header-display":"","ast-hfb-below-header-display":"","ast-hfb-mobile-header-display":"","site-post-title":"","ast-breadcrumbs-content":"","ast-featured-img":"","footer-sml-layout":"","ast-disable-related-posts":"","theme-transparent-header-meta":"default","adv-header-id-meta":"","stick-header-meta":"","header-above-stick-meta":"","header-main-stick-meta":"","header-below-stick-meta":"","astra-migrate-meta-layouts":"default","ast-page-background-enabled":"default","ast-page-background-meta":{"desktop":{"background-color":"","background-image":"","background-repeat":"repeat","background-position":"center center","background-size":"auto","background-attachment":"scroll","background-type":"","background-media":"","overlay-type":"","overlay-color":"","overlay-opacity":"","overlay-gradient":""},"tablet":{"background-color":"","background-image":"","background-repeat":"repeat","background-position":"center center","background-size":"auto","background-attachment":"scroll","background-type":"","background-media":"","overlay-type":"","overlay-color":"","overlay-opacity":"","overlay-gradient":""},"mobile":{"background-color":"","background-image":"","background-repeat":"repeat","background-position":"center center","background-size":"auto","background-attachment":"scroll","background-type":"","background-media":"","overlay-type":"","overlay-color":"","overlay-opacity":"","overlay-gradient":""}},"ast-content-background-meta":{"desktop":{"background-color":"var(--ast-global-color-5)","background-image":"","background-repeat":"repeat","background-position":"center center","background-size":"auto","background-attachment":"scroll","background-type":"","background-media":"","overlay-type":"","overlay-color":"","overlay-opacity":"","overlay-gradient":""},"tablet":{"background-color":"var(--ast-global-color-5)","background-image":"","background-repeat":"repeat","background-position":"center center","background-size":"auto","background-attachment":"scroll","background-type":"","background-media":"","overlay-type":"","overlay-color":"","overlay-opacity":"","overlay-gradient":""},"mobile":{"background-color":"var(--ast-global-color-5)","background-image":"","background-repeat":"repeat","background-position":"center center","background-size":"auto","background-attachment":"scroll","background-type":"","background-media":"","overlay-type":"","overlay-color":"","overlay-opacity":"","overlay-gradient":""}}},"tags":[],"mec_category":[69],"class_list":["post-5496","mec-events","type-mec-events","status-publish","has-post-thumbnail","hentry","mec_category-conference"],"acf":[],"yoast_head":"<!-- This site is optimized with the Yoast SEO plugin v27.5 - https:\/\/yoast.com\/product\/yoast-seo-wordpress\/ -->\n<title>Premi\u00e8re Journ\u00e9e - Association Neo&#039;Sens - AFKP<\/title>\n<meta name=\"robots\" content=\"index, follow, max-snippet:-1, max-image-preview:large, max-video-preview:-1\" \/>\n<link rel=\"canonical\" href=\"https:\/\/afkp.fr\/index.php\/events\/premiere-journee-association-neosens\/\" \/>\n<meta property=\"og:locale\" content=\"fr_FR\" \/>\n<meta property=\"og:type\" content=\"article\" \/>\n<meta property=\"og:title\" content=\"Premi\u00e8re Journ\u00e9e - Association Neo&#039;Sens - AFKP\" \/>\n<meta property=\"og:description\" content=\"Interventions et t\u00e9moignages de parents, de professionnels sur le th\u00e8me de l&#039;ECOUTE\" \/>\n<meta property=\"og:url\" content=\"https:\/\/afkp.fr\/index.php\/events\/premiere-journee-association-neosens\/\" \/>\n<meta property=\"og:site_name\" content=\"AFKP\" \/>\n<meta property=\"article:publisher\" content=\"https:\/\/www.facebook.com\/afkpedia\" \/>\n<meta property=\"og:image\" content=\"https:\/\/afkp.fr\/wp-content\/uploads\/2023\/09\/Journees-neosens-10-NOV-2023-2-1-1.jpg\" \/>\n\t<meta property=\"og:image:width\" content=\"1103\" \/>\n\t<meta property=\"og:image:height\" content=\"1103\" \/>\n\t<meta property=\"og:image:type\" content=\"image\/jpeg\" \/>\n<meta name=\"twitter:card\" content=\"summary_large_image\" \/>\n<meta name=\"twitter:label1\" content=\"Dur\u00e9e de lecture estim\u00e9e\" \/>\n\t<meta name=\"twitter:data1\" content=\"1 minute\" \/>\n<script type=\"application\/ld+json\" class=\"yoast-schema-graph\">{\"@context\":\"https:\\\/\\\/schema.org\",\"@graph\":[{\"@type\":\"WebPage\",\"@id\":\"https:\\\/\\\/afkp.fr\\\/index.php\\\/events\\\/premiere-journee-association-neosens\\\/\",\"url\":\"https:\\\/\\\/afkp.fr\\\/index.php\\\/events\\\/premiere-journee-association-neosens\\\/\",\"name\":\"Premi\u00e8re Journ\u00e9e - Association Neo'Sens - AFKP\",\"isPartOf\":{\"@id\":\"https:\\\/\\\/afkp.fr\\\/#website\"},\"primaryImageOfPage\":{\"@id\":\"https:\\\/\\\/afkp.fr\\\/index.php\\\/events\\\/premiere-journee-association-neosens\\\/#primaryimage\"},\"image\":{\"@id\":\"https:\\\/\\\/afkp.fr\\\/index.php\\\/events\\\/premiere-journee-association-neosens\\\/#primaryimage\"},\"thumbnailUrl\":\"https:\\\/\\\/afkp.fr\\\/wp-content\\\/uploads\\\/2023\\\/09\\\/Journees-neosens-10-NOV-2023-2-1-1.jpg\",\"datePublished\":\"2023-09-15T09:41:10+00:00\",\"breadcrumb\":{\"@id\":\"https:\\\/\\\/afkp.fr\\\/index.php\\\/events\\\/premiere-journee-association-neosens\\\/#breadcrumb\"},\"inLanguage\":\"fr-FR\",\"potentialAction\":[{\"@type\":\"ReadAction\",\"target\":[\"https:\\\/\\\/afkp.fr\\\/index.php\\\/events\\\/premiere-journee-association-neosens\\\/\"]}]},{\"@type\":\"ImageObject\",\"inLanguage\":\"fr-FR\",\"@id\":\"https:\\\/\\\/afkp.fr\\\/index.php\\\/events\\\/premiere-journee-association-neosens\\\/#primaryimage\",\"url\":\"https:\\\/\\\/afkp.fr\\\/wp-content\\\/uploads\\\/2023\\\/09\\\/Journees-neosens-10-NOV-2023-2-1-1.jpg\",\"contentUrl\":\"https:\\\/\\\/afkp.fr\\\/wp-content\\\/uploads\\\/2023\\\/09\\\/Journees-neosens-10-NOV-2023-2-1-1.jpg\",\"width\":1103,\"height\":1103},{\"@type\":\"BreadcrumbList\",\"@id\":\"https:\\\/\\\/afkp.fr\\\/index.php\\\/events\\\/premiere-journee-association-neosens\\\/#breadcrumb\",\"itemListElement\":[{\"@type\":\"ListItem\",\"position\":1,\"name\":\"Accueil\",\"item\":\"https:\\\/\\\/afkp.fr\\\/\"},{\"@type\":\"ListItem\",\"position\":2,\"name\":\"\u00c9v\u00e9nements\",\"item\":\"https:\\\/\\\/afkp.fr\\\/index.php\\\/events\\\/\"},{\"@type\":\"ListItem\",\"position\":3,\"name\":\"Premi\u00e8re Journ\u00e9e &#8211; Association Neo&rsquo;Sens\"}]},{\"@type\":\"WebSite\",\"@id\":\"https:\\\/\\\/afkp.fr\\\/#website\",\"url\":\"https:\\\/\\\/afkp.fr\\\/\",\"name\":\"AFKP\",\"description\":\"Association Fran\u00e7aise de Kin\u00e9sith\u00e9rapie P\u00e9diatrique\",\"publisher\":{\"@id\":\"https:\\\/\\\/afkp.fr\\\/#organization\"},\"potentialAction\":[{\"@type\":\"SearchAction\",\"target\":{\"@type\":\"EntryPoint\",\"urlTemplate\":\"https:\\\/\\\/afkp.fr\\\/?s={search_term_string}\"},\"query-input\":{\"@type\":\"PropertyValueSpecification\",\"valueRequired\":true,\"valueName\":\"search_term_string\"}}],\"inLanguage\":\"fr-FR\"},{\"@type\":\"Organization\",\"@id\":\"https:\\\/\\\/afkp.fr\\\/#organization\",\"name\":\"Association Fran\u00e7aise de Kin\u00e9sith\u00e9rapie P\u00e9diatrique\",\"url\":\"https:\\\/\\\/afkp.fr\\\/\",\"logo\":{\"@type\":\"ImageObject\",\"inLanguage\":\"fr-FR\",\"@id\":\"https:\\\/\\\/afkp.fr\\\/#\\\/schema\\\/logo\\\/image\\\/\",\"url\":\"https:\\\/\\\/afkp.fr\\\/wp-content\\\/uploads\\\/2023\\\/03\\\/cropped-cropped-cropped-cropped-cropped-cropped-logo-officiel-2023-180.png\",\"contentUrl\":\"https:\\\/\\\/afkp.fr\\\/wp-content\\\/uploads\\\/2023\\\/03\\\/cropped-cropped-cropped-cropped-cropped-cropped-logo-officiel-2023-180.png\",\"width\":178,\"height\":156,\"caption\":\"Association Fran\u00e7aise de Kin\u00e9sith\u00e9rapie P\u00e9diatrique\"},\"image\":{\"@id\":\"https:\\\/\\\/afkp.fr\\\/#\\\/schema\\\/logo\\\/image\\\/\"},\"sameAs\":[\"https:\\\/\\\/www.facebook.com\\\/afkpedia\",\"https:\\\/\\\/www.instagram.com\\\/assofrancaisedekinepediatrique\\\/\",\"https:\\\/\\\/www.linkedin.com\\\/in\\\/association-franaise-de-kinsithrapie-pdiatrique-249635268\\\/\"]}]}<\/script>\n<!-- \/ Yoast SEO plugin. -->","yoast_head_json":{"title":"Premi\u00e8re Journ\u00e9e - Association Neo'Sens - AFKP","robots":{"index":"index","follow":"follow","max-snippet":"max-snippet:-1","max-image-preview":"max-image-preview:large","max-video-preview":"max-video-preview:-1"},"canonical":"https:\/\/afkp.fr\/index.php\/events\/premiere-journee-association-neosens\/","og_locale":"fr_FR","og_type":"article","og_title":"Premi\u00e8re Journ\u00e9e - Association Neo'Sens - AFKP","og_description":"Interventions et t\u00e9moignages de parents, de professionnels sur le th\u00e8me de l'ECOUTE","og_url":"https:\/\/afkp.fr\/index.php\/events\/premiere-journee-association-neosens\/","og_site_name":"AFKP","article_publisher":"https:\/\/www.facebook.com\/afkpedia","og_image":[{"width":1103,"height":1103,"url":"https:\/\/afkp.fr\/wp-content\/uploads\/2023\/09\/Journees-neosens-10-NOV-2023-2-1-1.jpg","type":"image\/jpeg"}],"twitter_card":"summary_large_image","twitter_misc":{"Dur\u00e9e de lecture estim\u00e9e":"1 minute"},"schema":{"@context":"https:\/\/schema.org","@graph":[{"@type":"WebPage","@id":"https:\/\/afkp.fr\/index.php\/events\/premiere-journee-association-neosens\/","url":"https:\/\/afkp.fr\/index.php\/events\/premiere-journee-association-neosens\/","name":"Premi\u00e8re Journ\u00e9e - Association Neo'Sens - AFKP","isPartOf":{"@id":"https:\/\/afkp.fr\/#website"},"primaryImageOfPage":{"@id":"https:\/\/afkp.fr\/index.php\/events\/premiere-journee-association-neosens\/#primaryimage"},"image":{"@id":"https:\/\/afkp.fr\/index.php\/events\/premiere-journee-association-neosens\/#primaryimage"},"thumbnailUrl":"https:\/\/afkp.fr\/wp-content\/uploads\/2023\/09\/Journees-neosens-10-NOV-2023-2-1-1.jpg","datePublished":"2023-09-15T09:41:10+00:00","breadcrumb":{"@id":"https:\/\/afkp.fr\/index.php\/events\/premiere-journee-association-neosens\/#breadcrumb"},"inLanguage":"fr-FR","potentialAction":[{"@type":"ReadAction","target":["https:\/\/afkp.fr\/index.php\/events\/premiere-journee-association-neosens\/"]}]},{"@type":"ImageObject","inLanguage":"fr-FR","@id":"https:\/\/afkp.fr\/index.php\/events\/premiere-journee-association-neosens\/#primaryimage","url":"https:\/\/afkp.fr\/wp-content\/uploads\/2023\/09\/Journees-neosens-10-NOV-2023-2-1-1.jpg","contentUrl":"https:\/\/afkp.fr\/wp-content\/uploads\/2023\/09\/Journees-neosens-10-NOV-2023-2-1-1.jpg","width":1103,"height":1103},{"@type":"BreadcrumbList","@id":"https:\/\/afkp.fr\/index.php\/events\/premiere-journee-association-neosens\/#breadcrumb","itemListElement":[{"@type":"ListItem","position":1,"name":"Accueil","item":"https:\/\/afkp.fr\/"},{"@type":"ListItem","position":2,"name":"\u00c9v\u00e9nements","item":"https:\/\/afkp.fr\/index.php\/events\/"},{"@type":"ListItem","position":3,"name":"Premi\u00e8re Journ\u00e9e &#8211; Association Neo&rsquo;Sens"}]},{"@type":"WebSite","@id":"https:\/\/afkp.fr\/#website","url":"https:\/\/afkp.fr\/","name":"AFKP","description":"Association Fran\u00e7aise de Kin\u00e9sith\u00e9rapie P\u00e9diatrique","publisher":{"@id":"https:\/\/afkp.fr\/#organization"},"potentialAction":[{"@type":"SearchAction","target":{"@type":"EntryPoint","urlTemplate":"https:\/\/afkp.fr\/?s={search_term_string}"},"query-input":{"@type":"PropertyValueSpecification","valueRequired":true,"valueName":"search_term_string"}}],"inLanguage":"fr-FR"},{"@type":"Organization","@id":"https:\/\/afkp.fr\/#organization","name":"Association Fran\u00e7aise de Kin\u00e9sith\u00e9rapie P\u00e9diatrique","url":"https:\/\/afkp.fr\/","logo":{"@type":"ImageObject","inLanguage":"fr-FR","@id":"https:\/\/afkp.fr\/#\/schema\/logo\/image\/","url":"https:\/\/afkp.fr\/wp-content\/uploads\/2023\/03\/cropped-cropped-cropped-cropped-cropped-cropped-logo-officiel-2023-180.png","contentUrl":"https:\/\/afkp.fr\/wp-content\/uploads\/2023\/03\/cropped-cropped-cropped-cropped-cropped-cropped-logo-officiel-2023-180.png","width":178,"height":156,"caption":"Association Fran\u00e7aise de Kin\u00e9sith\u00e9rapie P\u00e9diatrique"},"image":{"@id":"https:\/\/afkp.fr\/#\/schema\/logo\/image\/"},"sameAs":["https:\/\/www.facebook.com\/afkpedia","https:\/\/www.instagram.com\/assofrancaisedekinepediatrique\/","https:\/\/www.linkedin.com\/in\/association-franaise-de-kinsithrapie-pdiatrique-249635268\/"]}]}},"uagb_featured_image_src":{"full":["https:\/\/afkp.fr\/wp-content\/uploads\/2023\/09\/Journees-neosens-10-NOV-2023-2-1-1.jpg",1103,1103,false],"thumbnail":["https:\/\/afkp.fr\/wp-content\/uploads\/2023\/09\/Journees-neosens-10-NOV-2023-2-1-1-150x150.jpg",150,150,true],"medium":["https:\/\/afkp.fr\/wp-content\/uploads\/2023\/09\/Journees-neosens-10-NOV-2023-2-1-1-300x300.jpg",300,300,true],"medium_large":["https:\/\/afkp.fr\/wp-content\/uploads\/2023\/09\/Journees-neosens-10-NOV-2023-2-1-1-768x768.jpg",768,768,true],"large":["https:\/\/afkp.fr\/wp-content\/uploads\/2023\/09\/Journees-neosens-10-NOV-2023-2-1-1-1024x1024.jpg",1024,1024,true],"thumblist":["https:\/\/afkp.fr\/wp-content\/uploads\/2023\/09\/Journees-neosens-10-NOV-2023-2-1-1-300x300.jpg",300,300,true],"thumbrelated":["https:\/\/afkp.fr\/wp-content\/uploads\/2023\/09\/Journees-neosens-10-NOV-2023-2-1-1-500x500.jpg",500,500,true],"meccarouselthumb":["https:\/\/afkp.fr\/wp-content\/uploads\/2023\/09\/Journees-neosens-10-NOV-2023-2-1-1-474x324.jpg",474,324,true],"gridsquare":["https:\/\/afkp.fr\/wp-content\/uploads\/2023\/09\/Journees-neosens-10-NOV-2023-2-1-1-391x260.jpg",391,260,true],"tileview":["https:\/\/afkp.fr\/wp-content\/uploads\/2023\/09\/Journees-neosens-10-NOV-2023-2-1-1-300x400.jpg",300,400,true],"1536x1536":["https:\/\/afkp.fr\/wp-content\/uploads\/2023\/09\/Journees-neosens-10-NOV-2023-2-1-1.jpg",1103,1103,false],"2048x2048":["https:\/\/afkp.fr\/wp-content\/uploads\/2023\/09\/Journees-neosens-10-NOV-2023-2-1-1.jpg",1103,1103,false]},"uagb_author_info":{"display_name":"Doret","author_link":"https:\/\/afkp.fr\/index.php\/author\/doret\/"},"uagb_comment_info":0,"uagb_excerpt":"Interventions et t\u00e9moignages de parents, de professionnels sur le th\u00e8me de l'ECOUTE","_links":{"self":[{"href":"https:\/\/afkp.fr\/index.php\/wp-json\/wp\/v2\/mec-events\/5496","targetHints":{"allow":["GET"]}}],"collection":[{"href":"https:\/\/afkp.fr\/index.php\/wp-json\/wp\/v2\/mec-events"}],"about":[{"href":"https:\/\/afkp.fr\/index.php\/wp-json\/wp\/v2\/types\/mec-events"}],"author":[{"embeddable":true,"href":"https:\/\/afkp.fr\/index.php\/wp-json\/wp\/v2\/users\/147"}],"replies":[{"embeddable":true,"href":"https:\/\/afkp.fr\/index.php\/wp-json\/wp\/v2\/comments?post=5496"}],"wp:featuredmedia":[{"embeddable":true,"href":"https:\/\/afkp.fr\/index.php\/wp-json\/wp\/v2\/media\/5497"}],"wp:attachment":[{"href":"https:\/\/afkp.fr\/index.php\/wp-json\/wp\/v2\/media?parent=5496"}],"wp:term":[{"taxonomy":"post_tag","embeddable":true,"href":"https:\/\/afkp.fr\/index.php\/wp-json\/wp\/v2\/tags?post=5496"},{"taxonomy":"mec_category","embeddable":true,"href":"https:\/\/afkp.fr\/index.php\/wp-json\/wp\/v2\/mec_category?post=5496"}],"curies":[{"name":"wp","href":"https:\/\/api.w.org\/{rel}","templated":true}]}}