{"id":5701,"date":"2023-10-04T10:05:51","date_gmt":"2023-10-04T08:05:51","guid":{"rendered":"https:\/\/afkp.fr\/index.php\/events\/pathologies-inflammatoires-du-sein-semaine-mondiale-de-lallaitement\/"},"modified":"2023-10-04T10:05:51","modified_gmt":"2023-10-04T08:05:51","slug":"pathologies-inflammatoires-du-sein-semaine-mondiale-de-lallaitement","status":"publish","type":"mec-events","link":"https:\/\/afkp.fr\/index.php\/events\/pathologies-inflammatoires-du-sein-semaine-mondiale-de-lallaitement\/","title":{"rendered":"Pathologies inflammatoires du sein &#8211; Semaine mondiale de l&rsquo;allaitement"},"content":{"rendered":"<p class=\"p1\">SOIR\u00c9E D&rsquo;INFORMATION EN VISIOCONF\u00c9RENCE ALLAITEMENT MATERNEL<\/p>\n<p class=\"p1\">\u00e0 l&rsquo;occasion de la semaine mondiale de l&rsquo;allaitement<\/p>\n<p>\u00abPathologies inflammatoires du sein\u00bb<\/p>\n<p class=\"p1\">Lundi 16 Octobre 2023<\/p>\n<p class=\"p1\">de 20h \u00e0 22h<\/p>\n<p class=\"p1\">&#8211; R\u00e9serv\u00e9e aux professionnels de sant\u00e9 &#8211;<\/p>\n<p class=\"p1\">\n","protected":false},"excerpt":{"rendered":"<p>SOIR\u00c9E D&rsquo;INFORMATION EN VISIOCONF\u00c9RENCE ALLAITEMENT MATERNEL<\/p>\n<p>\u00e0 l&rsquo;occasion de la semaine mondiale de l&rsquo;allaitement<\/p>\n<p>\u00abPathologies inflammatoires du sein\u00bb<\/p>\n<p>Lundi 16 Octobre 2023<\/p>\n<p>de 20h \u00e0 22h<\/p>\n<p>&#8211; R\u00e9serv\u00e9e aux professionnels de sant\u00e9 &#8211;<\/p>\n","protected":false},"author":109,"featured_media":5700,"comment_status":"open","ping_status":"closed","template":"","meta":{"_acf_changed":false,"content-type":"","_uag_custom_page_level_css":"","site-sidebar-layout":"default","site-content-layout":"","ast-site-content-layout":"default","site-content-style":"default","site-sidebar-style":"default","ast-global-header-display":"","ast-banner-title-visibility":"","ast-main-header-display":"","ast-hfb-above-header-display":"","ast-hfb-below-header-display":"","ast-hfb-mobile-header-display":"","site-post-title":"","ast-breadcrumbs-content":"","ast-featured-img":"","footer-sml-layout":"","ast-disable-related-posts":"","theme-transparent-header-meta":"","adv-header-id-meta":"","stick-header-meta":"","header-above-stick-meta":"","header-main-stick-meta":"","header-below-stick-meta":"","astra-migrate-meta-layouts":"default","ast-page-background-enabled":"default","ast-page-background-meta":{"desktop":{"background-color":"","background-image":"","background-repeat":"repeat","background-position":"center center","background-size":"auto","background-attachment":"scroll","background-type":"","background-media":"","overlay-type":"","overlay-color":"","overlay-opacity":"","overlay-gradient":""},"tablet":{"background-color":"","background-image":"","background-repeat":"repeat","background-position":"center center","background-size":"auto","background-attachment":"scroll","background-type":"","background-media":"","overlay-type":"","overlay-color":"","overlay-opacity":"","overlay-gradient":""},"mobile":{"background-color":"","background-image":"","background-repeat":"repeat","background-position":"center center","background-size":"auto","background-attachment":"scroll","background-type":"","background-media":"","overlay-type":"","overlay-color":"","overlay-opacity":"","overlay-gradient":""}},"ast-content-background-meta":{"desktop":{"background-color":"var(--ast-global-color-5)","background-image":"","background-repeat":"repeat","background-position":"center center","background-size":"auto","background-attachment":"scroll","background-type":"","background-media":"","overlay-type":"","overlay-color":"","overlay-opacity":"","overlay-gradient":""},"tablet":{"background-color":"var(--ast-global-color-5)","background-image":"","background-repeat":"repeat","background-position":"center center","background-size":"auto","background-attachment":"scroll","background-type":"","background-media":"","overlay-type":"","overlay-color":"","overlay-opacity":"","overlay-gradient":""},"mobile":{"background-color":"var(--ast-global-color-5)","background-image":"","background-repeat":"repeat","background-position":"center center","background-size":"auto","background-attachment":"scroll","background-type":"","background-media":"","overlay-type":"","overlay-color":"","overlay-opacity":"","overlay-gradient":""}}},"tags":[],"mec_category":[73],"class_list":["post-5701","mec-events","type-mec-events","status-publish","has-post-thumbnail","hentry","mec_category-webinaire"],"acf":[],"yoast_head":"<!-- This site is optimized with the Yoast SEO plugin v27.5 - https:\/\/yoast.com\/product\/yoast-seo-wordpress\/ -->\n<title>Pathologies inflammatoires du sein - Semaine mondiale de l&#039;allaitement - AFKP<\/title>\n<meta name=\"robots\" content=\"index, follow, max-snippet:-1, max-image-preview:large, max-video-preview:-1\" \/>\n<link rel=\"canonical\" href=\"https:\/\/afkp.fr\/index.php\/events\/pathologies-inflammatoires-du-sein-semaine-mondiale-de-lallaitement\/\" \/>\n<meta property=\"og:locale\" content=\"fr_FR\" \/>\n<meta property=\"og:type\" content=\"article\" \/>\n<meta property=\"og:title\" content=\"Pathologies inflammatoires du sein - Semaine mondiale de l&#039;allaitement - AFKP\" \/>\n<meta property=\"og:description\" content=\"SOIR\u00c9E D&#039;INFORMATION EN VISIOCONF\u00c9RENCE ALLAITEMENT MATERNEL  \u00e0 l&#039;occasion de la semaine mondiale de l&#039;allaitement  \u00abPathologies inflammatoires du sein\u00bb  Lundi 16 Octobre 2023  de 20h \u00e0 22h  - R\u00e9serv\u00e9e aux professionnels de sant\u00e9 -\" \/>\n<meta property=\"og:url\" content=\"https:\/\/afkp.fr\/index.php\/events\/pathologies-inflammatoires-du-sein-semaine-mondiale-de-lallaitement\/\" \/>\n<meta property=\"og:site_name\" content=\"AFKP\" \/>\n<meta property=\"article:publisher\" content=\"https:\/\/www.facebook.com\/afkpedia\" \/>\n<meta name=\"twitter:card\" content=\"summary_large_image\" \/>\n<script type=\"application\/ld+json\" class=\"yoast-schema-graph\">{\"@context\":\"https:\\\/\\\/schema.org\",\"@graph\":[{\"@type\":\"WebPage\",\"@id\":\"https:\\\/\\\/afkp.fr\\\/index.php\\\/events\\\/pathologies-inflammatoires-du-sein-semaine-mondiale-de-lallaitement\\\/\",\"url\":\"https:\\\/\\\/afkp.fr\\\/index.php\\\/events\\\/pathologies-inflammatoires-du-sein-semaine-mondiale-de-lallaitement\\\/\",\"name\":\"Pathologies inflammatoires du sein - Semaine mondiale de l'allaitement - AFKP\",\"isPartOf\":{\"@id\":\"https:\\\/\\\/afkp.fr\\\/#website\"},\"primaryImageOfPage\":{\"@id\":\"https:\\\/\\\/afkp.fr\\\/index.php\\\/events\\\/pathologies-inflammatoires-du-sein-semaine-mondiale-de-lallaitement\\\/#primaryimage\"},\"image\":{\"@id\":\"https:\\\/\\\/afkp.fr\\\/index.php\\\/events\\\/pathologies-inflammatoires-du-sein-semaine-mondiale-de-lallaitement\\\/#primaryimage\"},\"thumbnailUrl\":\"https:\\\/\\\/afkp.fr\\\/wp-content\\\/uploads\\\/2023\\\/10\\\/unnamed.png\",\"datePublished\":\"2023-10-04T08:05:51+00:00\",\"breadcrumb\":{\"@id\":\"https:\\\/\\\/afkp.fr\\\/index.php\\\/events\\\/pathologies-inflammatoires-du-sein-semaine-mondiale-de-lallaitement\\\/#breadcrumb\"},\"inLanguage\":\"fr-FR\",\"potentialAction\":[{\"@type\":\"ReadAction\",\"target\":[\"https:\\\/\\\/afkp.fr\\\/index.php\\\/events\\\/pathologies-inflammatoires-du-sein-semaine-mondiale-de-lallaitement\\\/\"]}]},{\"@type\":\"ImageObject\",\"inLanguage\":\"fr-FR\",\"@id\":\"https:\\\/\\\/afkp.fr\\\/index.php\\\/events\\\/pathologies-inflammatoires-du-sein-semaine-mondiale-de-lallaitement\\\/#primaryimage\",\"url\":\"https:\\\/\\\/afkp.fr\\\/wp-content\\\/uploads\\\/2023\\\/10\\\/unnamed.png\",\"contentUrl\":\"https:\\\/\\\/afkp.fr\\\/wp-content\\\/uploads\\\/2023\\\/10\\\/unnamed.png\",\"width\":644,\"height\":919},{\"@type\":\"BreadcrumbList\",\"@id\":\"https:\\\/\\\/afkp.fr\\\/index.php\\\/events\\\/pathologies-inflammatoires-du-sein-semaine-mondiale-de-lallaitement\\\/#breadcrumb\",\"itemListElement\":[{\"@type\":\"ListItem\",\"position\":1,\"name\":\"Accueil\",\"item\":\"https:\\\/\\\/afkp.fr\\\/\"},{\"@type\":\"ListItem\",\"position\":2,\"name\":\"\u00c9v\u00e9nements\",\"item\":\"https:\\\/\\\/afkp.fr\\\/index.php\\\/events\\\/\"},{\"@type\":\"ListItem\",\"position\":3,\"name\":\"Pathologies inflammatoires du sein &#8211; Semaine mondiale de l&rsquo;allaitement\"}]},{\"@type\":\"WebSite\",\"@id\":\"https:\\\/\\\/afkp.fr\\\/#website\",\"url\":\"https:\\\/\\\/afkp.fr\\\/\",\"name\":\"AFKP\",\"description\":\"Association Fran\u00e7aise de Kin\u00e9sith\u00e9rapie P\u00e9diatrique\",\"publisher\":{\"@id\":\"https:\\\/\\\/afkp.fr\\\/#organization\"},\"potentialAction\":[{\"@type\":\"SearchAction\",\"target\":{\"@type\":\"EntryPoint\",\"urlTemplate\":\"https:\\\/\\\/afkp.fr\\\/?s={search_term_string}\"},\"query-input\":{\"@type\":\"PropertyValueSpecification\",\"valueRequired\":true,\"valueName\":\"search_term_string\"}}],\"inLanguage\":\"fr-FR\"},{\"@type\":\"Organization\",\"@id\":\"https:\\\/\\\/afkp.fr\\\/#organization\",\"name\":\"Association Fran\u00e7aise de Kin\u00e9sith\u00e9rapie P\u00e9diatrique\",\"url\":\"https:\\\/\\\/afkp.fr\\\/\",\"logo\":{\"@type\":\"ImageObject\",\"inLanguage\":\"fr-FR\",\"@id\":\"https:\\\/\\\/afkp.fr\\\/#\\\/schema\\\/logo\\\/image\\\/\",\"url\":\"https:\\\/\\\/afkp.fr\\\/wp-content\\\/uploads\\\/2023\\\/03\\\/cropped-cropped-cropped-cropped-cropped-cropped-logo-officiel-2023-180.png\",\"contentUrl\":\"https:\\\/\\\/afkp.fr\\\/wp-content\\\/uploads\\\/2023\\\/03\\\/cropped-cropped-cropped-cropped-cropped-cropped-logo-officiel-2023-180.png\",\"width\":178,\"height\":156,\"caption\":\"Association Fran\u00e7aise de Kin\u00e9sith\u00e9rapie P\u00e9diatrique\"},\"image\":{\"@id\":\"https:\\\/\\\/afkp.fr\\\/#\\\/schema\\\/logo\\\/image\\\/\"},\"sameAs\":[\"https:\\\/\\\/www.facebook.com\\\/afkpedia\",\"https:\\\/\\\/www.instagram.com\\\/assofrancaisedekinepediatrique\\\/\",\"https:\\\/\\\/www.linkedin.com\\\/in\\\/association-franaise-de-kinsithrapie-pdiatrique-249635268\\\/\"]}]}<\/script>\n<!-- \/ Yoast SEO plugin. -->","yoast_head_json":{"title":"Pathologies inflammatoires du sein - Semaine mondiale de l'allaitement - AFKP","robots":{"index":"index","follow":"follow","max-snippet":"max-snippet:-1","max-image-preview":"max-image-preview:large","max-video-preview":"max-video-preview:-1"},"canonical":"https:\/\/afkp.fr\/index.php\/events\/pathologies-inflammatoires-du-sein-semaine-mondiale-de-lallaitement\/","og_locale":"fr_FR","og_type":"article","og_title":"Pathologies inflammatoires du sein - Semaine mondiale de l'allaitement - AFKP","og_description":"SOIR\u00c9E D'INFORMATION EN VISIOCONF\u00c9RENCE ALLAITEMENT MATERNEL  \u00e0 l'occasion de la semaine mondiale de l'allaitement  \u00abPathologies inflammatoires du sein\u00bb  Lundi 16 Octobre 2023  de 20h \u00e0 22h  - R\u00e9serv\u00e9e aux professionnels de sant\u00e9 -","og_url":"https:\/\/afkp.fr\/index.php\/events\/pathologies-inflammatoires-du-sein-semaine-mondiale-de-lallaitement\/","og_site_name":"AFKP","article_publisher":"https:\/\/www.facebook.com\/afkpedia","twitter_card":"summary_large_image","schema":{"@context":"https:\/\/schema.org","@graph":[{"@type":"WebPage","@id":"https:\/\/afkp.fr\/index.php\/events\/pathologies-inflammatoires-du-sein-semaine-mondiale-de-lallaitement\/","url":"https:\/\/afkp.fr\/index.php\/events\/pathologies-inflammatoires-du-sein-semaine-mondiale-de-lallaitement\/","name":"Pathologies inflammatoires du sein - Semaine mondiale de l'allaitement - AFKP","isPartOf":{"@id":"https:\/\/afkp.fr\/#website"},"primaryImageOfPage":{"@id":"https:\/\/afkp.fr\/index.php\/events\/pathologies-inflammatoires-du-sein-semaine-mondiale-de-lallaitement\/#primaryimage"},"image":{"@id":"https:\/\/afkp.fr\/index.php\/events\/pathologies-inflammatoires-du-sein-semaine-mondiale-de-lallaitement\/#primaryimage"},"thumbnailUrl":"https:\/\/afkp.fr\/wp-content\/uploads\/2023\/10\/unnamed.png","datePublished":"2023-10-04T08:05:51+00:00","breadcrumb":{"@id":"https:\/\/afkp.fr\/index.php\/events\/pathologies-inflammatoires-du-sein-semaine-mondiale-de-lallaitement\/#breadcrumb"},"inLanguage":"fr-FR","potentialAction":[{"@type":"ReadAction","target":["https:\/\/afkp.fr\/index.php\/events\/pathologies-inflammatoires-du-sein-semaine-mondiale-de-lallaitement\/"]}]},{"@type":"ImageObject","inLanguage":"fr-FR","@id":"https:\/\/afkp.fr\/index.php\/events\/pathologies-inflammatoires-du-sein-semaine-mondiale-de-lallaitement\/#primaryimage","url":"https:\/\/afkp.fr\/wp-content\/uploads\/2023\/10\/unnamed.png","contentUrl":"https:\/\/afkp.fr\/wp-content\/uploads\/2023\/10\/unnamed.png","width":644,"height":919},{"@type":"BreadcrumbList","@id":"https:\/\/afkp.fr\/index.php\/events\/pathologies-inflammatoires-du-sein-semaine-mondiale-de-lallaitement\/#breadcrumb","itemListElement":[{"@type":"ListItem","position":1,"name":"Accueil","item":"https:\/\/afkp.fr\/"},{"@type":"ListItem","position":2,"name":"\u00c9v\u00e9nements","item":"https:\/\/afkp.fr\/index.php\/events\/"},{"@type":"ListItem","position":3,"name":"Pathologies inflammatoires du sein &#8211; Semaine mondiale de l&rsquo;allaitement"}]},{"@type":"WebSite","@id":"https:\/\/afkp.fr\/#website","url":"https:\/\/afkp.fr\/","name":"AFKP","description":"Association Fran\u00e7aise de Kin\u00e9sith\u00e9rapie P\u00e9diatrique","publisher":{"@id":"https:\/\/afkp.fr\/#organization"},"potentialAction":[{"@type":"SearchAction","target":{"@type":"EntryPoint","urlTemplate":"https:\/\/afkp.fr\/?s={search_term_string}"},"query-input":{"@type":"PropertyValueSpecification","valueRequired":true,"valueName":"search_term_string"}}],"inLanguage":"fr-FR"},{"@type":"Organization","@id":"https:\/\/afkp.fr\/#organization","name":"Association Fran\u00e7aise de Kin\u00e9sith\u00e9rapie P\u00e9diatrique","url":"https:\/\/afkp.fr\/","logo":{"@type":"ImageObject","inLanguage":"fr-FR","@id":"https:\/\/afkp.fr\/#\/schema\/logo\/image\/","url":"https:\/\/afkp.fr\/wp-content\/uploads\/2023\/03\/cropped-cropped-cropped-cropped-cropped-cropped-logo-officiel-2023-180.png","contentUrl":"https:\/\/afkp.fr\/wp-content\/uploads\/2023\/03\/cropped-cropped-cropped-cropped-cropped-cropped-logo-officiel-2023-180.png","width":178,"height":156,"caption":"Association Fran\u00e7aise de Kin\u00e9sith\u00e9rapie P\u00e9diatrique"},"image":{"@id":"https:\/\/afkp.fr\/#\/schema\/logo\/image\/"},"sameAs":["https:\/\/www.facebook.com\/afkpedia","https:\/\/www.instagram.com\/assofrancaisedekinepediatrique\/","https:\/\/www.linkedin.com\/in\/association-franaise-de-kinsithrapie-pdiatrique-249635268\/"]}]}},"uagb_featured_image_src":{"full":["https:\/\/afkp.fr\/wp-content\/uploads\/2023\/10\/unnamed.png",644,919,false],"thumbnail":["https:\/\/afkp.fr\/wp-content\/uploads\/2023\/10\/unnamed-150x150.png",150,150,true],"medium":["https:\/\/afkp.fr\/wp-content\/uploads\/2023\/10\/unnamed-210x300.png",210,300,true],"medium_large":["https:\/\/afkp.fr\/wp-content\/uploads\/2023\/10\/unnamed.png",644,919,false],"large":["https:\/\/afkp.fr\/wp-content\/uploads\/2023\/10\/unnamed.png",644,919,false],"thumblist":["https:\/\/afkp.fr\/wp-content\/uploads\/2023\/10\/unnamed-300x300.png",300,300,true],"thumbrelated":["https:\/\/afkp.fr\/wp-content\/uploads\/2023\/10\/unnamed-500x500.png",500,500,true],"meccarouselthumb":["https:\/\/afkp.fr\/wp-content\/uploads\/2023\/10\/unnamed-474x324.png",474,324,true],"gridsquare":["https:\/\/afkp.fr\/wp-content\/uploads\/2023\/10\/unnamed-391x260.png",391,260,true],"tileview":["https:\/\/afkp.fr\/wp-content\/uploads\/2023\/10\/unnamed-300x400.png",300,400,true],"1536x1536":["https:\/\/afkp.fr\/wp-content\/uploads\/2023\/10\/unnamed.png",644,919,false],"2048x2048":["https:\/\/afkp.fr\/wp-content\/uploads\/2023\/10\/unnamed.png",644,919,false]},"uagb_author_info":{"display_name":"Guillaume COLLET","author_link":"https:\/\/afkp.fr\/index.php\/author\/guillaume-colletgrainesdesoin-fr\/"},"uagb_comment_info":0,"uagb_excerpt":"SOIR\u00c9E D'INFORMATION EN VISIOCONF\u00c9RENCE ALLAITEMENT MATERNEL \u00e0 l'occasion de la semaine mondiale de l'allaitement \u00abPathologies inflammatoires du sein\u00bb Lundi 16 Octobre 2023 de 20h \u00e0 22h - R\u00e9serv\u00e9e aux professionnels de sant\u00e9 -","_links":{"self":[{"href":"https:\/\/afkp.fr\/index.php\/wp-json\/wp\/v2\/mec-events\/5701","targetHints":{"allow":["GET"]}}],"collection":[{"href":"https:\/\/afkp.fr\/index.php\/wp-json\/wp\/v2\/mec-events"}],"about":[{"href":"https:\/\/afkp.fr\/index.php\/wp-json\/wp\/v2\/types\/mec-events"}],"author":[{"embeddable":true,"href":"https:\/\/afkp.fr\/index.php\/wp-json\/wp\/v2\/users\/109"}],"replies":[{"embeddable":true,"href":"https:\/\/afkp.fr\/index.php\/wp-json\/wp\/v2\/comments?post=5701"}],"wp:featuredmedia":[{"embeddable":true,"href":"https:\/\/afkp.fr\/index.php\/wp-json\/wp\/v2\/media\/5700"}],"wp:attachment":[{"href":"https:\/\/afkp.fr\/index.php\/wp-json\/wp\/v2\/media?parent=5701"}],"wp:term":[{"taxonomy":"post_tag","embeddable":true,"href":"https:\/\/afkp.fr\/index.php\/wp-json\/wp\/v2\/tags?post=5701"},{"taxonomy":"mec_category","embeddable":true,"href":"https:\/\/afkp.fr\/index.php\/wp-json\/wp\/v2\/mec_category?post=5701"}],"curies":[{"name":"wp","href":"https:\/\/api.w.org\/{rel}","templated":true}]}}