{"id":5734,"date":"2023-10-09T15:35:49","date_gmt":"2023-10-09T13:35:49","guid":{"rendered":"https:\/\/afkp.fr\/?post_type=mec-events&#038;p=5734"},"modified":"2023-10-09T16:31:02","modified_gmt":"2023-10-09T14:31:02","slug":"la-prise-en-charge-du-nourrisson-vulnerable-akpi","status":"publish","type":"mec-events","link":"https:\/\/afkp.fr\/index.php\/events\/la-prise-en-charge-du-nourrisson-vulnerable-akpi\/","title":{"rendered":"La prise en charge du nourrisson vuln\u00e9rable &#8211; AKPI"},"content":{"rendered":"<p>R\u00e9servez donc d\u00e8s maintenant la date du samedi 18 novembre 2023 !<br \/>\nGr\u00e2ce \u00e0 nos orateurs, nous explorerons la vuln\u00e9rabilit\u00e9 du nourrisson et ses impacts sur le d\u00e9veloppement global de l\u2019enfant, ainsi que les prises en charge pluri-professionnelles et la fa\u00e7on dont elles s\u2019articulent pour un parcours de soins coh\u00e9rent et adapt\u00e9 \u00e0 chaque enfant et \u00e0 sa famille.<\/p>\n<p>Nous serons \u00e9galement \u00e9clair\u00e9s sur les structures en Is\u00e8re qui les accompagnent et nous nous questionnerons sur les am\u00e9liorations \u00e0 apporter pour une prise en charge pr\u00e9coce adapt\u00e9e aussi bien sur le plan moteur que global.<\/p>\n<p>Cette journ\u00e9e de conf\u00e9rences aura lieu \u00e0 l\u2019amphith\u00e9\u00e2tre Boucherle de la facult\u00e9 de m\u00e9decine de Grenoble (5 Chem. Duhamel, 38700 La Tronche) d\u00e8s 8h00. Nous esp\u00e9rons vous retrouver nombreux pour enrichir les \u00e9changes par vos questions et r\u00e9actions.<\/p>\n<p>Attention, le nombre de places est limit\u00e9. La date limite d\u2019inscription est fix\u00e9e au 3 novembre 2023, alors n\u2019attendez plus! N\u2019h\u00e9sitez pas a diffuser l\u2019information autour de vous<\/p>\n","protected":false},"excerpt":{"rendered":"<p>Pour cette rentr\u00e9e, l\u2019Association de Kin\u00e9sith\u00e9rapie P\u00e9diatrique de l\u2019Is\u00e8re est heureuse de vous inviter \u00e0 sa 4\u00e8me journ\u00e9e, qui aura pour th\u00e8me : \u00ab La prise en charge du nourrisson vuln\u00e9rable \u00bb.<\/p>\n<p>Inscrivez-vous vite avant le 3 novembre, places limit\u00e9es !<\/p>\n","protected":false},"author":2,"featured_media":5735,"comment_status":"open","ping_status":"closed","template":"","meta":{"_acf_changed":false,"content-type":"","_uag_custom_page_level_css":"","site-sidebar-layout":"default","site-content-layout":"","ast-site-content-layout":"default","site-content-style":"default","site-sidebar-style":"default","ast-global-header-display":"","ast-banner-title-visibility":"","ast-main-header-display":"","ast-hfb-above-header-display":"","ast-hfb-below-header-display":"","ast-hfb-mobile-header-display":"","site-post-title":"","ast-breadcrumbs-content":"","ast-featured-img":"","footer-sml-layout":"","ast-disable-related-posts":"","theme-transparent-header-meta":"default","adv-header-id-meta":"","stick-header-meta":"","header-above-stick-meta":"","header-main-stick-meta":"","header-below-stick-meta":"","astra-migrate-meta-layouts":"set","ast-page-background-enabled":"default","ast-page-background-meta":{"desktop":{"background-color":"","background-image":"","background-repeat":"repeat","background-position":"center center","background-size":"auto","background-attachment":"scroll","background-type":"","background-media":"","overlay-type":"","overlay-color":"","overlay-opacity":"","overlay-gradient":""},"tablet":{"background-color":"","background-image":"","background-repeat":"repeat","background-position":"center center","background-size":"auto","background-attachment":"scroll","background-type":"","background-media":"","overlay-type":"","overlay-color":"","overlay-opacity":"","overlay-gradient":""},"mobile":{"background-color":"","background-image":"","background-repeat":"repeat","background-position":"center center","background-size":"auto","background-attachment":"scroll","background-type":"","background-media":"","overlay-type":"","overlay-color":"","overlay-opacity":"","overlay-gradient":""}},"ast-content-background-meta":{"desktop":{"background-color":"var(--ast-global-color-5)","background-image":"","background-repeat":"repeat","background-position":"center center","background-size":"auto","background-attachment":"scroll","background-type":"","background-media":"","overlay-type":"","overlay-color":"","overlay-opacity":"","overlay-gradient":""},"tablet":{"background-color":"var(--ast-global-color-5)","background-image":"","background-repeat":"repeat","background-position":"center center","background-size":"auto","background-attachment":"scroll","background-type":"","background-media":"","overlay-type":"","overlay-color":"","overlay-opacity":"","overlay-gradient":""},"mobile":{"background-color":"var(--ast-global-color-5)","background-image":"","background-repeat":"repeat","background-position":"center center","background-size":"auto","background-attachment":"scroll","background-type":"","background-media":"","overlay-type":"","overlay-color":"","overlay-opacity":"","overlay-gradient":""}}},"tags":[],"mec_category":[64],"class_list":["post-5734","mec-events","type-mec-events","status-publish","has-post-thumbnail","hentry","mec_category-journee-annuelle"],"acf":[],"yoast_head":"<!-- This site is optimized with the Yoast SEO plugin v27.5 - https:\/\/yoast.com\/product\/yoast-seo-wordpress\/ -->\n<title>La prise en charge du nourrisson vuln\u00e9rable - AKPI - AFKP<\/title>\n<meta name=\"description\" content=\"Pour cette rentr\u00e9e, l\u2019Association de Kin\u00e9sith\u00e9rapie P\u00e9diatrique de l\u2019Is\u00e8re est heureuse de vous inviter \u00e0 sa 4\u00e8me journ\u00e9e, qui aura pour th\u00e8me : \u00ab La prise en charge du nourrisson vuln\u00e9rable \u00bb.Inscrivez-vous vite avant le 3 novembre, places limit\u00e9es !\" \/>\n<meta name=\"robots\" content=\"index, follow, max-snippet:-1, max-image-preview:large, max-video-preview:-1\" \/>\n<link rel=\"canonical\" href=\"https:\/\/afkp.fr\/index.php\/events\/la-prise-en-charge-du-nourrisson-vulnerable-akpi\/\" \/>\n<meta property=\"og:locale\" content=\"fr_FR\" \/>\n<meta property=\"og:type\" content=\"article\" \/>\n<meta property=\"og:title\" content=\"La prise en charge du nourrisson vuln\u00e9rable - AKPI - AFKP\" \/>\n<meta property=\"og:description\" content=\"Pour cette rentr\u00e9e, l\u2019Association de Kin\u00e9sith\u00e9rapie P\u00e9diatrique de l\u2019Is\u00e8re est heureuse de vous inviter \u00e0 sa 4\u00e8me journ\u00e9e, qui aura pour th\u00e8me : \u00ab La prise en charge du nourrisson vuln\u00e9rable \u00bb.Inscrivez-vous vite avant le 3 novembre, places limit\u00e9es !\" \/>\n<meta property=\"og:url\" content=\"https:\/\/afkp.fr\/index.php\/events\/la-prise-en-charge-du-nourrisson-vulnerable-akpi\/\" \/>\n<meta property=\"og:site_name\" content=\"AFKP\" \/>\n<meta property=\"article:publisher\" content=\"https:\/\/www.facebook.com\/afkpedia\" \/>\n<meta property=\"article:modified_time\" content=\"2023-10-09T14:31:02+00:00\" \/>\n<meta property=\"og:image\" content=\"https:\/\/afkp.fr\/wp-content\/uploads\/2023\/10\/journee-nourrisson.png\" \/>\n\t<meta property=\"og:image:width\" content=\"475\" \/>\n\t<meta property=\"og:image:height\" content=\"669\" \/>\n\t<meta property=\"og:image:type\" content=\"image\/png\" \/>\n<meta name=\"twitter:card\" content=\"summary_large_image\" \/>\n<meta name=\"twitter:label1\" content=\"Dur\u00e9e de lecture estim\u00e9e\" \/>\n\t<meta name=\"twitter:data1\" content=\"1 minute\" \/>\n<script type=\"application\/ld+json\" class=\"yoast-schema-graph\">{\"@context\":\"https:\\\/\\\/schema.org\",\"@graph\":[{\"@type\":\"WebPage\",\"@id\":\"https:\\\/\\\/afkp.fr\\\/index.php\\\/events\\\/la-prise-en-charge-du-nourrisson-vulnerable-akpi\\\/\",\"url\":\"https:\\\/\\\/afkp.fr\\\/index.php\\\/events\\\/la-prise-en-charge-du-nourrisson-vulnerable-akpi\\\/\",\"name\":\"La prise en charge du nourrisson vuln\u00e9rable - AKPI - AFKP\",\"isPartOf\":{\"@id\":\"https:\\\/\\\/afkp.fr\\\/#website\"},\"primaryImageOfPage\":{\"@id\":\"https:\\\/\\\/afkp.fr\\\/index.php\\\/events\\\/la-prise-en-charge-du-nourrisson-vulnerable-akpi\\\/#primaryimage\"},\"image\":{\"@id\":\"https:\\\/\\\/afkp.fr\\\/index.php\\\/events\\\/la-prise-en-charge-du-nourrisson-vulnerable-akpi\\\/#primaryimage\"},\"thumbnailUrl\":\"https:\\\/\\\/afkp.fr\\\/wp-content\\\/uploads\\\/2023\\\/10\\\/journee-nourrisson.png\",\"datePublished\":\"2023-10-09T13:35:49+00:00\",\"dateModified\":\"2023-10-09T14:31:02+00:00\",\"description\":\"Pour cette rentr\u00e9e, l\u2019Association de Kin\u00e9sith\u00e9rapie P\u00e9diatrique de l\u2019Is\u00e8re est heureuse de vous inviter \u00e0 sa 4\u00e8me journ\u00e9e, qui aura pour th\u00e8me : \u00ab La prise en charge du nourrisson vuln\u00e9rable \u00bb.Inscrivez-vous vite avant le 3 novembre, places limit\u00e9es !\",\"breadcrumb\":{\"@id\":\"https:\\\/\\\/afkp.fr\\\/index.php\\\/events\\\/la-prise-en-charge-du-nourrisson-vulnerable-akpi\\\/#breadcrumb\"},\"inLanguage\":\"fr-FR\",\"potentialAction\":[{\"@type\":\"ReadAction\",\"target\":[\"https:\\\/\\\/afkp.fr\\\/index.php\\\/events\\\/la-prise-en-charge-du-nourrisson-vulnerable-akpi\\\/\"]}]},{\"@type\":\"ImageObject\",\"inLanguage\":\"fr-FR\",\"@id\":\"https:\\\/\\\/afkp.fr\\\/index.php\\\/events\\\/la-prise-en-charge-du-nourrisson-vulnerable-akpi\\\/#primaryimage\",\"url\":\"https:\\\/\\\/afkp.fr\\\/wp-content\\\/uploads\\\/2023\\\/10\\\/journee-nourrisson.png\",\"contentUrl\":\"https:\\\/\\\/afkp.fr\\\/wp-content\\\/uploads\\\/2023\\\/10\\\/journee-nourrisson.png\",\"width\":475,\"height\":669},{\"@type\":\"BreadcrumbList\",\"@id\":\"https:\\\/\\\/afkp.fr\\\/index.php\\\/events\\\/la-prise-en-charge-du-nourrisson-vulnerable-akpi\\\/#breadcrumb\",\"itemListElement\":[{\"@type\":\"ListItem\",\"position\":1,\"name\":\"Accueil\",\"item\":\"https:\\\/\\\/afkp.fr\\\/\"},{\"@type\":\"ListItem\",\"position\":2,\"name\":\"\u00c9v\u00e9nements\",\"item\":\"https:\\\/\\\/afkp.fr\\\/index.php\\\/events\\\/\"},{\"@type\":\"ListItem\",\"position\":3,\"name\":\"La prise en charge du nourrisson vuln\u00e9rable &#8211; AKPI\"}]},{\"@type\":\"WebSite\",\"@id\":\"https:\\\/\\\/afkp.fr\\\/#website\",\"url\":\"https:\\\/\\\/afkp.fr\\\/\",\"name\":\"AFKP\",\"description\":\"Association Fran\u00e7aise de Kin\u00e9sith\u00e9rapie P\u00e9diatrique\",\"publisher\":{\"@id\":\"https:\\\/\\\/afkp.fr\\\/#organization\"},\"potentialAction\":[{\"@type\":\"SearchAction\",\"target\":{\"@type\":\"EntryPoint\",\"urlTemplate\":\"https:\\\/\\\/afkp.fr\\\/?s={search_term_string}\"},\"query-input\":{\"@type\":\"PropertyValueSpecification\",\"valueRequired\":true,\"valueName\":\"search_term_string\"}}],\"inLanguage\":\"fr-FR\"},{\"@type\":\"Organization\",\"@id\":\"https:\\\/\\\/afkp.fr\\\/#organization\",\"name\":\"Association Fran\u00e7aise de Kin\u00e9sith\u00e9rapie P\u00e9diatrique\",\"url\":\"https:\\\/\\\/afkp.fr\\\/\",\"logo\":{\"@type\":\"ImageObject\",\"inLanguage\":\"fr-FR\",\"@id\":\"https:\\\/\\\/afkp.fr\\\/#\\\/schema\\\/logo\\\/image\\\/\",\"url\":\"https:\\\/\\\/afkp.fr\\\/wp-content\\\/uploads\\\/2023\\\/03\\\/cropped-cropped-cropped-cropped-cropped-cropped-logo-officiel-2023-180.png\",\"contentUrl\":\"https:\\\/\\\/afkp.fr\\\/wp-content\\\/uploads\\\/2023\\\/03\\\/cropped-cropped-cropped-cropped-cropped-cropped-logo-officiel-2023-180.png\",\"width\":178,\"height\":156,\"caption\":\"Association Fran\u00e7aise de Kin\u00e9sith\u00e9rapie P\u00e9diatrique\"},\"image\":{\"@id\":\"https:\\\/\\\/afkp.fr\\\/#\\\/schema\\\/logo\\\/image\\\/\"},\"sameAs\":[\"https:\\\/\\\/www.facebook.com\\\/afkpedia\",\"https:\\\/\\\/www.instagram.com\\\/assofrancaisedekinepediatrique\\\/\",\"https:\\\/\\\/www.linkedin.com\\\/in\\\/association-franaise-de-kinsithrapie-pdiatrique-249635268\\\/\"]}]}<\/script>\n<!-- \/ Yoast SEO plugin. -->","yoast_head_json":{"title":"La prise en charge du nourrisson vuln\u00e9rable - AKPI - AFKP","description":"Pour cette rentr\u00e9e, l\u2019Association de Kin\u00e9sith\u00e9rapie P\u00e9diatrique de l\u2019Is\u00e8re est heureuse de vous inviter \u00e0 sa 4\u00e8me journ\u00e9e, qui aura pour th\u00e8me : \u00ab La prise en charge du nourrisson vuln\u00e9rable \u00bb.Inscrivez-vous vite avant le 3 novembre, places limit\u00e9es !","robots":{"index":"index","follow":"follow","max-snippet":"max-snippet:-1","max-image-preview":"max-image-preview:large","max-video-preview":"max-video-preview:-1"},"canonical":"https:\/\/afkp.fr\/index.php\/events\/la-prise-en-charge-du-nourrisson-vulnerable-akpi\/","og_locale":"fr_FR","og_type":"article","og_title":"La prise en charge du nourrisson vuln\u00e9rable - AKPI - AFKP","og_description":"Pour cette rentr\u00e9e, l\u2019Association de Kin\u00e9sith\u00e9rapie P\u00e9diatrique de l\u2019Is\u00e8re est heureuse de vous inviter \u00e0 sa 4\u00e8me journ\u00e9e, qui aura pour th\u00e8me : \u00ab La prise en charge du nourrisson vuln\u00e9rable \u00bb.Inscrivez-vous vite avant le 3 novembre, places limit\u00e9es !","og_url":"https:\/\/afkp.fr\/index.php\/events\/la-prise-en-charge-du-nourrisson-vulnerable-akpi\/","og_site_name":"AFKP","article_publisher":"https:\/\/www.facebook.com\/afkpedia","article_modified_time":"2023-10-09T14:31:02+00:00","og_image":[{"width":475,"height":669,"url":"https:\/\/afkp.fr\/wp-content\/uploads\/2023\/10\/journee-nourrisson.png","type":"image\/png"}],"twitter_card":"summary_large_image","twitter_misc":{"Dur\u00e9e de lecture estim\u00e9e":"1 minute"},"schema":{"@context":"https:\/\/schema.org","@graph":[{"@type":"WebPage","@id":"https:\/\/afkp.fr\/index.php\/events\/la-prise-en-charge-du-nourrisson-vulnerable-akpi\/","url":"https:\/\/afkp.fr\/index.php\/events\/la-prise-en-charge-du-nourrisson-vulnerable-akpi\/","name":"La prise en charge du nourrisson vuln\u00e9rable - AKPI - AFKP","isPartOf":{"@id":"https:\/\/afkp.fr\/#website"},"primaryImageOfPage":{"@id":"https:\/\/afkp.fr\/index.php\/events\/la-prise-en-charge-du-nourrisson-vulnerable-akpi\/#primaryimage"},"image":{"@id":"https:\/\/afkp.fr\/index.php\/events\/la-prise-en-charge-du-nourrisson-vulnerable-akpi\/#primaryimage"},"thumbnailUrl":"https:\/\/afkp.fr\/wp-content\/uploads\/2023\/10\/journee-nourrisson.png","datePublished":"2023-10-09T13:35:49+00:00","dateModified":"2023-10-09T14:31:02+00:00","description":"Pour cette rentr\u00e9e, l\u2019Association de Kin\u00e9sith\u00e9rapie P\u00e9diatrique de l\u2019Is\u00e8re est heureuse de vous inviter \u00e0 sa 4\u00e8me journ\u00e9e, qui aura pour th\u00e8me : \u00ab La prise en charge du nourrisson vuln\u00e9rable \u00bb.Inscrivez-vous vite avant le 3 novembre, places limit\u00e9es !","breadcrumb":{"@id":"https:\/\/afkp.fr\/index.php\/events\/la-prise-en-charge-du-nourrisson-vulnerable-akpi\/#breadcrumb"},"inLanguage":"fr-FR","potentialAction":[{"@type":"ReadAction","target":["https:\/\/afkp.fr\/index.php\/events\/la-prise-en-charge-du-nourrisson-vulnerable-akpi\/"]}]},{"@type":"ImageObject","inLanguage":"fr-FR","@id":"https:\/\/afkp.fr\/index.php\/events\/la-prise-en-charge-du-nourrisson-vulnerable-akpi\/#primaryimage","url":"https:\/\/afkp.fr\/wp-content\/uploads\/2023\/10\/journee-nourrisson.png","contentUrl":"https:\/\/afkp.fr\/wp-content\/uploads\/2023\/10\/journee-nourrisson.png","width":475,"height":669},{"@type":"BreadcrumbList","@id":"https:\/\/afkp.fr\/index.php\/events\/la-prise-en-charge-du-nourrisson-vulnerable-akpi\/#breadcrumb","itemListElement":[{"@type":"ListItem","position":1,"name":"Accueil","item":"https:\/\/afkp.fr\/"},{"@type":"ListItem","position":2,"name":"\u00c9v\u00e9nements","item":"https:\/\/afkp.fr\/index.php\/events\/"},{"@type":"ListItem","position":3,"name":"La prise en charge du nourrisson vuln\u00e9rable &#8211; AKPI"}]},{"@type":"WebSite","@id":"https:\/\/afkp.fr\/#website","url":"https:\/\/afkp.fr\/","name":"AFKP","description":"Association Fran\u00e7aise de Kin\u00e9sith\u00e9rapie P\u00e9diatrique","publisher":{"@id":"https:\/\/afkp.fr\/#organization"},"potentialAction":[{"@type":"SearchAction","target":{"@type":"EntryPoint","urlTemplate":"https:\/\/afkp.fr\/?s={search_term_string}"},"query-input":{"@type":"PropertyValueSpecification","valueRequired":true,"valueName":"search_term_string"}}],"inLanguage":"fr-FR"},{"@type":"Organization","@id":"https:\/\/afkp.fr\/#organization","name":"Association Fran\u00e7aise de Kin\u00e9sith\u00e9rapie P\u00e9diatrique","url":"https:\/\/afkp.fr\/","logo":{"@type":"ImageObject","inLanguage":"fr-FR","@id":"https:\/\/afkp.fr\/#\/schema\/logo\/image\/","url":"https:\/\/afkp.fr\/wp-content\/uploads\/2023\/03\/cropped-cropped-cropped-cropped-cropped-cropped-logo-officiel-2023-180.png","contentUrl":"https:\/\/afkp.fr\/wp-content\/uploads\/2023\/03\/cropped-cropped-cropped-cropped-cropped-cropped-logo-officiel-2023-180.png","width":178,"height":156,"caption":"Association Fran\u00e7aise de Kin\u00e9sith\u00e9rapie P\u00e9diatrique"},"image":{"@id":"https:\/\/afkp.fr\/#\/schema\/logo\/image\/"},"sameAs":["https:\/\/www.facebook.com\/afkpedia","https:\/\/www.instagram.com\/assofrancaisedekinepediatrique\/","https:\/\/www.linkedin.com\/in\/association-franaise-de-kinsithrapie-pdiatrique-249635268\/"]}]}},"uagb_featured_image_src":{"full":["https:\/\/afkp.fr\/wp-content\/uploads\/2023\/10\/journee-nourrisson.png",475,669,false],"thumbnail":["https:\/\/afkp.fr\/wp-content\/uploads\/2023\/10\/journee-nourrisson-150x150.png",150,150,true],"medium":["https:\/\/afkp.fr\/wp-content\/uploads\/2023\/10\/journee-nourrisson-213x300.png",213,300,true],"medium_large":["https:\/\/afkp.fr\/wp-content\/uploads\/2023\/10\/journee-nourrisson.png",475,669,false],"large":["https:\/\/afkp.fr\/wp-content\/uploads\/2023\/10\/journee-nourrisson.png",475,669,false],"thumblist":["https:\/\/afkp.fr\/wp-content\/uploads\/2023\/10\/journee-nourrisson-300x300.png",300,300,true],"thumbrelated":["https:\/\/afkp.fr\/wp-content\/uploads\/2023\/10\/journee-nourrisson-475x500.png",475,500,true],"meccarouselthumb":["https:\/\/afkp.fr\/wp-content\/uploads\/2023\/10\/journee-nourrisson-474x324.png",474,324,true],"gridsquare":["https:\/\/afkp.fr\/wp-content\/uploads\/2023\/10\/journee-nourrisson-391x260.png",391,260,true],"tileview":["https:\/\/afkp.fr\/wp-content\/uploads\/2023\/10\/journee-nourrisson-300x400.png",300,400,true],"1536x1536":["https:\/\/afkp.fr\/wp-content\/uploads\/2023\/10\/journee-nourrisson.png",475,669,false],"2048x2048":["https:\/\/afkp.fr\/wp-content\/uploads\/2023\/10\/journee-nourrisson.png",475,669,false]},"uagb_author_info":{"display_name":"Guillaume COLLET","author_link":"https:\/\/afkp.fr\/index.php\/author\/gcollet\/"},"uagb_comment_info":0,"uagb_excerpt":"Pour cette rentr\u00e9e, l\u2019Association de Kin\u00e9sith\u00e9rapie P\u00e9diatrique de l\u2019Is\u00e8re est heureuse de vous inviter \u00e0 sa 4\u00e8me journ\u00e9e, qui aura pour th\u00e8me : \u00ab La prise en charge du nourrisson vuln\u00e9rable \u00bb. Inscrivez-vous vite avant le 3 novembre, places limit\u00e9es !","_links":{"self":[{"href":"https:\/\/afkp.fr\/index.php\/wp-json\/wp\/v2\/mec-events\/5734","targetHints":{"allow":["GET"]}}],"collection":[{"href":"https:\/\/afkp.fr\/index.php\/wp-json\/wp\/v2\/mec-events"}],"about":[{"href":"https:\/\/afkp.fr\/index.php\/wp-json\/wp\/v2\/types\/mec-events"}],"author":[{"embeddable":true,"href":"https:\/\/afkp.fr\/index.php\/wp-json\/wp\/v2\/users\/2"}],"replies":[{"embeddable":true,"href":"https:\/\/afkp.fr\/index.php\/wp-json\/wp\/v2\/comments?post=5734"}],"wp:featuredmedia":[{"embeddable":true,"href":"https:\/\/afkp.fr\/index.php\/wp-json\/wp\/v2\/media\/5735"}],"wp:attachment":[{"href":"https:\/\/afkp.fr\/index.php\/wp-json\/wp\/v2\/media?parent=5734"}],"wp:term":[{"taxonomy":"post_tag","embeddable":true,"href":"https:\/\/afkp.fr\/index.php\/wp-json\/wp\/v2\/tags?post=5734"},{"taxonomy":"mec_category","embeddable":true,"href":"https:\/\/afkp.fr\/index.php\/wp-json\/wp\/v2\/mec_category?post=5734"}],"curies":[{"name":"wp","href":"https:\/\/api.w.org\/{rel}","templated":true}]}}