{"id":5867,"date":"2023-11-08T23:12:45","date_gmt":"2023-11-08T22:12:45","guid":{"rendered":"https:\/\/afkp.fr\/index.php\/events\/colloque-regards-croises-sur-lobesite-de-lenfant-des-enjeux-multiples\/"},"modified":"2023-11-08T23:22:42","modified_gmt":"2023-11-08T22:22:42","slug":"colloque-regards-croises-sur-lobesite-de-lenfant-des-enjeux-multiples","status":"publish","type":"mec-events","link":"https:\/\/afkp.fr\/index.php\/events\/colloque-regards-croises-sur-lobesite-de-lenfant-des-enjeux-multiples\/","title":{"rendered":"Colloque Regards crois\u00e9s sur l&rsquo;ob\u00e9sit\u00e9 de l&rsquo;enfant &#8211; Des enjeux multiples"},"content":{"rendered":"<p>Dans le cadre de ses missions de pr\u00e9vention, d\u2019information et de formation, Normandie P\u00e9diatrie organise son prochain colloque r\u00e9gional \u00e0 destination des professionnels de sant\u00e9, intitul\u00e9 \u00ab Regards crois\u00e9s sur l\u2019ob\u00e9sit\u00e9 de l\u2019enfant &#8211; Des enjeux multiples \u00bb.<\/p>\n<p>Programme : https:\/\/afkp.fr\/wp-content\/uploads\/2023\/11\/Programme_Deauville.pdf<\/p>\n","protected":false},"excerpt":{"rendered":"<p>Dans le cadre de ses missions de pr\u00e9vention, d\u2019information et de formation, Normandie P\u00e9diatrie organise son prochain colloque r\u00e9gional \u00e0 destination des professionnels de sant\u00e9, intitul\u00e9 \u00ab Regards crois\u00e9s sur l\u2019ob\u00e9sit\u00e9 de l\u2019enfant &#8211; Des enjeux multiples \u00bb.<br \/>\nProgramme : https:\/\/afkp.fr\/wp-content\/uploads\/2023\/11\/Programme_Deauville.pdf<\/p>\n","protected":false},"author":109,"featured_media":5865,"comment_status":"open","ping_status":"closed","template":"","meta":{"_acf_changed":false,"content-type":"","_uag_custom_page_level_css":"","site-sidebar-layout":"default","site-content-layout":"","ast-site-content-layout":"default","site-content-style":"default","site-sidebar-style":"default","ast-global-header-display":"","ast-banner-title-visibility":"","ast-main-header-display":"","ast-hfb-above-header-display":"","ast-hfb-below-header-display":"","ast-hfb-mobile-header-display":"","site-post-title":"","ast-breadcrumbs-content":"","ast-featured-img":"","footer-sml-layout":"","ast-disable-related-posts":"","theme-transparent-header-meta":"default","adv-header-id-meta":"","stick-header-meta":"","header-above-stick-meta":"","header-main-stick-meta":"","header-below-stick-meta":"","astra-migrate-meta-layouts":"set","ast-page-background-enabled":"default","ast-page-background-meta":{"desktop":{"background-color":"","background-image":"","background-repeat":"repeat","background-position":"center center","background-size":"auto","background-attachment":"scroll","background-type":"","background-media":"","overlay-type":"","overlay-color":"","overlay-opacity":"","overlay-gradient":""},"tablet":{"background-color":"","background-image":"","background-repeat":"repeat","background-position":"center center","background-size":"auto","background-attachment":"scroll","background-type":"","background-media":"","overlay-type":"","overlay-color":"","overlay-opacity":"","overlay-gradient":""},"mobile":{"background-color":"","background-image":"","background-repeat":"repeat","background-position":"center center","background-size":"auto","background-attachment":"scroll","background-type":"","background-media":"","overlay-type":"","overlay-color":"","overlay-opacity":"","overlay-gradient":""}},"ast-content-background-meta":{"desktop":{"background-color":"var(--ast-global-color-5)","background-image":"","background-repeat":"repeat","background-position":"center center","background-size":"auto","background-attachment":"scroll","background-type":"","background-media":"","overlay-type":"","overlay-color":"","overlay-opacity":"","overlay-gradient":""},"tablet":{"background-color":"var(--ast-global-color-5)","background-image":"","background-repeat":"repeat","background-position":"center center","background-size":"auto","background-attachment":"scroll","background-type":"","background-media":"","overlay-type":"","overlay-color":"","overlay-opacity":"","overlay-gradient":""},"mobile":{"background-color":"var(--ast-global-color-5)","background-image":"","background-repeat":"repeat","background-position":"center center","background-size":"auto","background-attachment":"scroll","background-type":"","background-media":"","overlay-type":"","overlay-color":"","overlay-opacity":"","overlay-gradient":""}}},"tags":[],"mec_category":[79],"class_list":["post-5867","mec-events","type-mec-events","status-publish","has-post-thumbnail","hentry","mec_category-colloque"],"acf":[],"yoast_head":"<!-- This site is optimized with the Yoast SEO plugin v27.5 - https:\/\/yoast.com\/product\/yoast-seo-wordpress\/ -->\n<title>Colloque Regards crois\u00e9s sur l&#039;ob\u00e9sit\u00e9 de l&#039;enfant - Des enjeux multiples - AFKP<\/title>\n<meta name=\"robots\" content=\"index, follow, max-snippet:-1, max-image-preview:large, max-video-preview:-1\" \/>\n<link rel=\"canonical\" href=\"https:\/\/afkp.fr\/index.php\/events\/colloque-regards-croises-sur-lobesite-de-lenfant-des-enjeux-multiples\/\" \/>\n<meta property=\"og:locale\" content=\"fr_FR\" \/>\n<meta property=\"og:type\" content=\"article\" \/>\n<meta property=\"og:title\" content=\"Colloque Regards crois\u00e9s sur l&#039;ob\u00e9sit\u00e9 de l&#039;enfant - Des enjeux multiples - AFKP\" \/>\n<meta property=\"og:description\" content=\"Dans le cadre de ses missions de pr\u00e9vention, d\u2019information et de formation, Normandie P\u00e9diatrie organise son prochain colloque r\u00e9gional \u00e0 destination des professionnels de sant\u00e9, intitul\u00e9 \u00ab Regards crois\u00e9s sur l\u2019ob\u00e9sit\u00e9 de l\u2019enfant - Des enjeux multiples \u00bb.  Programme : https:\/\/afkp.fr\/wp-content\/uploads\/2023\/11\/Programme_Deauville.pdf\" \/>\n<meta property=\"og:url\" content=\"https:\/\/afkp.fr\/index.php\/events\/colloque-regards-croises-sur-lobesite-de-lenfant-des-enjeux-multiples\/\" \/>\n<meta property=\"og:site_name\" content=\"AFKP\" \/>\n<meta property=\"article:publisher\" content=\"https:\/\/www.facebook.com\/afkpedia\" \/>\n<meta property=\"article:modified_time\" content=\"2023-11-08T22:22:42+00:00\" \/>\n<meta name=\"twitter:card\" content=\"summary_large_image\" \/>\n<meta name=\"twitter:label1\" content=\"Dur\u00e9e de lecture estim\u00e9e\" \/>\n\t<meta name=\"twitter:data1\" content=\"1 minute\" \/>\n<script type=\"application\/ld+json\" class=\"yoast-schema-graph\">{\"@context\":\"https:\\\/\\\/schema.org\",\"@graph\":[{\"@type\":\"WebPage\",\"@id\":\"https:\\\/\\\/afkp.fr\\\/index.php\\\/events\\\/colloque-regards-croises-sur-lobesite-de-lenfant-des-enjeux-multiples\\\/\",\"url\":\"https:\\\/\\\/afkp.fr\\\/index.php\\\/events\\\/colloque-regards-croises-sur-lobesite-de-lenfant-des-enjeux-multiples\\\/\",\"name\":\"Colloque Regards crois\u00e9s sur l'ob\u00e9sit\u00e9 de l'enfant - Des enjeux multiples - AFKP\",\"isPartOf\":{\"@id\":\"https:\\\/\\\/afkp.fr\\\/#website\"},\"primaryImageOfPage\":{\"@id\":\"https:\\\/\\\/afkp.fr\\\/index.php\\\/events\\\/colloque-regards-croises-sur-lobesite-de-lenfant-des-enjeux-multiples\\\/#primaryimage\"},\"image\":{\"@id\":\"https:\\\/\\\/afkp.fr\\\/index.php\\\/events\\\/colloque-regards-croises-sur-lobesite-de-lenfant-des-enjeux-multiples\\\/#primaryimage\"},\"thumbnailUrl\":\"https:\\\/\\\/afkp.fr\\\/wp-content\\\/uploads\\\/2023\\\/11\\\/2024-04-05_Affiche_print_Colloque_Deauville_Save_the_date_VF-pdf.jpg\",\"datePublished\":\"2023-11-08T22:12:45+00:00\",\"dateModified\":\"2023-11-08T22:22:42+00:00\",\"breadcrumb\":{\"@id\":\"https:\\\/\\\/afkp.fr\\\/index.php\\\/events\\\/colloque-regards-croises-sur-lobesite-de-lenfant-des-enjeux-multiples\\\/#breadcrumb\"},\"inLanguage\":\"fr-FR\",\"potentialAction\":[{\"@type\":\"ReadAction\",\"target\":[\"https:\\\/\\\/afkp.fr\\\/index.php\\\/events\\\/colloque-regards-croises-sur-lobesite-de-lenfant-des-enjeux-multiples\\\/\"]}]},{\"@type\":\"ImageObject\",\"inLanguage\":\"fr-FR\",\"@id\":\"https:\\\/\\\/afkp.fr\\\/index.php\\\/events\\\/colloque-regards-croises-sur-lobesite-de-lenfant-des-enjeux-multiples\\\/#primaryimage\",\"url\":\"https:\\\/\\\/afkp.fr\\\/wp-content\\\/uploads\\\/2023\\\/11\\\/2024-04-05_Affiche_print_Colloque_Deauville_Save_the_date_VF-pdf.jpg\",\"contentUrl\":\"https:\\\/\\\/afkp.fr\\\/wp-content\\\/uploads\\\/2023\\\/11\\\/2024-04-05_Affiche_print_Colloque_Deauville_Save_the_date_VF-pdf.jpg\"},{\"@type\":\"BreadcrumbList\",\"@id\":\"https:\\\/\\\/afkp.fr\\\/index.php\\\/events\\\/colloque-regards-croises-sur-lobesite-de-lenfant-des-enjeux-multiples\\\/#breadcrumb\",\"itemListElement\":[{\"@type\":\"ListItem\",\"position\":1,\"name\":\"Accueil\",\"item\":\"https:\\\/\\\/afkp.fr\\\/\"},{\"@type\":\"ListItem\",\"position\":2,\"name\":\"\u00c9v\u00e9nements\",\"item\":\"https:\\\/\\\/afkp.fr\\\/index.php\\\/events\\\/\"},{\"@type\":\"ListItem\",\"position\":3,\"name\":\"Colloque Regards crois\u00e9s sur l&#8217;ob\u00e9sit\u00e9 de l&#8217;enfant &#8211; Des enjeux multiples\"}]},{\"@type\":\"WebSite\",\"@id\":\"https:\\\/\\\/afkp.fr\\\/#website\",\"url\":\"https:\\\/\\\/afkp.fr\\\/\",\"name\":\"AFKP\",\"description\":\"Association Fran\u00e7aise de Kin\u00e9sith\u00e9rapie P\u00e9diatrique\",\"publisher\":{\"@id\":\"https:\\\/\\\/afkp.fr\\\/#organization\"},\"potentialAction\":[{\"@type\":\"SearchAction\",\"target\":{\"@type\":\"EntryPoint\",\"urlTemplate\":\"https:\\\/\\\/afkp.fr\\\/?s={search_term_string}\"},\"query-input\":{\"@type\":\"PropertyValueSpecification\",\"valueRequired\":true,\"valueName\":\"search_term_string\"}}],\"inLanguage\":\"fr-FR\"},{\"@type\":\"Organization\",\"@id\":\"https:\\\/\\\/afkp.fr\\\/#organization\",\"name\":\"Association Fran\u00e7aise de Kin\u00e9sith\u00e9rapie P\u00e9diatrique\",\"url\":\"https:\\\/\\\/afkp.fr\\\/\",\"logo\":{\"@type\":\"ImageObject\",\"inLanguage\":\"fr-FR\",\"@id\":\"https:\\\/\\\/afkp.fr\\\/#\\\/schema\\\/logo\\\/image\\\/\",\"url\":\"https:\\\/\\\/afkp.fr\\\/wp-content\\\/uploads\\\/2023\\\/03\\\/cropped-cropped-cropped-cropped-cropped-cropped-logo-officiel-2023-180.png\",\"contentUrl\":\"https:\\\/\\\/afkp.fr\\\/wp-content\\\/uploads\\\/2023\\\/03\\\/cropped-cropped-cropped-cropped-cropped-cropped-logo-officiel-2023-180.png\",\"width\":178,\"height\":156,\"caption\":\"Association Fran\u00e7aise de Kin\u00e9sith\u00e9rapie P\u00e9diatrique\"},\"image\":{\"@id\":\"https:\\\/\\\/afkp.fr\\\/#\\\/schema\\\/logo\\\/image\\\/\"},\"sameAs\":[\"https:\\\/\\\/www.facebook.com\\\/afkpedia\",\"https:\\\/\\\/www.instagram.com\\\/assofrancaisedekinepediatrique\\\/\",\"https:\\\/\\\/www.linkedin.com\\\/in\\\/association-franaise-de-kinsithrapie-pdiatrique-249635268\\\/\"]}]}<\/script>\n<!-- \/ Yoast SEO plugin. -->","yoast_head_json":{"title":"Colloque Regards crois\u00e9s sur l'ob\u00e9sit\u00e9 de l'enfant - Des enjeux multiples - AFKP","robots":{"index":"index","follow":"follow","max-snippet":"max-snippet:-1","max-image-preview":"max-image-preview:large","max-video-preview":"max-video-preview:-1"},"canonical":"https:\/\/afkp.fr\/index.php\/events\/colloque-regards-croises-sur-lobesite-de-lenfant-des-enjeux-multiples\/","og_locale":"fr_FR","og_type":"article","og_title":"Colloque Regards crois\u00e9s sur l'ob\u00e9sit\u00e9 de l'enfant - Des enjeux multiples - AFKP","og_description":"Dans le cadre de ses missions de pr\u00e9vention, d\u2019information et de formation, Normandie P\u00e9diatrie organise son prochain colloque r\u00e9gional \u00e0 destination des professionnels de sant\u00e9, intitul\u00e9 \u00ab Regards crois\u00e9s sur l\u2019ob\u00e9sit\u00e9 de l\u2019enfant - Des enjeux multiples \u00bb.  Programme : https:\/\/afkp.fr\/wp-content\/uploads\/2023\/11\/Programme_Deauville.pdf","og_url":"https:\/\/afkp.fr\/index.php\/events\/colloque-regards-croises-sur-lobesite-de-lenfant-des-enjeux-multiples\/","og_site_name":"AFKP","article_publisher":"https:\/\/www.facebook.com\/afkpedia","article_modified_time":"2023-11-08T22:22:42+00:00","twitter_card":"summary_large_image","twitter_misc":{"Dur\u00e9e de lecture estim\u00e9e":"1 minute"},"schema":{"@context":"https:\/\/schema.org","@graph":[{"@type":"WebPage","@id":"https:\/\/afkp.fr\/index.php\/events\/colloque-regards-croises-sur-lobesite-de-lenfant-des-enjeux-multiples\/","url":"https:\/\/afkp.fr\/index.php\/events\/colloque-regards-croises-sur-lobesite-de-lenfant-des-enjeux-multiples\/","name":"Colloque Regards crois\u00e9s sur l'ob\u00e9sit\u00e9 de l'enfant - Des enjeux multiples - AFKP","isPartOf":{"@id":"https:\/\/afkp.fr\/#website"},"primaryImageOfPage":{"@id":"https:\/\/afkp.fr\/index.php\/events\/colloque-regards-croises-sur-lobesite-de-lenfant-des-enjeux-multiples\/#primaryimage"},"image":{"@id":"https:\/\/afkp.fr\/index.php\/events\/colloque-regards-croises-sur-lobesite-de-lenfant-des-enjeux-multiples\/#primaryimage"},"thumbnailUrl":"https:\/\/afkp.fr\/wp-content\/uploads\/2023\/11\/2024-04-05_Affiche_print_Colloque_Deauville_Save_the_date_VF-pdf.jpg","datePublished":"2023-11-08T22:12:45+00:00","dateModified":"2023-11-08T22:22:42+00:00","breadcrumb":{"@id":"https:\/\/afkp.fr\/index.php\/events\/colloque-regards-croises-sur-lobesite-de-lenfant-des-enjeux-multiples\/#breadcrumb"},"inLanguage":"fr-FR","potentialAction":[{"@type":"ReadAction","target":["https:\/\/afkp.fr\/index.php\/events\/colloque-regards-croises-sur-lobesite-de-lenfant-des-enjeux-multiples\/"]}]},{"@type":"ImageObject","inLanguage":"fr-FR","@id":"https:\/\/afkp.fr\/index.php\/events\/colloque-regards-croises-sur-lobesite-de-lenfant-des-enjeux-multiples\/#primaryimage","url":"https:\/\/afkp.fr\/wp-content\/uploads\/2023\/11\/2024-04-05_Affiche_print_Colloque_Deauville_Save_the_date_VF-pdf.jpg","contentUrl":"https:\/\/afkp.fr\/wp-content\/uploads\/2023\/11\/2024-04-05_Affiche_print_Colloque_Deauville_Save_the_date_VF-pdf.jpg"},{"@type":"BreadcrumbList","@id":"https:\/\/afkp.fr\/index.php\/events\/colloque-regards-croises-sur-lobesite-de-lenfant-des-enjeux-multiples\/#breadcrumb","itemListElement":[{"@type":"ListItem","position":1,"name":"Accueil","item":"https:\/\/afkp.fr\/"},{"@type":"ListItem","position":2,"name":"\u00c9v\u00e9nements","item":"https:\/\/afkp.fr\/index.php\/events\/"},{"@type":"ListItem","position":3,"name":"Colloque Regards crois\u00e9s sur l&#8217;ob\u00e9sit\u00e9 de l&#8217;enfant &#8211; Des enjeux multiples"}]},{"@type":"WebSite","@id":"https:\/\/afkp.fr\/#website","url":"https:\/\/afkp.fr\/","name":"AFKP","description":"Association Fran\u00e7aise de Kin\u00e9sith\u00e9rapie P\u00e9diatrique","publisher":{"@id":"https:\/\/afkp.fr\/#organization"},"potentialAction":[{"@type":"SearchAction","target":{"@type":"EntryPoint","urlTemplate":"https:\/\/afkp.fr\/?s={search_term_string}"},"query-input":{"@type":"PropertyValueSpecification","valueRequired":true,"valueName":"search_term_string"}}],"inLanguage":"fr-FR"},{"@type":"Organization","@id":"https:\/\/afkp.fr\/#organization","name":"Association Fran\u00e7aise de Kin\u00e9sith\u00e9rapie P\u00e9diatrique","url":"https:\/\/afkp.fr\/","logo":{"@type":"ImageObject","inLanguage":"fr-FR","@id":"https:\/\/afkp.fr\/#\/schema\/logo\/image\/","url":"https:\/\/afkp.fr\/wp-content\/uploads\/2023\/03\/cropped-cropped-cropped-cropped-cropped-cropped-logo-officiel-2023-180.png","contentUrl":"https:\/\/afkp.fr\/wp-content\/uploads\/2023\/03\/cropped-cropped-cropped-cropped-cropped-cropped-logo-officiel-2023-180.png","width":178,"height":156,"caption":"Association Fran\u00e7aise de Kin\u00e9sith\u00e9rapie P\u00e9diatrique"},"image":{"@id":"https:\/\/afkp.fr\/#\/schema\/logo\/image\/"},"sameAs":["https:\/\/www.facebook.com\/afkpedia","https:\/\/www.instagram.com\/assofrancaisedekinepediatrique\/","https:\/\/www.linkedin.com\/in\/association-franaise-de-kinsithrapie-pdiatrique-249635268\/"]}]}},"uagb_featured_image_src":{"full":["https:\/\/afkp.fr\/wp-content\/uploads\/2023\/11\/2024-04-05_Affiche_print_Colloque_Deauville_Save_the_date_VF-pdf.jpg",2116,2993,true],"thumbnail":["https:\/\/afkp.fr\/wp-content\/uploads\/2023\/11\/2024-04-05_Affiche_print_Colloque_Deauville_Save_the_date_VF-pdf-106x150.jpg",106,150,true],"medium":["https:\/\/afkp.fr\/wp-content\/uploads\/2023\/11\/2024-04-05_Affiche_print_Colloque_Deauville_Save_the_date_VF-pdf-212x300.jpg",212,300,true],"medium_large":["https:\/\/afkp.fr\/wp-content\/uploads\/2023\/11\/2024-04-05_Affiche_print_Colloque_Deauville_Save_the_date_VF-pdf.jpg",768,1086,false],"large":["https:\/\/afkp.fr\/wp-content\/uploads\/2023\/11\/2024-04-05_Affiche_print_Colloque_Deauville_Save_the_date_VF-pdf-724x1024.jpg",724,1024,true],"thumblist":["https:\/\/afkp.fr\/wp-content\/uploads\/2023\/11\/2024-04-05_Affiche_print_Colloque_Deauville_Save_the_date_VF-pdf.jpg",212,300,false],"thumbrelated":["https:\/\/afkp.fr\/wp-content\/uploads\/2023\/11\/2024-04-05_Affiche_print_Colloque_Deauville_Save_the_date_VF-pdf.jpg",353,500,false],"meccarouselthumb":["https:\/\/afkp.fr\/wp-content\/uploads\/2023\/11\/2024-04-05_Affiche_print_Colloque_Deauville_Save_the_date_VF-pdf.jpg",229,324,false],"gridsquare":["https:\/\/afkp.fr\/wp-content\/uploads\/2023\/11\/2024-04-05_Affiche_print_Colloque_Deauville_Save_the_date_VF-pdf.jpg",184,260,false],"tileview":["https:\/\/afkp.fr\/wp-content\/uploads\/2023\/11\/2024-04-05_Affiche_print_Colloque_Deauville_Save_the_date_VF-pdf.jpg",283,400,false],"1536x1536":["https:\/\/afkp.fr\/wp-content\/uploads\/2023\/11\/2024-04-05_Affiche_print_Colloque_Deauville_Save_the_date_VF-pdf.jpg",1086,1536,false],"2048x2048":["https:\/\/afkp.fr\/wp-content\/uploads\/2023\/11\/2024-04-05_Affiche_print_Colloque_Deauville_Save_the_date_VF-pdf.jpg",1448,2048,false]},"uagb_author_info":{"display_name":"Guillaume COLLET","author_link":"https:\/\/afkp.fr\/index.php\/author\/guillaume-colletgrainesdesoin-fr\/"},"uagb_comment_info":0,"uagb_excerpt":"Dans le cadre de ses missions de pr\u00e9vention, d\u2019information et de formation, Normandie P\u00e9diatrie organise son prochain colloque r\u00e9gional \u00e0 destination des professionnels de sant\u00e9, intitul\u00e9 \u00ab Regards crois\u00e9s sur l\u2019ob\u00e9sit\u00e9 de l\u2019enfant - Des enjeux multiples \u00bb. Programme : https:\/\/afkp.fr\/wp-content\/uploads\/2023\/11\/Programme_Deauville.pdf","_links":{"self":[{"href":"https:\/\/afkp.fr\/index.php\/wp-json\/wp\/v2\/mec-events\/5867","targetHints":{"allow":["GET"]}}],"collection":[{"href":"https:\/\/afkp.fr\/index.php\/wp-json\/wp\/v2\/mec-events"}],"about":[{"href":"https:\/\/afkp.fr\/index.php\/wp-json\/wp\/v2\/types\/mec-events"}],"author":[{"embeddable":true,"href":"https:\/\/afkp.fr\/index.php\/wp-json\/wp\/v2\/users\/109"}],"replies":[{"embeddable":true,"href":"https:\/\/afkp.fr\/index.php\/wp-json\/wp\/v2\/comments?post=5867"}],"wp:featuredmedia":[{"embeddable":true,"href":"https:\/\/afkp.fr\/index.php\/wp-json\/wp\/v2\/media\/5865"}],"wp:attachment":[{"href":"https:\/\/afkp.fr\/index.php\/wp-json\/wp\/v2\/media?parent=5867"}],"wp:term":[{"taxonomy":"post_tag","embeddable":true,"href":"https:\/\/afkp.fr\/index.php\/wp-json\/wp\/v2\/tags?post=5867"},{"taxonomy":"mec_category","embeddable":true,"href":"https:\/\/afkp.fr\/index.php\/wp-json\/wp\/v2\/mec_category?post=5867"}],"curies":[{"name":"wp","href":"https:\/\/api.w.org\/{rel}","templated":true}]}}