{"id":5940,"date":"2023-12-07T14:35:13","date_gmt":"2023-12-07T13:35:13","guid":{"rendered":"https:\/\/afkp.fr\/index.php\/events\/kinesitherapeute-et-ergotherapeute-en-partenariat-dans-laccompagnement-des-troubles-alimentaires-en-pediatrie\/"},"modified":"2023-12-07T14:35:13","modified_gmt":"2023-12-07T13:35:13","slug":"kinesitherapeute-et-ergotherapeute-en-partenariat-dans-laccompagnement-des-troubles-alimentaires-en-pediatrie","status":"publish","type":"mec-events","link":"https:\/\/afkp.fr\/index.php\/events\/kinesitherapeute-et-ergotherapeute-en-partenariat-dans-laccompagnement-des-troubles-alimentaires-en-pediatrie\/","title":{"rendered":"Kin\u00e9sith\u00e9rapeute et ergoth\u00e9rapeute en partenariat dans l&rsquo;accompagnement des troubles alimentaires en p\u00e9diatrie"},"content":{"rendered":"<div class=\"xdj266r x11i5rnm xat24cr x1mh8g0r x1vvkbs x126k92a\">\n<div dir=\"auto\"><span class=\"x3nfvp2 x1j61x8r x1fcty0u xdj266r xhhsvwb xat24cr xgzva0m xxymvpz xlup9mm x1kky2od\"><img decoding=\"async\" class=\"xz74otr\" src=\"https:\/\/static.xx.fbcdn.net\/images\/emoji.php\/v9\/ta1\/2\/16\/1f7e8.png\" alt=\"????\" width=\"16\" height=\"16\" \/><\/span> WEBINAIRE <span class=\"x3nfvp2 x1j61x8r x1fcty0u xdj266r xhhsvwb xat24cr xgzva0m xxymvpz xlup9mm x1kky2od\"><img decoding=\"async\" class=\"xz74otr\" src=\"https:\/\/static.xx.fbcdn.net\/images\/emoji.php\/v9\/t4a\/2\/16\/1f7ea.png\" alt=\"????\" width=\"16\" height=\"16\" \/><\/span><\/div>\n<\/div>\n<div class=\"x11i5rnm xat24cr x1mh8g0r x1vvkbs xtlvy1s x126k92a\">\n<div dir=\"auto\">Nous vous donnons rendez-vous pour un webinaire sur le th\u00e8me de l&rsquo;accompagnement des troubles alimentaires p\u00e9diatriques.<\/div>\n<\/div>\n<div class=\"x11i5rnm xat24cr x1mh8g0r x1vvkbs xtlvy1s x126k92a\">\n<div dir=\"auto\"><span class=\"x3nfvp2 x1j61x8r x1fcty0u xdj266r xhhsvwb xat24cr xgzva0m xxymvpz xlup9mm x1kky2od\"><img decoding=\"async\" class=\"xz74otr\" src=\"https:\/\/static.xx.fbcdn.net\/images\/emoji.php\/v9\/t99\/2\/16\/1f7e0.png\" alt=\"????\" width=\"16\" height=\"16\" \/><\/span> Intervenantes :<\/div>\n<div dir=\"auto\">&#8211; Jasmine H\u00f6lder, kin\u00e9sith\u00e9rapeute p\u00e9diatrique<\/div>\n<div dir=\"auto\">&#8211; Emeline Kientz, ergoth\u00e9rapeute<\/div>\n<\/div>\n<div class=\"x11i5rnm xat24cr x1mh8g0r x1vvkbs xtlvy1s x126k92a\">\n<div dir=\"auto\">Elles se feront un plaisir de vous pr\u00e9senter l&rsquo;approche combin\u00e9e des soins en ergoth\u00e9rapie et en kin\u00e9sith\u00e9rapie dans les troubles alimentaires p\u00e9diatriques.<\/div>\n<\/div>\n<div class=\"x11i5rnm xat24cr x1mh8g0r x1vvkbs xtlvy1s x126k92a\">\n<div dir=\"auto\"><span class=\"x3nfvp2 x1j61x8r x1fcty0u xdj266r xhhsvwb xat24cr xgzva0m xxymvpz xlup9mm x1kky2od\"><img loading=\"lazy\" decoding=\"async\" class=\"xz74otr\" src=\"https:\/\/static.xx.fbcdn.net\/images\/emoji.php\/v9\/t8e\/2\/16\/1f535.png\" alt=\"????\" width=\"16\" height=\"16\" \/><\/span> Date et heure :<\/div>\n<div dir=\"auto\">Dimanche 17 d\u00e9cembre \u00e0 20h30<\/div>\n<\/div>\n<div class=\"x11i5rnm xat24cr x1mh8g0r x1vvkbs xtlvy1s x126k92a\">\n<div dir=\"auto\"><span class=\"x3nfvp2 x1j61x8r x1fcty0u xdj266r xhhsvwb xat24cr xgzva0m xxymvpz xlup9mm x1kky2od\"><img loading=\"lazy\" decoding=\"async\" class=\"xz74otr\" src=\"https:\/\/static.xx.fbcdn.net\/images\/emoji.php\/v9\/t9b\/2\/16\/1f7e2.png\" alt=\"????\" width=\"16\" height=\"16\" \/><\/span> Lieu :<\/div>\n<div dir=\"auto\">Lien zoom envoy\u00e9 par mail la veille de l&rsquo;\u00e9v\u00e9nement<\/div>\n<\/div>\n","protected":false},"excerpt":{"rendered":"<p>???? WEBINAIRE ????<br \/>\nNous vous donnons rendez-vous pour un webinaire sur le th\u00e8me de l&rsquo;accompagnement des troubles alimentaires p\u00e9diatriques.<br \/>\n???? Intervenantes :<br \/>\n&#8211; Jasmine H\u00f6lder, kin\u00e9sith\u00e9rapeute p\u00e9diatrique<br \/>\n&#8211; Emeline Kientz, ergoth\u00e9rapeute<br \/>\nElles se feront un plaisir de vous pr\u00e9senter l&rsquo;approche combin\u00e9e des soins en ergoth\u00e9rapie et en kin\u00e9sith\u00e9rapie dans les troubles alimentaires p\u00e9diatriques.<br \/>\n???? Date et heure :<br \/>\nDimanche 17 d\u00e9cembre \u00e0 20h30<br \/>\n???? Lieu :<br \/>\nLien zoom envoy\u00e9 par mail la veille de l&rsquo;\u00e9v\u00e9nement <\/p>\n","protected":false},"author":109,"featured_media":5930,"comment_status":"open","ping_status":"closed","template":"","meta":{"_acf_changed":false,"content-type":"","_uag_custom_page_level_css":"","site-sidebar-layout":"default","site-content-layout":"","ast-site-content-layout":"default","site-content-style":"default","site-sidebar-style":"default","ast-global-header-display":"","ast-banner-title-visibility":"","ast-main-header-display":"","ast-hfb-above-header-display":"","ast-hfb-below-header-display":"","ast-hfb-mobile-header-display":"","site-post-title":"","ast-breadcrumbs-content":"","ast-featured-img":"","footer-sml-layout":"","ast-disable-related-posts":"","theme-transparent-header-meta":"","adv-header-id-meta":"","stick-header-meta":"","header-above-stick-meta":"","header-main-stick-meta":"","header-below-stick-meta":"","astra-migrate-meta-layouts":"default","ast-page-background-enabled":"default","ast-page-background-meta":{"desktop":{"background-color":"","background-image":"","background-repeat":"repeat","background-position":"center center","background-size":"auto","background-attachment":"scroll","background-type":"","background-media":"","overlay-type":"","overlay-color":"","overlay-opacity":"","overlay-gradient":""},"tablet":{"background-color":"","background-image":"","background-repeat":"repeat","background-position":"center center","background-size":"auto","background-attachment":"scroll","background-type":"","background-media":"","overlay-type":"","overlay-color":"","overlay-opacity":"","overlay-gradient":""},"mobile":{"background-color":"","background-image":"","background-repeat":"repeat","background-position":"center center","background-size":"auto","background-attachment":"scroll","background-type":"","background-media":"","overlay-type":"","overlay-color":"","overlay-opacity":"","overlay-gradient":""}},"ast-content-background-meta":{"desktop":{"background-color":"var(--ast-global-color-5)","background-image":"","background-repeat":"repeat","background-position":"center center","background-size":"auto","background-attachment":"scroll","background-type":"","background-media":"","overlay-type":"","overlay-color":"","overlay-opacity":"","overlay-gradient":""},"tablet":{"background-color":"var(--ast-global-color-5)","background-image":"","background-repeat":"repeat","background-position":"center center","background-size":"auto","background-attachment":"scroll","background-type":"","background-media":"","overlay-type":"","overlay-color":"","overlay-opacity":"","overlay-gradient":""},"mobile":{"background-color":"var(--ast-global-color-5)","background-image":"","background-repeat":"repeat","background-position":"center center","background-size":"auto","background-attachment":"scroll","background-type":"","background-media":"","overlay-type":"","overlay-color":"","overlay-opacity":"","overlay-gradient":""}}},"tags":[],"mec_category":[73],"class_list":["post-5940","mec-events","type-mec-events","status-publish","has-post-thumbnail","hentry","mec_category-webinaire"],"acf":[],"yoast_head":"<!-- This site is optimized with the Yoast SEO plugin v27.5 - https:\/\/yoast.com\/product\/yoast-seo-wordpress\/ -->\n<title>Kin\u00e9sith\u00e9rapeute et ergoth\u00e9rapeute en partenariat dans l&#039;accompagnement des troubles alimentaires en p\u00e9diatrie - AFKP<\/title>\n<meta name=\"robots\" content=\"index, follow, max-snippet:-1, max-image-preview:large, max-video-preview:-1\" \/>\n<link rel=\"canonical\" href=\"https:\/\/afkp.fr\/index.php\/events\/kinesitherapeute-et-ergotherapeute-en-partenariat-dans-laccompagnement-des-troubles-alimentaires-en-pediatrie\/\" \/>\n<meta property=\"og:locale\" content=\"fr_FR\" \/>\n<meta property=\"og:type\" content=\"article\" \/>\n<meta property=\"og:title\" content=\"Kin\u00e9sith\u00e9rapeute et ergoth\u00e9rapeute en partenariat dans l&#039;accompagnement des troubles alimentaires en p\u00e9diatrie - AFKP\" \/>\n<meta property=\"og:description\" content=\"???? WEBINAIRE ???? Nous vous donnons rendez-vous pour un webinaire sur le th\u00e8me de l&#039;accompagnement des troubles alimentaires p\u00e9diatriques. ???? Intervenantes :  - Jasmine H\u00f6lder, kin\u00e9sith\u00e9rapeute p\u00e9diatrique - Emeline Kientz, ergoth\u00e9rapeute Elles se feront un plaisir de vous pr\u00e9senter l&#039;approche combin\u00e9e des soins en ergoth\u00e9rapie et en kin\u00e9sith\u00e9rapie dans les troubles alimentaires p\u00e9diatriques.  ???? Date et heure :  Dimanche 17 d\u00e9cembre \u00e0 20h30 ???? Lieu :  Lien zoom envoy\u00e9 par mail la veille de l&#039;\u00e9v\u00e9nement\" \/>\n<meta property=\"og:url\" content=\"https:\/\/afkp.fr\/index.php\/events\/kinesitherapeute-et-ergotherapeute-en-partenariat-dans-laccompagnement-des-troubles-alimentaires-en-pediatrie\/\" \/>\n<meta property=\"og:site_name\" content=\"AFKP\" \/>\n<meta property=\"article:publisher\" content=\"https:\/\/www.facebook.com\/afkpedia\" \/>\n<meta property=\"og:image\" content=\"https:\/\/static.xx.fbcdn.net\/images\/emoji.php\/v9\/ta1\/2\/16\/1f7e8.png\" \/>\n<meta name=\"twitter:card\" content=\"summary_large_image\" \/>\n<script type=\"application\/ld+json\" class=\"yoast-schema-graph\">{\"@context\":\"https:\\\/\\\/schema.org\",\"@graph\":[{\"@type\":\"WebPage\",\"@id\":\"https:\\\/\\\/afkp.fr\\\/index.php\\\/events\\\/kinesitherapeute-et-ergotherapeute-en-partenariat-dans-laccompagnement-des-troubles-alimentaires-en-pediatrie\\\/\",\"url\":\"https:\\\/\\\/afkp.fr\\\/index.php\\\/events\\\/kinesitherapeute-et-ergotherapeute-en-partenariat-dans-laccompagnement-des-troubles-alimentaires-en-pediatrie\\\/\",\"name\":\"Kin\u00e9sith\u00e9rapeute et ergoth\u00e9rapeute en partenariat dans l'accompagnement des troubles alimentaires en p\u00e9diatrie - AFKP\",\"isPartOf\":{\"@id\":\"https:\\\/\\\/afkp.fr\\\/#website\"},\"primaryImageOfPage\":{\"@id\":\"https:\\\/\\\/afkp.fr\\\/index.php\\\/events\\\/kinesitherapeute-et-ergotherapeute-en-partenariat-dans-laccompagnement-des-troubles-alimentaires-en-pediatrie\\\/#primaryimage\"},\"image\":{\"@id\":\"https:\\\/\\\/afkp.fr\\\/index.php\\\/events\\\/kinesitherapeute-et-ergotherapeute-en-partenariat-dans-laccompagnement-des-troubles-alimentaires-en-pediatrie\\\/#primaryimage\"},\"thumbnailUrl\":\"https:\\\/\\\/afkp.fr\\\/wp-content\\\/uploads\\\/2023\\\/12\\\/406048674_122112376832069124_7311669135118894717_n.jpg\",\"datePublished\":\"2023-12-07T13:35:13+00:00\",\"breadcrumb\":{\"@id\":\"https:\\\/\\\/afkp.fr\\\/index.php\\\/events\\\/kinesitherapeute-et-ergotherapeute-en-partenariat-dans-laccompagnement-des-troubles-alimentaires-en-pediatrie\\\/#breadcrumb\"},\"inLanguage\":\"fr-FR\",\"potentialAction\":[{\"@type\":\"ReadAction\",\"target\":[\"https:\\\/\\\/afkp.fr\\\/index.php\\\/events\\\/kinesitherapeute-et-ergotherapeute-en-partenariat-dans-laccompagnement-des-troubles-alimentaires-en-pediatrie\\\/\"]}]},{\"@type\":\"ImageObject\",\"inLanguage\":\"fr-FR\",\"@id\":\"https:\\\/\\\/afkp.fr\\\/index.php\\\/events\\\/kinesitherapeute-et-ergotherapeute-en-partenariat-dans-laccompagnement-des-troubles-alimentaires-en-pediatrie\\\/#primaryimage\",\"url\":\"https:\\\/\\\/afkp.fr\\\/wp-content\\\/uploads\\\/2023\\\/12\\\/406048674_122112376832069124_7311669135118894717_n.jpg\",\"contentUrl\":\"https:\\\/\\\/afkp.fr\\\/wp-content\\\/uploads\\\/2023\\\/12\\\/406048674_122112376832069124_7311669135118894717_n.jpg\",\"width\":1080,\"height\":1080},{\"@type\":\"BreadcrumbList\",\"@id\":\"https:\\\/\\\/afkp.fr\\\/index.php\\\/events\\\/kinesitherapeute-et-ergotherapeute-en-partenariat-dans-laccompagnement-des-troubles-alimentaires-en-pediatrie\\\/#breadcrumb\",\"itemListElement\":[{\"@type\":\"ListItem\",\"position\":1,\"name\":\"Accueil\",\"item\":\"https:\\\/\\\/afkp.fr\\\/\"},{\"@type\":\"ListItem\",\"position\":2,\"name\":\"\u00c9v\u00e9nements\",\"item\":\"https:\\\/\\\/afkp.fr\\\/index.php\\\/events\\\/\"},{\"@type\":\"ListItem\",\"position\":3,\"name\":\"Kin\u00e9sith\u00e9rapeute et ergoth\u00e9rapeute en partenariat dans l&#8217;accompagnement des troubles alimentaires en p\u00e9diatrie\"}]},{\"@type\":\"WebSite\",\"@id\":\"https:\\\/\\\/afkp.fr\\\/#website\",\"url\":\"https:\\\/\\\/afkp.fr\\\/\",\"name\":\"AFKP\",\"description\":\"Association Fran\u00e7aise de Kin\u00e9sith\u00e9rapie P\u00e9diatrique\",\"publisher\":{\"@id\":\"https:\\\/\\\/afkp.fr\\\/#organization\"},\"potentialAction\":[{\"@type\":\"SearchAction\",\"target\":{\"@type\":\"EntryPoint\",\"urlTemplate\":\"https:\\\/\\\/afkp.fr\\\/?s={search_term_string}\"},\"query-input\":{\"@type\":\"PropertyValueSpecification\",\"valueRequired\":true,\"valueName\":\"search_term_string\"}}],\"inLanguage\":\"fr-FR\"},{\"@type\":\"Organization\",\"@id\":\"https:\\\/\\\/afkp.fr\\\/#organization\",\"name\":\"Association Fran\u00e7aise de Kin\u00e9sith\u00e9rapie P\u00e9diatrique\",\"url\":\"https:\\\/\\\/afkp.fr\\\/\",\"logo\":{\"@type\":\"ImageObject\",\"inLanguage\":\"fr-FR\",\"@id\":\"https:\\\/\\\/afkp.fr\\\/#\\\/schema\\\/logo\\\/image\\\/\",\"url\":\"https:\\\/\\\/afkp.fr\\\/wp-content\\\/uploads\\\/2023\\\/03\\\/cropped-cropped-cropped-cropped-cropped-cropped-logo-officiel-2023-180.png\",\"contentUrl\":\"https:\\\/\\\/afkp.fr\\\/wp-content\\\/uploads\\\/2023\\\/03\\\/cropped-cropped-cropped-cropped-cropped-cropped-logo-officiel-2023-180.png\",\"width\":178,\"height\":156,\"caption\":\"Association Fran\u00e7aise de Kin\u00e9sith\u00e9rapie P\u00e9diatrique\"},\"image\":{\"@id\":\"https:\\\/\\\/afkp.fr\\\/#\\\/schema\\\/logo\\\/image\\\/\"},\"sameAs\":[\"https:\\\/\\\/www.facebook.com\\\/afkpedia\",\"https:\\\/\\\/www.instagram.com\\\/assofrancaisedekinepediatrique\\\/\",\"https:\\\/\\\/www.linkedin.com\\\/in\\\/association-franaise-de-kinsithrapie-pdiatrique-249635268\\\/\"]}]}<\/script>\n<!-- \/ Yoast SEO plugin. -->","yoast_head_json":{"title":"Kin\u00e9sith\u00e9rapeute et ergoth\u00e9rapeute en partenariat dans l'accompagnement des troubles alimentaires en p\u00e9diatrie - AFKP","robots":{"index":"index","follow":"follow","max-snippet":"max-snippet:-1","max-image-preview":"max-image-preview:large","max-video-preview":"max-video-preview:-1"},"canonical":"https:\/\/afkp.fr\/index.php\/events\/kinesitherapeute-et-ergotherapeute-en-partenariat-dans-laccompagnement-des-troubles-alimentaires-en-pediatrie\/","og_locale":"fr_FR","og_type":"article","og_title":"Kin\u00e9sith\u00e9rapeute et ergoth\u00e9rapeute en partenariat dans l'accompagnement des troubles alimentaires en p\u00e9diatrie - AFKP","og_description":"???? WEBINAIRE ???? Nous vous donnons rendez-vous pour un webinaire sur le th\u00e8me de l'accompagnement des troubles alimentaires p\u00e9diatriques. ???? Intervenantes :  - Jasmine H\u00f6lder, kin\u00e9sith\u00e9rapeute p\u00e9diatrique - Emeline Kientz, ergoth\u00e9rapeute Elles se feront un plaisir de vous pr\u00e9senter l'approche combin\u00e9e des soins en ergoth\u00e9rapie et en kin\u00e9sith\u00e9rapie dans les troubles alimentaires p\u00e9diatriques.  ???? Date et heure :  Dimanche 17 d\u00e9cembre \u00e0 20h30 ???? Lieu :  Lien zoom envoy\u00e9 par mail la veille de l'\u00e9v\u00e9nement","og_url":"https:\/\/afkp.fr\/index.php\/events\/kinesitherapeute-et-ergotherapeute-en-partenariat-dans-laccompagnement-des-troubles-alimentaires-en-pediatrie\/","og_site_name":"AFKP","article_publisher":"https:\/\/www.facebook.com\/afkpedia","og_image":[{"url":"https:\/\/static.xx.fbcdn.net\/images\/emoji.php\/v9\/ta1\/2\/16\/1f7e8.png","type":"","width":"","height":""}],"twitter_card":"summary_large_image","schema":{"@context":"https:\/\/schema.org","@graph":[{"@type":"WebPage","@id":"https:\/\/afkp.fr\/index.php\/events\/kinesitherapeute-et-ergotherapeute-en-partenariat-dans-laccompagnement-des-troubles-alimentaires-en-pediatrie\/","url":"https:\/\/afkp.fr\/index.php\/events\/kinesitherapeute-et-ergotherapeute-en-partenariat-dans-laccompagnement-des-troubles-alimentaires-en-pediatrie\/","name":"Kin\u00e9sith\u00e9rapeute et ergoth\u00e9rapeute en partenariat dans l'accompagnement des troubles alimentaires en p\u00e9diatrie - AFKP","isPartOf":{"@id":"https:\/\/afkp.fr\/#website"},"primaryImageOfPage":{"@id":"https:\/\/afkp.fr\/index.php\/events\/kinesitherapeute-et-ergotherapeute-en-partenariat-dans-laccompagnement-des-troubles-alimentaires-en-pediatrie\/#primaryimage"},"image":{"@id":"https:\/\/afkp.fr\/index.php\/events\/kinesitherapeute-et-ergotherapeute-en-partenariat-dans-laccompagnement-des-troubles-alimentaires-en-pediatrie\/#primaryimage"},"thumbnailUrl":"https:\/\/afkp.fr\/wp-content\/uploads\/2023\/12\/406048674_122112376832069124_7311669135118894717_n.jpg","datePublished":"2023-12-07T13:35:13+00:00","breadcrumb":{"@id":"https:\/\/afkp.fr\/index.php\/events\/kinesitherapeute-et-ergotherapeute-en-partenariat-dans-laccompagnement-des-troubles-alimentaires-en-pediatrie\/#breadcrumb"},"inLanguage":"fr-FR","potentialAction":[{"@type":"ReadAction","target":["https:\/\/afkp.fr\/index.php\/events\/kinesitherapeute-et-ergotherapeute-en-partenariat-dans-laccompagnement-des-troubles-alimentaires-en-pediatrie\/"]}]},{"@type":"ImageObject","inLanguage":"fr-FR","@id":"https:\/\/afkp.fr\/index.php\/events\/kinesitherapeute-et-ergotherapeute-en-partenariat-dans-laccompagnement-des-troubles-alimentaires-en-pediatrie\/#primaryimage","url":"https:\/\/afkp.fr\/wp-content\/uploads\/2023\/12\/406048674_122112376832069124_7311669135118894717_n.jpg","contentUrl":"https:\/\/afkp.fr\/wp-content\/uploads\/2023\/12\/406048674_122112376832069124_7311669135118894717_n.jpg","width":1080,"height":1080},{"@type":"BreadcrumbList","@id":"https:\/\/afkp.fr\/index.php\/events\/kinesitherapeute-et-ergotherapeute-en-partenariat-dans-laccompagnement-des-troubles-alimentaires-en-pediatrie\/#breadcrumb","itemListElement":[{"@type":"ListItem","position":1,"name":"Accueil","item":"https:\/\/afkp.fr\/"},{"@type":"ListItem","position":2,"name":"\u00c9v\u00e9nements","item":"https:\/\/afkp.fr\/index.php\/events\/"},{"@type":"ListItem","position":3,"name":"Kin\u00e9sith\u00e9rapeute et ergoth\u00e9rapeute en partenariat dans l&#8217;accompagnement des troubles alimentaires en p\u00e9diatrie"}]},{"@type":"WebSite","@id":"https:\/\/afkp.fr\/#website","url":"https:\/\/afkp.fr\/","name":"AFKP","description":"Association Fran\u00e7aise de Kin\u00e9sith\u00e9rapie P\u00e9diatrique","publisher":{"@id":"https:\/\/afkp.fr\/#organization"},"potentialAction":[{"@type":"SearchAction","target":{"@type":"EntryPoint","urlTemplate":"https:\/\/afkp.fr\/?s={search_term_string}"},"query-input":{"@type":"PropertyValueSpecification","valueRequired":true,"valueName":"search_term_string"}}],"inLanguage":"fr-FR"},{"@type":"Organization","@id":"https:\/\/afkp.fr\/#organization","name":"Association Fran\u00e7aise de Kin\u00e9sith\u00e9rapie P\u00e9diatrique","url":"https:\/\/afkp.fr\/","logo":{"@type":"ImageObject","inLanguage":"fr-FR","@id":"https:\/\/afkp.fr\/#\/schema\/logo\/image\/","url":"https:\/\/afkp.fr\/wp-content\/uploads\/2023\/03\/cropped-cropped-cropped-cropped-cropped-cropped-logo-officiel-2023-180.png","contentUrl":"https:\/\/afkp.fr\/wp-content\/uploads\/2023\/03\/cropped-cropped-cropped-cropped-cropped-cropped-logo-officiel-2023-180.png","width":178,"height":156,"caption":"Association Fran\u00e7aise de Kin\u00e9sith\u00e9rapie P\u00e9diatrique"},"image":{"@id":"https:\/\/afkp.fr\/#\/schema\/logo\/image\/"},"sameAs":["https:\/\/www.facebook.com\/afkpedia","https:\/\/www.instagram.com\/assofrancaisedekinepediatrique\/","https:\/\/www.linkedin.com\/in\/association-franaise-de-kinsithrapie-pdiatrique-249635268\/"]}]}},"uagb_featured_image_src":{"full":["https:\/\/afkp.fr\/wp-content\/uploads\/2023\/12\/406048674_122112376832069124_7311669135118894717_n.jpg",1080,1080,false],"thumbnail":["https:\/\/afkp.fr\/wp-content\/uploads\/2023\/12\/406048674_122112376832069124_7311669135118894717_n-150x150.jpg",150,150,true],"medium":["https:\/\/afkp.fr\/wp-content\/uploads\/2023\/12\/406048674_122112376832069124_7311669135118894717_n-300x300.jpg",300,300,true],"medium_large":["https:\/\/afkp.fr\/wp-content\/uploads\/2023\/12\/406048674_122112376832069124_7311669135118894717_n-768x768.jpg",768,768,true],"large":["https:\/\/afkp.fr\/wp-content\/uploads\/2023\/12\/406048674_122112376832069124_7311669135118894717_n-1024x1024.jpg",1024,1024,true],"thumblist":["https:\/\/afkp.fr\/wp-content\/uploads\/2023\/12\/406048674_122112376832069124_7311669135118894717_n-300x300.jpg",300,300,true],"thumbrelated":["https:\/\/afkp.fr\/wp-content\/uploads\/2023\/12\/406048674_122112376832069124_7311669135118894717_n-500x500.jpg",500,500,true],"meccarouselthumb":["https:\/\/afkp.fr\/wp-content\/uploads\/2023\/12\/406048674_122112376832069124_7311669135118894717_n-474x324.jpg",474,324,true],"gridsquare":["https:\/\/afkp.fr\/wp-content\/uploads\/2023\/12\/406048674_122112376832069124_7311669135118894717_n-391x260.jpg",391,260,true],"tileview":["https:\/\/afkp.fr\/wp-content\/uploads\/2023\/12\/406048674_122112376832069124_7311669135118894717_n-300x400.jpg",300,400,true],"1536x1536":["https:\/\/afkp.fr\/wp-content\/uploads\/2023\/12\/406048674_122112376832069124_7311669135118894717_n.jpg",1080,1080,false],"2048x2048":["https:\/\/afkp.fr\/wp-content\/uploads\/2023\/12\/406048674_122112376832069124_7311669135118894717_n.jpg",1080,1080,false]},"uagb_author_info":{"display_name":"Guillaume COLLET","author_link":"https:\/\/afkp.fr\/index.php\/author\/guillaume-colletgrainesdesoin-fr\/"},"uagb_comment_info":0,"uagb_excerpt":"???? WEBINAIRE ???? Nous vous donnons rendez-vous pour un webinaire sur le th\u00e8me de l'accompagnement des troubles alimentaires p\u00e9diatriques. ???? Intervenantes : - Jasmine H\u00f6lder, kin\u00e9sith\u00e9rapeute p\u00e9diatrique - Emeline Kientz, ergoth\u00e9rapeute Elles se feront un plaisir de vous pr\u00e9senter l'approche combin\u00e9e des soins en ergoth\u00e9rapie et en kin\u00e9sith\u00e9rapie dans les troubles alimentaires p\u00e9diatriques. ???? Date\u2026","_links":{"self":[{"href":"https:\/\/afkp.fr\/index.php\/wp-json\/wp\/v2\/mec-events\/5940","targetHints":{"allow":["GET"]}}],"collection":[{"href":"https:\/\/afkp.fr\/index.php\/wp-json\/wp\/v2\/mec-events"}],"about":[{"href":"https:\/\/afkp.fr\/index.php\/wp-json\/wp\/v2\/types\/mec-events"}],"author":[{"embeddable":true,"href":"https:\/\/afkp.fr\/index.php\/wp-json\/wp\/v2\/users\/109"}],"replies":[{"embeddable":true,"href":"https:\/\/afkp.fr\/index.php\/wp-json\/wp\/v2\/comments?post=5940"}],"wp:featuredmedia":[{"embeddable":true,"href":"https:\/\/afkp.fr\/index.php\/wp-json\/wp\/v2\/media\/5930"}],"wp:attachment":[{"href":"https:\/\/afkp.fr\/index.php\/wp-json\/wp\/v2\/media?parent=5940"}],"wp:term":[{"taxonomy":"post_tag","embeddable":true,"href":"https:\/\/afkp.fr\/index.php\/wp-json\/wp\/v2\/tags?post=5940"},{"taxonomy":"mec_category","embeddable":true,"href":"https:\/\/afkp.fr\/index.php\/wp-json\/wp\/v2\/mec_category?post=5940"}],"curies":[{"name":"wp","href":"https:\/\/api.w.org\/{rel}","templated":true}]}}