{"id":6222,"date":"2024-05-16T22:09:03","date_gmt":"2024-05-16T20:09:03","guid":{"rendered":"https:\/\/afkp.fr\/?post_type=mec-events&#038;p=6222"},"modified":"2024-05-26T21:26:44","modified_gmt":"2024-05-26T19:26:44","slug":"la-theorie-de-lattachement-une-aide-pour-eclairer-la-pratique-des-kines","status":"publish","type":"mec-events","link":"https:\/\/afkp.fr\/index.php\/events\/la-theorie-de-lattachement-une-aide-pour-eclairer-la-pratique-des-kines\/","title":{"rendered":"La th\u00e9orie de l&rsquo;attachement, une aide pour \u00e9clairer la pratique des kin\u00e9s"},"content":{"rendered":"<p>L&rsquo;AKPBFC a le plaisir de convier ses adh\u00e9rents ainsi que ceux de l&rsquo;AFKP \u00e0 une soir\u00e9e en visioconf\u00e9rence le 11 juin prochain \u00e0 20h autour de \u00ab\u00a0la th\u00e9orie de l&rsquo;attachement\u00a0\u00bb. Olivia Troupel, docteure et ma\u00eetre de conf\u00e9rence en psychologie de l&rsquo;enfant, nous fait l&rsquo;honneur d&rsquo;animer cette soir\u00e9e. Au plaisir de vous y retrouver !<\/p>\n","protected":false},"excerpt":{"rendered":"<p>VISIO conf\u00e9rence<br \/>\nuniquement pour adh\u00e9rents, gratuit<\/p>\n","protected":false},"author":358,"featured_media":6223,"comment_status":"open","ping_status":"closed","template":"","meta":{"_acf_changed":false,"content-type":"","_uag_custom_page_level_css":"","site-sidebar-layout":"default","site-content-layout":"","ast-site-content-layout":"default","site-content-style":"default","site-sidebar-style":"default","ast-global-header-display":"","ast-banner-title-visibility":"","ast-main-header-display":"","ast-hfb-above-header-display":"","ast-hfb-below-header-display":"","ast-hfb-mobile-header-display":"","site-post-title":"","ast-breadcrumbs-content":"","ast-featured-img":"","footer-sml-layout":"","ast-disable-related-posts":"","theme-transparent-header-meta":"default","adv-header-id-meta":"","stick-header-meta":"","header-above-stick-meta":"","header-main-stick-meta":"","header-below-stick-meta":"","astra-migrate-meta-layouts":"set","ast-page-background-enabled":"default","ast-page-background-meta":{"desktop":{"background-color":"","background-image":"","background-repeat":"repeat","background-position":"center center","background-size":"auto","background-attachment":"scroll","background-type":"","background-media":"","overlay-type":"","overlay-color":"","overlay-opacity":"","overlay-gradient":""},"tablet":{"background-color":"","background-image":"","background-repeat":"repeat","background-position":"center center","background-size":"auto","background-attachment":"scroll","background-type":"","background-media":"","overlay-type":"","overlay-color":"","overlay-opacity":"","overlay-gradient":""},"mobile":{"background-color":"","background-image":"","background-repeat":"repeat","background-position":"center center","background-size":"auto","background-attachment":"scroll","background-type":"","background-media":"","overlay-type":"","overlay-color":"","overlay-opacity":"","overlay-gradient":""}},"ast-content-background-meta":{"desktop":{"background-color":"var(--ast-global-color-5)","background-image":"","background-repeat":"repeat","background-position":"center center","background-size":"auto","background-attachment":"scroll","background-type":"","background-media":"","overlay-type":"","overlay-color":"","overlay-opacity":"","overlay-gradient":""},"tablet":{"background-color":"var(--ast-global-color-5)","background-image":"","background-repeat":"repeat","background-position":"center center","background-size":"auto","background-attachment":"scroll","background-type":"","background-media":"","overlay-type":"","overlay-color":"","overlay-opacity":"","overlay-gradient":""},"mobile":{"background-color":"var(--ast-global-color-5)","background-image":"","background-repeat":"repeat","background-position":"center center","background-size":"auto","background-attachment":"scroll","background-type":"","background-media":"","overlay-type":"","overlay-color":"","overlay-opacity":"","overlay-gradient":""}}},"tags":[],"mec_category":[73],"class_list":["post-6222","mec-events","type-mec-events","status-publish","has-post-thumbnail","hentry","mec_category-webinaire"],"acf":[],"yoast_head":"<!-- This site is optimized with the Yoast SEO plugin v27.5 - https:\/\/yoast.com\/product\/yoast-seo-wordpress\/ -->\n<title>La th\u00e9orie de l&#039;attachement, une aide pour \u00e9clairer la pratique des kin\u00e9s - AFKP<\/title>\n<meta name=\"description\" content=\"L&#039;AKPBFC a le plaisir de convier ses adh\u00e9rents ainsi que ceux de l&#039;AFKP \u00e0 une soir\u00e9e en visioconf\u00e9rence le 11 juin prochain \u00e0 20h autour de &quot;la th\u00e9orie de l&#039;attachement&quot;. Olivia Troupel, docteure et ma\u00eetre de conf\u00e9rence en psychologie de l&#039;enfant, nous fait l&#039;honneur d&#039;animer cette soir\u00e9e. Au plaisir de vous y retrouver !\" \/>\n<meta name=\"robots\" content=\"index, follow, max-snippet:-1, max-image-preview:large, max-video-preview:-1\" \/>\n<link rel=\"canonical\" href=\"https:\/\/afkp.fr\/index.php\/events\/la-theorie-de-lattachement-une-aide-pour-eclairer-la-pratique-des-kines\/\" \/>\n<meta property=\"og:locale\" content=\"fr_FR\" \/>\n<meta property=\"og:type\" content=\"article\" \/>\n<meta property=\"og:title\" content=\"La th\u00e9orie de l&#039;attachement, une aide pour \u00e9clairer la pratique des kin\u00e9s - AFKP\" \/>\n<meta property=\"og:description\" content=\"L&#039;AKPBFC a le plaisir de convier ses adh\u00e9rents ainsi que ceux de l&#039;AFKP \u00e0 une soir\u00e9e en visioconf\u00e9rence le 11 juin prochain \u00e0 20h autour de &quot;la th\u00e9orie de l&#039;attachement&quot;. Olivia Troupel, docteure et ma\u00eetre de conf\u00e9rence en psychologie de l&#039;enfant, nous fait l&#039;honneur d&#039;animer cette soir\u00e9e. Au plaisir de vous y retrouver !\" \/>\n<meta property=\"og:url\" content=\"https:\/\/afkp.fr\/index.php\/events\/la-theorie-de-lattachement-une-aide-pour-eclairer-la-pratique-des-kines\/\" \/>\n<meta property=\"og:site_name\" content=\"AFKP\" \/>\n<meta property=\"article:publisher\" content=\"https:\/\/www.facebook.com\/afkpedia\" \/>\n<meta property=\"article:modified_time\" content=\"2024-05-26T19:26:44+00:00\" \/>\n<meta property=\"og:image\" content=\"https:\/\/afkp.fr\/wp-content\/uploads\/2024\/05\/PHOTO-2024-05-07-20-58-21.jpg\" \/>\n\t<meta property=\"og:image:width\" content=\"1414\" \/>\n\t<meta property=\"og:image:height\" content=\"2000\" \/>\n\t<meta property=\"og:image:type\" content=\"image\/jpeg\" \/>\n<meta name=\"twitter:card\" content=\"summary_large_image\" \/>\n<meta name=\"twitter:label1\" content=\"Dur\u00e9e de lecture estim\u00e9e\" \/>\n\t<meta name=\"twitter:data1\" content=\"1 minute\" \/>\n<script type=\"application\/ld+json\" class=\"yoast-schema-graph\">{\"@context\":\"https:\\\/\\\/schema.org\",\"@graph\":[{\"@type\":\"WebPage\",\"@id\":\"https:\\\/\\\/afkp.fr\\\/index.php\\\/events\\\/la-theorie-de-lattachement-une-aide-pour-eclairer-la-pratique-des-kines\\\/\",\"url\":\"https:\\\/\\\/afkp.fr\\\/index.php\\\/events\\\/la-theorie-de-lattachement-une-aide-pour-eclairer-la-pratique-des-kines\\\/\",\"name\":\"La th\u00e9orie de l'attachement, une aide pour \u00e9clairer la pratique des kin\u00e9s - AFKP\",\"isPartOf\":{\"@id\":\"https:\\\/\\\/afkp.fr\\\/#website\"},\"primaryImageOfPage\":{\"@id\":\"https:\\\/\\\/afkp.fr\\\/index.php\\\/events\\\/la-theorie-de-lattachement-une-aide-pour-eclairer-la-pratique-des-kines\\\/#primaryimage\"},\"image\":{\"@id\":\"https:\\\/\\\/afkp.fr\\\/index.php\\\/events\\\/la-theorie-de-lattachement-une-aide-pour-eclairer-la-pratique-des-kines\\\/#primaryimage\"},\"thumbnailUrl\":\"https:\\\/\\\/afkp.fr\\\/wp-content\\\/uploads\\\/2024\\\/05\\\/PHOTO-2024-05-07-20-58-21.jpg\",\"datePublished\":\"2024-05-16T20:09:03+00:00\",\"dateModified\":\"2024-05-26T19:26:44+00:00\",\"description\":\"L'AKPBFC a le plaisir de convier ses adh\u00e9rents ainsi que ceux de l'AFKP \u00e0 une soir\u00e9e en visioconf\u00e9rence le 11 juin prochain \u00e0 20h autour de \\\"la th\u00e9orie de l'attachement\\\". Olivia Troupel, docteure et ma\u00eetre de conf\u00e9rence en psychologie de l'enfant, nous fait l'honneur d'animer cette soir\u00e9e. Au plaisir de vous y retrouver !\",\"breadcrumb\":{\"@id\":\"https:\\\/\\\/afkp.fr\\\/index.php\\\/events\\\/la-theorie-de-lattachement-une-aide-pour-eclairer-la-pratique-des-kines\\\/#breadcrumb\"},\"inLanguage\":\"fr-FR\",\"potentialAction\":[{\"@type\":\"ReadAction\",\"target\":[\"https:\\\/\\\/afkp.fr\\\/index.php\\\/events\\\/la-theorie-de-lattachement-une-aide-pour-eclairer-la-pratique-des-kines\\\/\"]}]},{\"@type\":\"ImageObject\",\"inLanguage\":\"fr-FR\",\"@id\":\"https:\\\/\\\/afkp.fr\\\/index.php\\\/events\\\/la-theorie-de-lattachement-une-aide-pour-eclairer-la-pratique-des-kines\\\/#primaryimage\",\"url\":\"https:\\\/\\\/afkp.fr\\\/wp-content\\\/uploads\\\/2024\\\/05\\\/PHOTO-2024-05-07-20-58-21.jpg\",\"contentUrl\":\"https:\\\/\\\/afkp.fr\\\/wp-content\\\/uploads\\\/2024\\\/05\\\/PHOTO-2024-05-07-20-58-21.jpg\",\"width\":1414,\"height\":2000},{\"@type\":\"BreadcrumbList\",\"@id\":\"https:\\\/\\\/afkp.fr\\\/index.php\\\/events\\\/la-theorie-de-lattachement-une-aide-pour-eclairer-la-pratique-des-kines\\\/#breadcrumb\",\"itemListElement\":[{\"@type\":\"ListItem\",\"position\":1,\"name\":\"Accueil\",\"item\":\"https:\\\/\\\/afkp.fr\\\/\"},{\"@type\":\"ListItem\",\"position\":2,\"name\":\"\u00c9v\u00e9nements\",\"item\":\"https:\\\/\\\/afkp.fr\\\/index.php\\\/events\\\/\"},{\"@type\":\"ListItem\",\"position\":3,\"name\":\"La th\u00e9orie de l&#8217;attachement, une aide pour \u00e9clairer la pratique des kin\u00e9s\"}]},{\"@type\":\"WebSite\",\"@id\":\"https:\\\/\\\/afkp.fr\\\/#website\",\"url\":\"https:\\\/\\\/afkp.fr\\\/\",\"name\":\"AFKP\",\"description\":\"Association Fran\u00e7aise de Kin\u00e9sith\u00e9rapie P\u00e9diatrique\",\"publisher\":{\"@id\":\"https:\\\/\\\/afkp.fr\\\/#organization\"},\"potentialAction\":[{\"@type\":\"SearchAction\",\"target\":{\"@type\":\"EntryPoint\",\"urlTemplate\":\"https:\\\/\\\/afkp.fr\\\/?s={search_term_string}\"},\"query-input\":{\"@type\":\"PropertyValueSpecification\",\"valueRequired\":true,\"valueName\":\"search_term_string\"}}],\"inLanguage\":\"fr-FR\"},{\"@type\":\"Organization\",\"@id\":\"https:\\\/\\\/afkp.fr\\\/#organization\",\"name\":\"Association Fran\u00e7aise de Kin\u00e9sith\u00e9rapie P\u00e9diatrique\",\"url\":\"https:\\\/\\\/afkp.fr\\\/\",\"logo\":{\"@type\":\"ImageObject\",\"inLanguage\":\"fr-FR\",\"@id\":\"https:\\\/\\\/afkp.fr\\\/#\\\/schema\\\/logo\\\/image\\\/\",\"url\":\"https:\\\/\\\/afkp.fr\\\/wp-content\\\/uploads\\\/2023\\\/03\\\/cropped-cropped-cropped-cropped-cropped-cropped-logo-officiel-2023-180.png\",\"contentUrl\":\"https:\\\/\\\/afkp.fr\\\/wp-content\\\/uploads\\\/2023\\\/03\\\/cropped-cropped-cropped-cropped-cropped-cropped-logo-officiel-2023-180.png\",\"width\":178,\"height\":156,\"caption\":\"Association Fran\u00e7aise de Kin\u00e9sith\u00e9rapie P\u00e9diatrique\"},\"image\":{\"@id\":\"https:\\\/\\\/afkp.fr\\\/#\\\/schema\\\/logo\\\/image\\\/\"},\"sameAs\":[\"https:\\\/\\\/www.facebook.com\\\/afkpedia\",\"https:\\\/\\\/www.instagram.com\\\/assofrancaisedekinepediatrique\\\/\",\"https:\\\/\\\/www.linkedin.com\\\/in\\\/association-franaise-de-kinsithrapie-pdiatrique-249635268\\\/\"]}]}<\/script>\n<!-- \/ Yoast SEO plugin. -->","yoast_head_json":{"title":"La th\u00e9orie de l'attachement, une aide pour \u00e9clairer la pratique des kin\u00e9s - AFKP","description":"L'AKPBFC a le plaisir de convier ses adh\u00e9rents ainsi que ceux de l'AFKP \u00e0 une soir\u00e9e en visioconf\u00e9rence le 11 juin prochain \u00e0 20h autour de \"la th\u00e9orie de l'attachement\". Olivia Troupel, docteure et ma\u00eetre de conf\u00e9rence en psychologie de l'enfant, nous fait l'honneur d'animer cette soir\u00e9e. Au plaisir de vous y retrouver !","robots":{"index":"index","follow":"follow","max-snippet":"max-snippet:-1","max-image-preview":"max-image-preview:large","max-video-preview":"max-video-preview:-1"},"canonical":"https:\/\/afkp.fr\/index.php\/events\/la-theorie-de-lattachement-une-aide-pour-eclairer-la-pratique-des-kines\/","og_locale":"fr_FR","og_type":"article","og_title":"La th\u00e9orie de l'attachement, une aide pour \u00e9clairer la pratique des kin\u00e9s - AFKP","og_description":"L'AKPBFC a le plaisir de convier ses adh\u00e9rents ainsi que ceux de l'AFKP \u00e0 une soir\u00e9e en visioconf\u00e9rence le 11 juin prochain \u00e0 20h autour de \"la th\u00e9orie de l'attachement\". Olivia Troupel, docteure et ma\u00eetre de conf\u00e9rence en psychologie de l'enfant, nous fait l'honneur d'animer cette soir\u00e9e. Au plaisir de vous y retrouver !","og_url":"https:\/\/afkp.fr\/index.php\/events\/la-theorie-de-lattachement-une-aide-pour-eclairer-la-pratique-des-kines\/","og_site_name":"AFKP","article_publisher":"https:\/\/www.facebook.com\/afkpedia","article_modified_time":"2024-05-26T19:26:44+00:00","og_image":[{"width":1414,"height":2000,"url":"https:\/\/afkp.fr\/wp-content\/uploads\/2024\/05\/PHOTO-2024-05-07-20-58-21.jpg","type":"image\/jpeg"}],"twitter_card":"summary_large_image","twitter_misc":{"Dur\u00e9e de lecture estim\u00e9e":"1 minute"},"schema":{"@context":"https:\/\/schema.org","@graph":[{"@type":"WebPage","@id":"https:\/\/afkp.fr\/index.php\/events\/la-theorie-de-lattachement-une-aide-pour-eclairer-la-pratique-des-kines\/","url":"https:\/\/afkp.fr\/index.php\/events\/la-theorie-de-lattachement-une-aide-pour-eclairer-la-pratique-des-kines\/","name":"La th\u00e9orie de l'attachement, une aide pour \u00e9clairer la pratique des kin\u00e9s - AFKP","isPartOf":{"@id":"https:\/\/afkp.fr\/#website"},"primaryImageOfPage":{"@id":"https:\/\/afkp.fr\/index.php\/events\/la-theorie-de-lattachement-une-aide-pour-eclairer-la-pratique-des-kines\/#primaryimage"},"image":{"@id":"https:\/\/afkp.fr\/index.php\/events\/la-theorie-de-lattachement-une-aide-pour-eclairer-la-pratique-des-kines\/#primaryimage"},"thumbnailUrl":"https:\/\/afkp.fr\/wp-content\/uploads\/2024\/05\/PHOTO-2024-05-07-20-58-21.jpg","datePublished":"2024-05-16T20:09:03+00:00","dateModified":"2024-05-26T19:26:44+00:00","description":"L'AKPBFC a le plaisir de convier ses adh\u00e9rents ainsi que ceux de l'AFKP \u00e0 une soir\u00e9e en visioconf\u00e9rence le 11 juin prochain \u00e0 20h autour de \"la th\u00e9orie de l'attachement\". Olivia Troupel, docteure et ma\u00eetre de conf\u00e9rence en psychologie de l'enfant, nous fait l'honneur d'animer cette soir\u00e9e. Au plaisir de vous y retrouver !","breadcrumb":{"@id":"https:\/\/afkp.fr\/index.php\/events\/la-theorie-de-lattachement-une-aide-pour-eclairer-la-pratique-des-kines\/#breadcrumb"},"inLanguage":"fr-FR","potentialAction":[{"@type":"ReadAction","target":["https:\/\/afkp.fr\/index.php\/events\/la-theorie-de-lattachement-une-aide-pour-eclairer-la-pratique-des-kines\/"]}]},{"@type":"ImageObject","inLanguage":"fr-FR","@id":"https:\/\/afkp.fr\/index.php\/events\/la-theorie-de-lattachement-une-aide-pour-eclairer-la-pratique-des-kines\/#primaryimage","url":"https:\/\/afkp.fr\/wp-content\/uploads\/2024\/05\/PHOTO-2024-05-07-20-58-21.jpg","contentUrl":"https:\/\/afkp.fr\/wp-content\/uploads\/2024\/05\/PHOTO-2024-05-07-20-58-21.jpg","width":1414,"height":2000},{"@type":"BreadcrumbList","@id":"https:\/\/afkp.fr\/index.php\/events\/la-theorie-de-lattachement-une-aide-pour-eclairer-la-pratique-des-kines\/#breadcrumb","itemListElement":[{"@type":"ListItem","position":1,"name":"Accueil","item":"https:\/\/afkp.fr\/"},{"@type":"ListItem","position":2,"name":"\u00c9v\u00e9nements","item":"https:\/\/afkp.fr\/index.php\/events\/"},{"@type":"ListItem","position":3,"name":"La th\u00e9orie de l&#8217;attachement, une aide pour \u00e9clairer la pratique des kin\u00e9s"}]},{"@type":"WebSite","@id":"https:\/\/afkp.fr\/#website","url":"https:\/\/afkp.fr\/","name":"AFKP","description":"Association Fran\u00e7aise de Kin\u00e9sith\u00e9rapie P\u00e9diatrique","publisher":{"@id":"https:\/\/afkp.fr\/#organization"},"potentialAction":[{"@type":"SearchAction","target":{"@type":"EntryPoint","urlTemplate":"https:\/\/afkp.fr\/?s={search_term_string}"},"query-input":{"@type":"PropertyValueSpecification","valueRequired":true,"valueName":"search_term_string"}}],"inLanguage":"fr-FR"},{"@type":"Organization","@id":"https:\/\/afkp.fr\/#organization","name":"Association Fran\u00e7aise de Kin\u00e9sith\u00e9rapie P\u00e9diatrique","url":"https:\/\/afkp.fr\/","logo":{"@type":"ImageObject","inLanguage":"fr-FR","@id":"https:\/\/afkp.fr\/#\/schema\/logo\/image\/","url":"https:\/\/afkp.fr\/wp-content\/uploads\/2023\/03\/cropped-cropped-cropped-cropped-cropped-cropped-logo-officiel-2023-180.png","contentUrl":"https:\/\/afkp.fr\/wp-content\/uploads\/2023\/03\/cropped-cropped-cropped-cropped-cropped-cropped-logo-officiel-2023-180.png","width":178,"height":156,"caption":"Association Fran\u00e7aise de Kin\u00e9sith\u00e9rapie P\u00e9diatrique"},"image":{"@id":"https:\/\/afkp.fr\/#\/schema\/logo\/image\/"},"sameAs":["https:\/\/www.facebook.com\/afkpedia","https:\/\/www.instagram.com\/assofrancaisedekinepediatrique\/","https:\/\/www.linkedin.com\/in\/association-franaise-de-kinsithrapie-pdiatrique-249635268\/"]}]}},"uagb_featured_image_src":{"full":["https:\/\/afkp.fr\/wp-content\/uploads\/2024\/05\/PHOTO-2024-05-07-20-58-21.jpg",1414,2000,false],"thumbnail":["https:\/\/afkp.fr\/wp-content\/uploads\/2024\/05\/PHOTO-2024-05-07-20-58-21-150x150.jpg",150,150,true],"medium":["https:\/\/afkp.fr\/wp-content\/uploads\/2024\/05\/PHOTO-2024-05-07-20-58-21-212x300.jpg",212,300,true],"medium_large":["https:\/\/afkp.fr\/wp-content\/uploads\/2024\/05\/PHOTO-2024-05-07-20-58-21-768x1086.jpg",768,1086,true],"large":["https:\/\/afkp.fr\/wp-content\/uploads\/2024\/05\/PHOTO-2024-05-07-20-58-21-724x1024.jpg",724,1024,true],"thumblist":["https:\/\/afkp.fr\/wp-content\/uploads\/2024\/05\/PHOTO-2024-05-07-20-58-21-300x300.jpg",300,300,true],"thumbrelated":["https:\/\/afkp.fr\/wp-content\/uploads\/2024\/05\/PHOTO-2024-05-07-20-58-21-500x500.jpg",500,500,true],"meccarouselthumb":["https:\/\/afkp.fr\/wp-content\/uploads\/2024\/05\/PHOTO-2024-05-07-20-58-21-474x324.jpg",474,324,true],"gridsquare":["https:\/\/afkp.fr\/wp-content\/uploads\/2024\/05\/PHOTO-2024-05-07-20-58-21-391x260.jpg",391,260,true],"tileview":["https:\/\/afkp.fr\/wp-content\/uploads\/2024\/05\/PHOTO-2024-05-07-20-58-21-300x400.jpg",300,400,true],"1536x1536":["https:\/\/afkp.fr\/wp-content\/uploads\/2024\/05\/PHOTO-2024-05-07-20-58-21-1086x1536.jpg",1086,1536,true],"2048x2048":["https:\/\/afkp.fr\/wp-content\/uploads\/2024\/05\/PHOTO-2024-05-07-20-58-21.jpg",1414,2000,false]},"uagb_author_info":{"display_name":"akpbfc@gmail.com","author_link":"https:\/\/afkp.fr\/index.php\/author\/akpbfcgmail-com\/"},"uagb_comment_info":0,"uagb_excerpt":"VISIO conf\u00e9rence uniquement pour adh\u00e9rents, gratuit","_links":{"self":[{"href":"https:\/\/afkp.fr\/index.php\/wp-json\/wp\/v2\/mec-events\/6222","targetHints":{"allow":["GET"]}}],"collection":[{"href":"https:\/\/afkp.fr\/index.php\/wp-json\/wp\/v2\/mec-events"}],"about":[{"href":"https:\/\/afkp.fr\/index.php\/wp-json\/wp\/v2\/types\/mec-events"}],"author":[{"embeddable":true,"href":"https:\/\/afkp.fr\/index.php\/wp-json\/wp\/v2\/users\/358"}],"replies":[{"embeddable":true,"href":"https:\/\/afkp.fr\/index.php\/wp-json\/wp\/v2\/comments?post=6222"}],"wp:featuredmedia":[{"embeddable":true,"href":"https:\/\/afkp.fr\/index.php\/wp-json\/wp\/v2\/media\/6223"}],"wp:attachment":[{"href":"https:\/\/afkp.fr\/index.php\/wp-json\/wp\/v2\/media?parent=6222"}],"wp:term":[{"taxonomy":"post_tag","embeddable":true,"href":"https:\/\/afkp.fr\/index.php\/wp-json\/wp\/v2\/tags?post=6222"},{"taxonomy":"mec_category","embeddable":true,"href":"https:\/\/afkp.fr\/index.php\/wp-json\/wp\/v2\/mec_category?post=6222"}],"curies":[{"name":"wp","href":"https:\/\/api.w.org\/{rel}","templated":true}]}}