{"id":6242,"date":"2024-06-18T21:47:22","date_gmt":"2024-06-18T19:47:22","guid":{"rendered":"https:\/\/afkp.fr\/?post_type=mec-events&#038;p=6242"},"modified":"2024-06-18T21:47:22","modified_gmt":"2024-06-18T19:47:22","slug":"webinaire-dystrophie-musculaire-de-duchenne","status":"publish","type":"mec-events","link":"https:\/\/afkp.fr\/index.php\/events\/webinaire-dystrophie-musculaire-de-duchenne\/","title":{"rendered":"Webinaire Dystrophie musculaire de Duchenne"},"content":{"rendered":"<p>Nous avons l&rsquo;honneur d&rsquo;acceuilir Dr Nawell Hadouiri alias @dr_nawell2.0, Docteure en R\u00e9\u00e9ducation Neurologique (MPR) et Doctorante en th\u00e8se de sciences sur Dijon.<br \/>\nCe webinaire portera sur la dystrophie musculaire de Duchennes, et est \u00e0 destination des professionnels de sant\u00e9 (M\u00e9decin, param\u00e9dicaux)<br \/>\nLa participation est de 3\u20ac, si vous \u00eates adh\u00e9rent \u00e0 l&rsquo;association rdv dans votre bo\u00eete mail \ud83d\ude09<br \/>\nN&rsquo;oubliez pas de vous inscrire !<br \/>\nAu plaisir de vous retrouver<br \/>\nL&rsquo;\u00e9quipe KIPEDAL<\/p>\n","protected":false},"excerpt":{"rendered":"<p>Nous avons l&rsquo;honneur d&rsquo;acceuilir Dr Nawell Hadouiri alias @dr_nawell2.0, Docteure en R\u00e9\u00e9ducation Neurologique (MPR) et Doctorante en th\u00e8se de sciences sur Dijon.<br \/>\nCe webinaire portera sur la dystrophie musculaire de Duchennes, et est \u00e0 destination des professionnels de sant\u00e9 (M\u00e9decin, param\u00e9dicaux)<br \/>\nLa participation est de 3\u20ac, si vous \u00eates adh\u00e9rent \u00e0 l&rsquo;association rdv dans votre bo\u00eete mail \ud83d\ude09<br \/>\nN&rsquo;oubliez pas de vous inscrire !<br \/>\nAu plaisir de vous retrouver<br \/>\nL&rsquo;\u00e9quipe KIPEDAL<\/p>\n","protected":false},"author":365,"featured_media":6243,"comment_status":"open","ping_status":"closed","template":"","meta":{"_acf_changed":false,"content-type":"","_uag_custom_page_level_css":"","site-sidebar-layout":"default","site-content-layout":"","ast-site-content-layout":"default","site-content-style":"default","site-sidebar-style":"default","ast-global-header-display":"","ast-banner-title-visibility":"","ast-main-header-display":"","ast-hfb-above-header-display":"","ast-hfb-below-header-display":"","ast-hfb-mobile-header-display":"","site-post-title":"","ast-breadcrumbs-content":"","ast-featured-img":"","footer-sml-layout":"","ast-disable-related-posts":"","theme-transparent-header-meta":"","adv-header-id-meta":"","stick-header-meta":"","header-above-stick-meta":"","header-main-stick-meta":"","header-below-stick-meta":"","astra-migrate-meta-layouts":"default","ast-page-background-enabled":"default","ast-page-background-meta":{"desktop":{"background-color":"","background-image":"","background-repeat":"repeat","background-position":"center center","background-size":"auto","background-attachment":"scroll","background-type":"","background-media":"","overlay-type":"","overlay-color":"","overlay-opacity":"","overlay-gradient":""},"tablet":{"background-color":"","background-image":"","background-repeat":"repeat","background-position":"center center","background-size":"auto","background-attachment":"scroll","background-type":"","background-media":"","overlay-type":"","overlay-color":"","overlay-opacity":"","overlay-gradient":""},"mobile":{"background-color":"","background-image":"","background-repeat":"repeat","background-position":"center center","background-size":"auto","background-attachment":"scroll","background-type":"","background-media":"","overlay-type":"","overlay-color":"","overlay-opacity":"","overlay-gradient":""}},"ast-content-background-meta":{"desktop":{"background-color":"var(--ast-global-color-5)","background-image":"","background-repeat":"repeat","background-position":"center center","background-size":"auto","background-attachment":"scroll","background-type":"","background-media":"","overlay-type":"","overlay-color":"","overlay-opacity":"","overlay-gradient":""},"tablet":{"background-color":"var(--ast-global-color-5)","background-image":"","background-repeat":"repeat","background-position":"center center","background-size":"auto","background-attachment":"scroll","background-type":"","background-media":"","overlay-type":"","overlay-color":"","overlay-opacity":"","overlay-gradient":""},"mobile":{"background-color":"var(--ast-global-color-5)","background-image":"","background-repeat":"repeat","background-position":"center center","background-size":"auto","background-attachment":"scroll","background-type":"","background-media":"","overlay-type":"","overlay-color":"","overlay-opacity":"","overlay-gradient":""}}},"tags":[],"mec_category":[73],"class_list":["post-6242","mec-events","type-mec-events","status-publish","has-post-thumbnail","hentry","mec_category-webinaire"],"acf":[],"yoast_head":"<!-- This site is optimized with the Yoast SEO plugin v27.5 - https:\/\/yoast.com\/product\/yoast-seo-wordpress\/ -->\n<title>Webinaire Dystrophie musculaire de Duchenne - AFKP<\/title>\n<meta name=\"robots\" content=\"index, follow, max-snippet:-1, max-image-preview:large, max-video-preview:-1\" \/>\n<link rel=\"canonical\" href=\"https:\/\/afkp.fr\/index.php\/events\/webinaire-dystrophie-musculaire-de-duchenne\/\" \/>\n<meta property=\"og:locale\" content=\"fr_FR\" \/>\n<meta property=\"og:type\" content=\"article\" \/>\n<meta property=\"og:title\" content=\"Webinaire Dystrophie musculaire de Duchenne - AFKP\" \/>\n<meta property=\"og:description\" content=\"Nous avons l&#039;honneur d&#039;acceuilir Dr Nawell Hadouiri alias @dr_nawell2.0, Docteure en R\u00e9\u00e9ducation Neurologique (MPR) et Doctorante en th\u00e8se de sciences sur Dijon. Ce webinaire portera sur la dystrophie musculaire de Duchennes, et est \u00e0 destination des professionnels de sant\u00e9 (M\u00e9decin, param\u00e9dicaux) La participation est de 3\u20ac, si vous \u00eates adh\u00e9rent \u00e0 l&#039;association rdv dans votre bo\u00eete mail ;) N&#039;oubliez pas de vous inscrire ! Au plaisir de vous retrouver L&#039;\u00e9quipe KIPEDAL\" \/>\n<meta property=\"og:url\" content=\"https:\/\/afkp.fr\/index.php\/events\/webinaire-dystrophie-musculaire-de-duchenne\/\" \/>\n<meta property=\"og:site_name\" content=\"AFKP\" \/>\n<meta property=\"article:publisher\" content=\"https:\/\/www.facebook.com\/afkpedia\" \/>\n<meta property=\"og:image\" content=\"https:\/\/afkp.fr\/wp-content\/uploads\/2024\/05\/Kipedal-webinaire-Nawell-1-1.jpg\" \/>\n\t<meta property=\"og:image:width\" content=\"1080\" \/>\n\t<meta property=\"og:image:height\" content=\"1080\" \/>\n\t<meta property=\"og:image:type\" content=\"image\/jpeg\" \/>\n<meta name=\"twitter:card\" content=\"summary_large_image\" \/>\n<script type=\"application\/ld+json\" class=\"yoast-schema-graph\">{\"@context\":\"https:\\\/\\\/schema.org\",\"@graph\":[{\"@type\":\"WebPage\",\"@id\":\"https:\\\/\\\/afkp.fr\\\/index.php\\\/events\\\/webinaire-dystrophie-musculaire-de-duchenne\\\/\",\"url\":\"https:\\\/\\\/afkp.fr\\\/index.php\\\/events\\\/webinaire-dystrophie-musculaire-de-duchenne\\\/\",\"name\":\"Webinaire Dystrophie musculaire de Duchenne - AFKP\",\"isPartOf\":{\"@id\":\"https:\\\/\\\/afkp.fr\\\/#website\"},\"primaryImageOfPage\":{\"@id\":\"https:\\\/\\\/afkp.fr\\\/index.php\\\/events\\\/webinaire-dystrophie-musculaire-de-duchenne\\\/#primaryimage\"},\"image\":{\"@id\":\"https:\\\/\\\/afkp.fr\\\/index.php\\\/events\\\/webinaire-dystrophie-musculaire-de-duchenne\\\/#primaryimage\"},\"thumbnailUrl\":\"https:\\\/\\\/afkp.fr\\\/wp-content\\\/uploads\\\/2024\\\/05\\\/Kipedal-webinaire-Nawell-1-1.jpg\",\"datePublished\":\"2024-06-18T19:47:22+00:00\",\"breadcrumb\":{\"@id\":\"https:\\\/\\\/afkp.fr\\\/index.php\\\/events\\\/webinaire-dystrophie-musculaire-de-duchenne\\\/#breadcrumb\"},\"inLanguage\":\"fr-FR\",\"potentialAction\":[{\"@type\":\"ReadAction\",\"target\":[\"https:\\\/\\\/afkp.fr\\\/index.php\\\/events\\\/webinaire-dystrophie-musculaire-de-duchenne\\\/\"]}]},{\"@type\":\"ImageObject\",\"inLanguage\":\"fr-FR\",\"@id\":\"https:\\\/\\\/afkp.fr\\\/index.php\\\/events\\\/webinaire-dystrophie-musculaire-de-duchenne\\\/#primaryimage\",\"url\":\"https:\\\/\\\/afkp.fr\\\/wp-content\\\/uploads\\\/2024\\\/05\\\/Kipedal-webinaire-Nawell-1-1.jpg\",\"contentUrl\":\"https:\\\/\\\/afkp.fr\\\/wp-content\\\/uploads\\\/2024\\\/05\\\/Kipedal-webinaire-Nawell-1-1.jpg\",\"width\":1080,\"height\":1080},{\"@type\":\"BreadcrumbList\",\"@id\":\"https:\\\/\\\/afkp.fr\\\/index.php\\\/events\\\/webinaire-dystrophie-musculaire-de-duchenne\\\/#breadcrumb\",\"itemListElement\":[{\"@type\":\"ListItem\",\"position\":1,\"name\":\"Accueil\",\"item\":\"https:\\\/\\\/afkp.fr\\\/\"},{\"@type\":\"ListItem\",\"position\":2,\"name\":\"\u00c9v\u00e9nements\",\"item\":\"https:\\\/\\\/afkp.fr\\\/index.php\\\/events\\\/\"},{\"@type\":\"ListItem\",\"position\":3,\"name\":\"Webinaire Dystrophie musculaire de Duchenne\"}]},{\"@type\":\"WebSite\",\"@id\":\"https:\\\/\\\/afkp.fr\\\/#website\",\"url\":\"https:\\\/\\\/afkp.fr\\\/\",\"name\":\"AFKP\",\"description\":\"Association Fran\u00e7aise de Kin\u00e9sith\u00e9rapie P\u00e9diatrique\",\"publisher\":{\"@id\":\"https:\\\/\\\/afkp.fr\\\/#organization\"},\"potentialAction\":[{\"@type\":\"SearchAction\",\"target\":{\"@type\":\"EntryPoint\",\"urlTemplate\":\"https:\\\/\\\/afkp.fr\\\/?s={search_term_string}\"},\"query-input\":{\"@type\":\"PropertyValueSpecification\",\"valueRequired\":true,\"valueName\":\"search_term_string\"}}],\"inLanguage\":\"fr-FR\"},{\"@type\":\"Organization\",\"@id\":\"https:\\\/\\\/afkp.fr\\\/#organization\",\"name\":\"Association Fran\u00e7aise de Kin\u00e9sith\u00e9rapie P\u00e9diatrique\",\"url\":\"https:\\\/\\\/afkp.fr\\\/\",\"logo\":{\"@type\":\"ImageObject\",\"inLanguage\":\"fr-FR\",\"@id\":\"https:\\\/\\\/afkp.fr\\\/#\\\/schema\\\/logo\\\/image\\\/\",\"url\":\"https:\\\/\\\/afkp.fr\\\/wp-content\\\/uploads\\\/2023\\\/03\\\/cropped-cropped-cropped-cropped-cropped-cropped-logo-officiel-2023-180.png\",\"contentUrl\":\"https:\\\/\\\/afkp.fr\\\/wp-content\\\/uploads\\\/2023\\\/03\\\/cropped-cropped-cropped-cropped-cropped-cropped-logo-officiel-2023-180.png\",\"width\":178,\"height\":156,\"caption\":\"Association Fran\u00e7aise de Kin\u00e9sith\u00e9rapie P\u00e9diatrique\"},\"image\":{\"@id\":\"https:\\\/\\\/afkp.fr\\\/#\\\/schema\\\/logo\\\/image\\\/\"},\"sameAs\":[\"https:\\\/\\\/www.facebook.com\\\/afkpedia\",\"https:\\\/\\\/www.instagram.com\\\/assofrancaisedekinepediatrique\\\/\",\"https:\\\/\\\/www.linkedin.com\\\/in\\\/association-franaise-de-kinsithrapie-pdiatrique-249635268\\\/\"]}]}<\/script>\n<!-- \/ Yoast SEO plugin. -->","yoast_head_json":{"title":"Webinaire Dystrophie musculaire de Duchenne - AFKP","robots":{"index":"index","follow":"follow","max-snippet":"max-snippet:-1","max-image-preview":"max-image-preview:large","max-video-preview":"max-video-preview:-1"},"canonical":"https:\/\/afkp.fr\/index.php\/events\/webinaire-dystrophie-musculaire-de-duchenne\/","og_locale":"fr_FR","og_type":"article","og_title":"Webinaire Dystrophie musculaire de Duchenne - AFKP","og_description":"Nous avons l'honneur d'acceuilir Dr Nawell Hadouiri alias @dr_nawell2.0, Docteure en R\u00e9\u00e9ducation Neurologique (MPR) et Doctorante en th\u00e8se de sciences sur Dijon. Ce webinaire portera sur la dystrophie musculaire de Duchennes, et est \u00e0 destination des professionnels de sant\u00e9 (M\u00e9decin, param\u00e9dicaux) La participation est de 3\u20ac, si vous \u00eates adh\u00e9rent \u00e0 l'association rdv dans votre bo\u00eete mail ;) N'oubliez pas de vous inscrire ! Au plaisir de vous retrouver L'\u00e9quipe KIPEDAL","og_url":"https:\/\/afkp.fr\/index.php\/events\/webinaire-dystrophie-musculaire-de-duchenne\/","og_site_name":"AFKP","article_publisher":"https:\/\/www.facebook.com\/afkpedia","og_image":[{"width":1080,"height":1080,"url":"https:\/\/afkp.fr\/wp-content\/uploads\/2024\/05\/Kipedal-webinaire-Nawell-1-1.jpg","type":"image\/jpeg"}],"twitter_card":"summary_large_image","schema":{"@context":"https:\/\/schema.org","@graph":[{"@type":"WebPage","@id":"https:\/\/afkp.fr\/index.php\/events\/webinaire-dystrophie-musculaire-de-duchenne\/","url":"https:\/\/afkp.fr\/index.php\/events\/webinaire-dystrophie-musculaire-de-duchenne\/","name":"Webinaire Dystrophie musculaire de Duchenne - AFKP","isPartOf":{"@id":"https:\/\/afkp.fr\/#website"},"primaryImageOfPage":{"@id":"https:\/\/afkp.fr\/index.php\/events\/webinaire-dystrophie-musculaire-de-duchenne\/#primaryimage"},"image":{"@id":"https:\/\/afkp.fr\/index.php\/events\/webinaire-dystrophie-musculaire-de-duchenne\/#primaryimage"},"thumbnailUrl":"https:\/\/afkp.fr\/wp-content\/uploads\/2024\/05\/Kipedal-webinaire-Nawell-1-1.jpg","datePublished":"2024-06-18T19:47:22+00:00","breadcrumb":{"@id":"https:\/\/afkp.fr\/index.php\/events\/webinaire-dystrophie-musculaire-de-duchenne\/#breadcrumb"},"inLanguage":"fr-FR","potentialAction":[{"@type":"ReadAction","target":["https:\/\/afkp.fr\/index.php\/events\/webinaire-dystrophie-musculaire-de-duchenne\/"]}]},{"@type":"ImageObject","inLanguage":"fr-FR","@id":"https:\/\/afkp.fr\/index.php\/events\/webinaire-dystrophie-musculaire-de-duchenne\/#primaryimage","url":"https:\/\/afkp.fr\/wp-content\/uploads\/2024\/05\/Kipedal-webinaire-Nawell-1-1.jpg","contentUrl":"https:\/\/afkp.fr\/wp-content\/uploads\/2024\/05\/Kipedal-webinaire-Nawell-1-1.jpg","width":1080,"height":1080},{"@type":"BreadcrumbList","@id":"https:\/\/afkp.fr\/index.php\/events\/webinaire-dystrophie-musculaire-de-duchenne\/#breadcrumb","itemListElement":[{"@type":"ListItem","position":1,"name":"Accueil","item":"https:\/\/afkp.fr\/"},{"@type":"ListItem","position":2,"name":"\u00c9v\u00e9nements","item":"https:\/\/afkp.fr\/index.php\/events\/"},{"@type":"ListItem","position":3,"name":"Webinaire Dystrophie musculaire de Duchenne"}]},{"@type":"WebSite","@id":"https:\/\/afkp.fr\/#website","url":"https:\/\/afkp.fr\/","name":"AFKP","description":"Association Fran\u00e7aise de Kin\u00e9sith\u00e9rapie P\u00e9diatrique","publisher":{"@id":"https:\/\/afkp.fr\/#organization"},"potentialAction":[{"@type":"SearchAction","target":{"@type":"EntryPoint","urlTemplate":"https:\/\/afkp.fr\/?s={search_term_string}"},"query-input":{"@type":"PropertyValueSpecification","valueRequired":true,"valueName":"search_term_string"}}],"inLanguage":"fr-FR"},{"@type":"Organization","@id":"https:\/\/afkp.fr\/#organization","name":"Association Fran\u00e7aise de Kin\u00e9sith\u00e9rapie P\u00e9diatrique","url":"https:\/\/afkp.fr\/","logo":{"@type":"ImageObject","inLanguage":"fr-FR","@id":"https:\/\/afkp.fr\/#\/schema\/logo\/image\/","url":"https:\/\/afkp.fr\/wp-content\/uploads\/2023\/03\/cropped-cropped-cropped-cropped-cropped-cropped-logo-officiel-2023-180.png","contentUrl":"https:\/\/afkp.fr\/wp-content\/uploads\/2023\/03\/cropped-cropped-cropped-cropped-cropped-cropped-logo-officiel-2023-180.png","width":178,"height":156,"caption":"Association Fran\u00e7aise de Kin\u00e9sith\u00e9rapie P\u00e9diatrique"},"image":{"@id":"https:\/\/afkp.fr\/#\/schema\/logo\/image\/"},"sameAs":["https:\/\/www.facebook.com\/afkpedia","https:\/\/www.instagram.com\/assofrancaisedekinepediatrique\/","https:\/\/www.linkedin.com\/in\/association-franaise-de-kinsithrapie-pdiatrique-249635268\/"]}]}},"uagb_featured_image_src":{"full":["https:\/\/afkp.fr\/wp-content\/uploads\/2024\/05\/Kipedal-webinaire-Nawell-1-1.jpg",1080,1080,false],"thumbnail":["https:\/\/afkp.fr\/wp-content\/uploads\/2024\/05\/Kipedal-webinaire-Nawell-1-1-150x150.jpg",150,150,true],"medium":["https:\/\/afkp.fr\/wp-content\/uploads\/2024\/05\/Kipedal-webinaire-Nawell-1-1-300x300.jpg",300,300,true],"medium_large":["https:\/\/afkp.fr\/wp-content\/uploads\/2024\/05\/Kipedal-webinaire-Nawell-1-1-768x768.jpg",768,768,true],"large":["https:\/\/afkp.fr\/wp-content\/uploads\/2024\/05\/Kipedal-webinaire-Nawell-1-1-1024x1024.jpg",1024,1024,true],"thumblist":["https:\/\/afkp.fr\/wp-content\/uploads\/2024\/05\/Kipedal-webinaire-Nawell-1-1-300x300.jpg",300,300,true],"thumbrelated":["https:\/\/afkp.fr\/wp-content\/uploads\/2024\/05\/Kipedal-webinaire-Nawell-1-1-500x500.jpg",500,500,true],"meccarouselthumb":["https:\/\/afkp.fr\/wp-content\/uploads\/2024\/05\/Kipedal-webinaire-Nawell-1-1-474x324.jpg",474,324,true],"gridsquare":["https:\/\/afkp.fr\/wp-content\/uploads\/2024\/05\/Kipedal-webinaire-Nawell-1-1-391x260.jpg",391,260,true],"tileview":["https:\/\/afkp.fr\/wp-content\/uploads\/2024\/05\/Kipedal-webinaire-Nawell-1-1-300x400.jpg",300,400,true],"1536x1536":["https:\/\/afkp.fr\/wp-content\/uploads\/2024\/05\/Kipedal-webinaire-Nawell-1-1.jpg",1080,1080,false],"2048x2048":["https:\/\/afkp.fr\/wp-content\/uploads\/2024\/05\/Kipedal-webinaire-Nawell-1-1.jpg",1080,1080,false]},"uagb_author_info":{"display_name":"asso.kipedal@gmail.com","author_link":"https:\/\/afkp.fr\/index.php\/author\/asso-kipedalgmail-com\/"},"uagb_comment_info":0,"uagb_excerpt":"Nous avons l'honneur d'acceuilir Dr Nawell Hadouiri alias @dr_nawell2.0, Docteure en R\u00e9\u00e9ducation Neurologique (MPR) et Doctorante en th\u00e8se de sciences sur Dijon. Ce webinaire portera sur la dystrophie musculaire de Duchennes, et est \u00e0 destination des professionnels de sant\u00e9 (M\u00e9decin, param\u00e9dicaux) La participation est de 3\u20ac, si vous \u00eates adh\u00e9rent \u00e0 l'association rdv dans votre\u2026","_links":{"self":[{"href":"https:\/\/afkp.fr\/index.php\/wp-json\/wp\/v2\/mec-events\/6242","targetHints":{"allow":["GET"]}}],"collection":[{"href":"https:\/\/afkp.fr\/index.php\/wp-json\/wp\/v2\/mec-events"}],"about":[{"href":"https:\/\/afkp.fr\/index.php\/wp-json\/wp\/v2\/types\/mec-events"}],"author":[{"embeddable":true,"href":"https:\/\/afkp.fr\/index.php\/wp-json\/wp\/v2\/users\/365"}],"replies":[{"embeddable":true,"href":"https:\/\/afkp.fr\/index.php\/wp-json\/wp\/v2\/comments?post=6242"}],"wp:featuredmedia":[{"embeddable":true,"href":"https:\/\/afkp.fr\/index.php\/wp-json\/wp\/v2\/media\/6243"}],"wp:attachment":[{"href":"https:\/\/afkp.fr\/index.php\/wp-json\/wp\/v2\/media?parent=6242"}],"wp:term":[{"taxonomy":"post_tag","embeddable":true,"href":"https:\/\/afkp.fr\/index.php\/wp-json\/wp\/v2\/tags?post=6242"},{"taxonomy":"mec_category","embeddable":true,"href":"https:\/\/afkp.fr\/index.php\/wp-json\/wp\/v2\/mec_category?post=6242"}],"curies":[{"name":"wp","href":"https:\/\/api.w.org\/{rel}","templated":true}]}}