{"id":6320,"date":"2024-11-25T09:23:07","date_gmt":"2024-11-25T08:23:07","guid":{"rendered":"https:\/\/afkp.fr\/?post_type=mec-events&#038;p=6320"},"modified":"2024-11-25T09:23:07","modified_gmt":"2024-11-25T08:23:07","slug":"2eme-journee-de-congres-de-lassociation-neosens","status":"publish","type":"mec-events","link":"https:\/\/afkp.fr\/index.php\/events\/2eme-journee-de-congres-de-lassociation-neosens\/","title":{"rendered":"2\u00e8me Journ\u00e9e de Congr\u00e8s de l&rsquo;Association N\u00e9o&rsquo;Sens"},"content":{"rendered":"<p>Th\u00e8me \u00ab\u00a0La Famille\u00a0\u00bb<\/p>\n","protected":false},"excerpt":{"rendered":"<p>Journ\u00e9e de Congr\u00e8s pour \u00e9changer sur le th\u00e8me de la Famille au sein des services de N\u00e9onatalogie et Maternit\u00e9. De nombreuses interventions et ateliers de soignants de diverses professions et t\u00e9moignages de familles ou patients.<br \/>\nJourn\u00e9e ouverte \u00e0 tous publics avec pr\u00e9sence d&rsquo;artistes.<\/p>\n","protected":false},"author":376,"featured_media":6321,"comment_status":"open","ping_status":"closed","template":"","meta":{"_acf_changed":false,"content-type":"","_uag_custom_page_level_css":"","site-sidebar-layout":"default","site-content-layout":"","ast-site-content-layout":"default","site-content-style":"default","site-sidebar-style":"default","ast-global-header-display":"","ast-banner-title-visibility":"","ast-main-header-display":"","ast-hfb-above-header-display":"","ast-hfb-below-header-display":"","ast-hfb-mobile-header-display":"","site-post-title":"","ast-breadcrumbs-content":"","ast-featured-img":"","footer-sml-layout":"","ast-disable-related-posts":"","theme-transparent-header-meta":"","adv-header-id-meta":"","stick-header-meta":"","header-above-stick-meta":"","header-main-stick-meta":"","header-below-stick-meta":"","astra-migrate-meta-layouts":"default","ast-page-background-enabled":"default","ast-page-background-meta":{"desktop":{"background-color":"","background-image":"","background-repeat":"repeat","background-position":"center center","background-size":"auto","background-attachment":"scroll","background-type":"","background-media":"","overlay-type":"","overlay-color":"","overlay-opacity":"","overlay-gradient":""},"tablet":{"background-color":"","background-image":"","background-repeat":"repeat","background-position":"center center","background-size":"auto","background-attachment":"scroll","background-type":"","background-media":"","overlay-type":"","overlay-color":"","overlay-opacity":"","overlay-gradient":""},"mobile":{"background-color":"","background-image":"","background-repeat":"repeat","background-position":"center center","background-size":"auto","background-attachment":"scroll","background-type":"","background-media":"","overlay-type":"","overlay-color":"","overlay-opacity":"","overlay-gradient":""}},"ast-content-background-meta":{"desktop":{"background-color":"var(--ast-global-color-5)","background-image":"","background-repeat":"repeat","background-position":"center center","background-size":"auto","background-attachment":"scroll","background-type":"","background-media":"","overlay-type":"","overlay-color":"","overlay-opacity":"","overlay-gradient":""},"tablet":{"background-color":"var(--ast-global-color-5)","background-image":"","background-repeat":"repeat","background-position":"center center","background-size":"auto","background-attachment":"scroll","background-type":"","background-media":"","overlay-type":"","overlay-color":"","overlay-opacity":"","overlay-gradient":""},"mobile":{"background-color":"var(--ast-global-color-5)","background-image":"","background-repeat":"repeat","background-position":"center center","background-size":"auto","background-attachment":"scroll","background-type":"","background-media":"","overlay-type":"","overlay-color":"","overlay-opacity":"","overlay-gradient":""}}},"tags":[],"mec_category":[83],"class_list":["post-6320","mec-events","type-mec-events","status-publish","has-post-thumbnail","hentry","mec_category-congres"],"acf":[],"yoast_head":"<!-- This site is optimized with the Yoast SEO plugin v27.5 - https:\/\/yoast.com\/product\/yoast-seo-wordpress\/ -->\n<title>2\u00e8me Journ\u00e9e de Congr\u00e8s de l&#039;Association N\u00e9o&#039;Sens - AFKP<\/title>\n<meta name=\"robots\" content=\"index, follow, max-snippet:-1, max-image-preview:large, max-video-preview:-1\" \/>\n<link rel=\"canonical\" href=\"https:\/\/afkp.fr\/index.php\/events\/2eme-journee-de-congres-de-lassociation-neosens\/\" \/>\n<meta property=\"og:locale\" content=\"fr_FR\" \/>\n<meta property=\"og:type\" content=\"article\" \/>\n<meta property=\"og:title\" content=\"2\u00e8me Journ\u00e9e de Congr\u00e8s de l&#039;Association N\u00e9o&#039;Sens - AFKP\" \/>\n<meta property=\"og:description\" content=\"Journ\u00e9e de Congr\u00e8s pour \u00e9changer sur le th\u00e8me de la Famille au sein des services de N\u00e9onatalogie et Maternit\u00e9. De nombreuses interventions et ateliers de soignants de diverses professions et t\u00e9moignages de familles ou patients.  Journ\u00e9e ouverte \u00e0 tous publics avec pr\u00e9sence d&#039;artistes.\" \/>\n<meta property=\"og:url\" content=\"https:\/\/afkp.fr\/index.php\/events\/2eme-journee-de-congres-de-lassociation-neosens\/\" \/>\n<meta property=\"og:site_name\" content=\"AFKP\" \/>\n<meta property=\"article:publisher\" content=\"https:\/\/www.facebook.com\/afkpedia\" \/>\n<meta property=\"og:image\" content=\"https:\/\/afkp.fr\/wp-content\/uploads\/2024\/11\/PNG-Programme-1.png\" \/>\n\t<meta property=\"og:image:width\" content=\"1080\" \/>\n\t<meta property=\"og:image:height\" content=\"1350\" \/>\n\t<meta property=\"og:image:type\" content=\"image\/png\" \/>\n<meta name=\"twitter:card\" content=\"summary_large_image\" \/>\n<script type=\"application\/ld+json\" class=\"yoast-schema-graph\">{\"@context\":\"https:\\\/\\\/schema.org\",\"@graph\":[{\"@type\":\"WebPage\",\"@id\":\"https:\\\/\\\/afkp.fr\\\/index.php\\\/events\\\/2eme-journee-de-congres-de-lassociation-neosens\\\/\",\"url\":\"https:\\\/\\\/afkp.fr\\\/index.php\\\/events\\\/2eme-journee-de-congres-de-lassociation-neosens\\\/\",\"name\":\"2\u00e8me Journ\u00e9e de Congr\u00e8s de l'Association N\u00e9o'Sens - AFKP\",\"isPartOf\":{\"@id\":\"https:\\\/\\\/afkp.fr\\\/#website\"},\"primaryImageOfPage\":{\"@id\":\"https:\\\/\\\/afkp.fr\\\/index.php\\\/events\\\/2eme-journee-de-congres-de-lassociation-neosens\\\/#primaryimage\"},\"image\":{\"@id\":\"https:\\\/\\\/afkp.fr\\\/index.php\\\/events\\\/2eme-journee-de-congres-de-lassociation-neosens\\\/#primaryimage\"},\"thumbnailUrl\":\"https:\\\/\\\/afkp.fr\\\/wp-content\\\/uploads\\\/2024\\\/11\\\/PNG-Programme-1.png\",\"datePublished\":\"2024-11-25T08:23:07+00:00\",\"breadcrumb\":{\"@id\":\"https:\\\/\\\/afkp.fr\\\/index.php\\\/events\\\/2eme-journee-de-congres-de-lassociation-neosens\\\/#breadcrumb\"},\"inLanguage\":\"fr-FR\",\"potentialAction\":[{\"@type\":\"ReadAction\",\"target\":[\"https:\\\/\\\/afkp.fr\\\/index.php\\\/events\\\/2eme-journee-de-congres-de-lassociation-neosens\\\/\"]}]},{\"@type\":\"ImageObject\",\"inLanguage\":\"fr-FR\",\"@id\":\"https:\\\/\\\/afkp.fr\\\/index.php\\\/events\\\/2eme-journee-de-congres-de-lassociation-neosens\\\/#primaryimage\",\"url\":\"https:\\\/\\\/afkp.fr\\\/wp-content\\\/uploads\\\/2024\\\/11\\\/PNG-Programme-1.png\",\"contentUrl\":\"https:\\\/\\\/afkp.fr\\\/wp-content\\\/uploads\\\/2024\\\/11\\\/PNG-Programme-1.png\",\"width\":1080,\"height\":1350},{\"@type\":\"BreadcrumbList\",\"@id\":\"https:\\\/\\\/afkp.fr\\\/index.php\\\/events\\\/2eme-journee-de-congres-de-lassociation-neosens\\\/#breadcrumb\",\"itemListElement\":[{\"@type\":\"ListItem\",\"position\":1,\"name\":\"Accueil\",\"item\":\"https:\\\/\\\/afkp.fr\\\/\"},{\"@type\":\"ListItem\",\"position\":2,\"name\":\"\u00c9v\u00e9nements\",\"item\":\"https:\\\/\\\/afkp.fr\\\/index.php\\\/events\\\/\"},{\"@type\":\"ListItem\",\"position\":3,\"name\":\"2\u00e8me Journ\u00e9e de Congr\u00e8s de l&#8217;Association N\u00e9o&#8217;Sens\"}]},{\"@type\":\"WebSite\",\"@id\":\"https:\\\/\\\/afkp.fr\\\/#website\",\"url\":\"https:\\\/\\\/afkp.fr\\\/\",\"name\":\"AFKP\",\"description\":\"Association Fran\u00e7aise de Kin\u00e9sith\u00e9rapie P\u00e9diatrique\",\"publisher\":{\"@id\":\"https:\\\/\\\/afkp.fr\\\/#organization\"},\"potentialAction\":[{\"@type\":\"SearchAction\",\"target\":{\"@type\":\"EntryPoint\",\"urlTemplate\":\"https:\\\/\\\/afkp.fr\\\/?s={search_term_string}\"},\"query-input\":{\"@type\":\"PropertyValueSpecification\",\"valueRequired\":true,\"valueName\":\"search_term_string\"}}],\"inLanguage\":\"fr-FR\"},{\"@type\":\"Organization\",\"@id\":\"https:\\\/\\\/afkp.fr\\\/#organization\",\"name\":\"Association Fran\u00e7aise de Kin\u00e9sith\u00e9rapie P\u00e9diatrique\",\"url\":\"https:\\\/\\\/afkp.fr\\\/\",\"logo\":{\"@type\":\"ImageObject\",\"inLanguage\":\"fr-FR\",\"@id\":\"https:\\\/\\\/afkp.fr\\\/#\\\/schema\\\/logo\\\/image\\\/\",\"url\":\"https:\\\/\\\/afkp.fr\\\/wp-content\\\/uploads\\\/2023\\\/03\\\/cropped-cropped-cropped-cropped-cropped-cropped-logo-officiel-2023-180.png\",\"contentUrl\":\"https:\\\/\\\/afkp.fr\\\/wp-content\\\/uploads\\\/2023\\\/03\\\/cropped-cropped-cropped-cropped-cropped-cropped-logo-officiel-2023-180.png\",\"width\":178,\"height\":156,\"caption\":\"Association Fran\u00e7aise de Kin\u00e9sith\u00e9rapie P\u00e9diatrique\"},\"image\":{\"@id\":\"https:\\\/\\\/afkp.fr\\\/#\\\/schema\\\/logo\\\/image\\\/\"},\"sameAs\":[\"https:\\\/\\\/www.facebook.com\\\/afkpedia\",\"https:\\\/\\\/www.instagram.com\\\/assofrancaisedekinepediatrique\\\/\",\"https:\\\/\\\/www.linkedin.com\\\/in\\\/association-franaise-de-kinsithrapie-pdiatrique-249635268\\\/\"]}]}<\/script>\n<!-- \/ Yoast SEO plugin. -->","yoast_head_json":{"title":"2\u00e8me Journ\u00e9e de Congr\u00e8s de l'Association N\u00e9o'Sens - AFKP","robots":{"index":"index","follow":"follow","max-snippet":"max-snippet:-1","max-image-preview":"max-image-preview:large","max-video-preview":"max-video-preview:-1"},"canonical":"https:\/\/afkp.fr\/index.php\/events\/2eme-journee-de-congres-de-lassociation-neosens\/","og_locale":"fr_FR","og_type":"article","og_title":"2\u00e8me Journ\u00e9e de Congr\u00e8s de l'Association N\u00e9o'Sens - AFKP","og_description":"Journ\u00e9e de Congr\u00e8s pour \u00e9changer sur le th\u00e8me de la Famille au sein des services de N\u00e9onatalogie et Maternit\u00e9. De nombreuses interventions et ateliers de soignants de diverses professions et t\u00e9moignages de familles ou patients.  Journ\u00e9e ouverte \u00e0 tous publics avec pr\u00e9sence d'artistes.","og_url":"https:\/\/afkp.fr\/index.php\/events\/2eme-journee-de-congres-de-lassociation-neosens\/","og_site_name":"AFKP","article_publisher":"https:\/\/www.facebook.com\/afkpedia","og_image":[{"width":1080,"height":1350,"url":"https:\/\/afkp.fr\/wp-content\/uploads\/2024\/11\/PNG-Programme-1.png","type":"image\/png"}],"twitter_card":"summary_large_image","schema":{"@context":"https:\/\/schema.org","@graph":[{"@type":"WebPage","@id":"https:\/\/afkp.fr\/index.php\/events\/2eme-journee-de-congres-de-lassociation-neosens\/","url":"https:\/\/afkp.fr\/index.php\/events\/2eme-journee-de-congres-de-lassociation-neosens\/","name":"2\u00e8me Journ\u00e9e de Congr\u00e8s de l'Association N\u00e9o'Sens - AFKP","isPartOf":{"@id":"https:\/\/afkp.fr\/#website"},"primaryImageOfPage":{"@id":"https:\/\/afkp.fr\/index.php\/events\/2eme-journee-de-congres-de-lassociation-neosens\/#primaryimage"},"image":{"@id":"https:\/\/afkp.fr\/index.php\/events\/2eme-journee-de-congres-de-lassociation-neosens\/#primaryimage"},"thumbnailUrl":"https:\/\/afkp.fr\/wp-content\/uploads\/2024\/11\/PNG-Programme-1.png","datePublished":"2024-11-25T08:23:07+00:00","breadcrumb":{"@id":"https:\/\/afkp.fr\/index.php\/events\/2eme-journee-de-congres-de-lassociation-neosens\/#breadcrumb"},"inLanguage":"fr-FR","potentialAction":[{"@type":"ReadAction","target":["https:\/\/afkp.fr\/index.php\/events\/2eme-journee-de-congres-de-lassociation-neosens\/"]}]},{"@type":"ImageObject","inLanguage":"fr-FR","@id":"https:\/\/afkp.fr\/index.php\/events\/2eme-journee-de-congres-de-lassociation-neosens\/#primaryimage","url":"https:\/\/afkp.fr\/wp-content\/uploads\/2024\/11\/PNG-Programme-1.png","contentUrl":"https:\/\/afkp.fr\/wp-content\/uploads\/2024\/11\/PNG-Programme-1.png","width":1080,"height":1350},{"@type":"BreadcrumbList","@id":"https:\/\/afkp.fr\/index.php\/events\/2eme-journee-de-congres-de-lassociation-neosens\/#breadcrumb","itemListElement":[{"@type":"ListItem","position":1,"name":"Accueil","item":"https:\/\/afkp.fr\/"},{"@type":"ListItem","position":2,"name":"\u00c9v\u00e9nements","item":"https:\/\/afkp.fr\/index.php\/events\/"},{"@type":"ListItem","position":3,"name":"2\u00e8me Journ\u00e9e de Congr\u00e8s de l&#8217;Association N\u00e9o&#8217;Sens"}]},{"@type":"WebSite","@id":"https:\/\/afkp.fr\/#website","url":"https:\/\/afkp.fr\/","name":"AFKP","description":"Association Fran\u00e7aise de Kin\u00e9sith\u00e9rapie P\u00e9diatrique","publisher":{"@id":"https:\/\/afkp.fr\/#organization"},"potentialAction":[{"@type":"SearchAction","target":{"@type":"EntryPoint","urlTemplate":"https:\/\/afkp.fr\/?s={search_term_string}"},"query-input":{"@type":"PropertyValueSpecification","valueRequired":true,"valueName":"search_term_string"}}],"inLanguage":"fr-FR"},{"@type":"Organization","@id":"https:\/\/afkp.fr\/#organization","name":"Association Fran\u00e7aise de Kin\u00e9sith\u00e9rapie P\u00e9diatrique","url":"https:\/\/afkp.fr\/","logo":{"@type":"ImageObject","inLanguage":"fr-FR","@id":"https:\/\/afkp.fr\/#\/schema\/logo\/image\/","url":"https:\/\/afkp.fr\/wp-content\/uploads\/2023\/03\/cropped-cropped-cropped-cropped-cropped-cropped-logo-officiel-2023-180.png","contentUrl":"https:\/\/afkp.fr\/wp-content\/uploads\/2023\/03\/cropped-cropped-cropped-cropped-cropped-cropped-logo-officiel-2023-180.png","width":178,"height":156,"caption":"Association Fran\u00e7aise de Kin\u00e9sith\u00e9rapie P\u00e9diatrique"},"image":{"@id":"https:\/\/afkp.fr\/#\/schema\/logo\/image\/"},"sameAs":["https:\/\/www.facebook.com\/afkpedia","https:\/\/www.instagram.com\/assofrancaisedekinepediatrique\/","https:\/\/www.linkedin.com\/in\/association-franaise-de-kinsithrapie-pdiatrique-249635268\/"]}]}},"uagb_featured_image_src":{"full":["https:\/\/afkp.fr\/wp-content\/uploads\/2024\/11\/PNG-Programme-1.png",1080,1350,false],"thumbnail":["https:\/\/afkp.fr\/wp-content\/uploads\/2024\/11\/PNG-Programme-1-150x150.png",150,150,true],"medium":["https:\/\/afkp.fr\/wp-content\/uploads\/2024\/11\/PNG-Programme-1-240x300.png",240,300,true],"medium_large":["https:\/\/afkp.fr\/wp-content\/uploads\/2024\/11\/PNG-Programme-1-768x960.png",768,960,true],"large":["https:\/\/afkp.fr\/wp-content\/uploads\/2024\/11\/PNG-Programme-1-819x1024.png",819,1024,true],"thumblist":["https:\/\/afkp.fr\/wp-content\/uploads\/2024\/11\/PNG-Programme-1-300x300.png",300,300,true],"thumbrelated":["https:\/\/afkp.fr\/wp-content\/uploads\/2024\/11\/PNG-Programme-1-500x500.png",500,500,true],"meccarouselthumb":["https:\/\/afkp.fr\/wp-content\/uploads\/2024\/11\/PNG-Programme-1-474x324.png",474,324,true],"gridsquare":["https:\/\/afkp.fr\/wp-content\/uploads\/2024\/11\/PNG-Programme-1-391x260.png",391,260,true],"tileview":["https:\/\/afkp.fr\/wp-content\/uploads\/2024\/11\/PNG-Programme-1-300x400.png",300,400,true],"1536x1536":["https:\/\/afkp.fr\/wp-content\/uploads\/2024\/11\/PNG-Programme-1.png",1080,1350,false],"2048x2048":["https:\/\/afkp.fr\/wp-content\/uploads\/2024\/11\/PNG-Programme-1.png",1080,1350,false]},"uagb_author_info":{"display_name":"neosens@free.fr","author_link":"https:\/\/afkp.fr\/index.php\/author\/neosensfree-fr\/"},"uagb_comment_info":0,"uagb_excerpt":"Journ\u00e9e de Congr\u00e8s pour \u00e9changer sur le th\u00e8me de la Famille au sein des services de N\u00e9onatalogie et Maternit\u00e9. De nombreuses interventions et ateliers de soignants de diverses professions et t\u00e9moignages de familles ou patients. Journ\u00e9e ouverte \u00e0 tous publics avec pr\u00e9sence d'artistes.","_links":{"self":[{"href":"https:\/\/afkp.fr\/index.php\/wp-json\/wp\/v2\/mec-events\/6320","targetHints":{"allow":["GET"]}}],"collection":[{"href":"https:\/\/afkp.fr\/index.php\/wp-json\/wp\/v2\/mec-events"}],"about":[{"href":"https:\/\/afkp.fr\/index.php\/wp-json\/wp\/v2\/types\/mec-events"}],"author":[{"embeddable":true,"href":"https:\/\/afkp.fr\/index.php\/wp-json\/wp\/v2\/users\/376"}],"replies":[{"embeddable":true,"href":"https:\/\/afkp.fr\/index.php\/wp-json\/wp\/v2\/comments?post=6320"}],"wp:featuredmedia":[{"embeddable":true,"href":"https:\/\/afkp.fr\/index.php\/wp-json\/wp\/v2\/media\/6321"}],"wp:attachment":[{"href":"https:\/\/afkp.fr\/index.php\/wp-json\/wp\/v2\/media?parent=6320"}],"wp:term":[{"taxonomy":"post_tag","embeddable":true,"href":"https:\/\/afkp.fr\/index.php\/wp-json\/wp\/v2\/tags?post=6320"},{"taxonomy":"mec_category","embeddable":true,"href":"https:\/\/afkp.fr\/index.php\/wp-json\/wp\/v2\/mec_category?post=6320"}],"curies":[{"name":"wp","href":"https:\/\/api.w.org\/{rel}","templated":true}]}}