{"id":6045,"date":"2024-02-27T23:45:05","date_gmt":"2024-02-27T22:45:05","guid":{"rendered":"https:\/\/afkp.fr\/?page_id=6045"},"modified":"2024-05-05T22:46:15","modified_gmt":"2024-05-05T20:46:15","slug":"ter16","status":"publish","type":"page","link":"https:\/\/afkp.fr\/index.php\/ter16\/","title":{"rendered":"Avenant 7 TER 16"},"content":{"rendered":"\t\t<div data-elementor-type=\"wp-post\" data-elementor-id=\"6045\" class=\"elementor elementor-6045\" data-elementor-post-type=\"page\">\n\t\t\t\t\t\t<section class=\"elementor-section elementor-top-section elementor-element elementor-element-8c39fce elementor-section-content-middle elementor-section-boxed elementor-section-height-default elementor-section-height-default\" data-id=\"8c39fce\" data-element_type=\"section\" data-e-type=\"section\" data-settings=\"{&quot;background_background&quot;:&quot;classic&quot;}\">\n\t\t\t\t\t\t\t<div class=\"elementor-background-overlay\"><\/div>\n\t\t\t\t\t\t\t<div class=\"elementor-container elementor-column-gap-no\">\n\t\t\t\t\t<div class=\"elementor-column elementor-col-100 elementor-top-column elementor-element elementor-element-b1952b1\" data-id=\"b1952b1\" data-element_type=\"column\" data-e-type=\"column\">\n\t\t\t<div class=\"elementor-widget-wrap elementor-element-populated\">\n\t\t\t\t\t\t<div class=\"elementor-element elementor-element-46fb438 elementor-hidden-desktop elementor-nav-menu--dropdown-tablet elementor-nav-menu__text-align-aside elementor-nav-menu--toggle elementor-nav-menu--burger elementor-widget elementor-widget-nav-menu\" data-id=\"46fb438\" data-element_type=\"widget\" data-e-type=\"widget\" data-settings=\"{&quot;layout&quot;:&quot;horizontal&quot;,&quot;submenu_icon&quot;:{&quot;value&quot;:&quot;&lt;i class=\\&quot;fas fa-caret-down\\&quot; aria-hidden=\\&quot;true\\&quot;&gt;&lt;\\\/i&gt;&quot;,&quot;library&quot;:&quot;fa-solid&quot;},&quot;toggle&quot;:&quot;burger&quot;}\" data-widget_type=\"nav-menu.default\">\n\t\t\t\t<div class=\"elementor-widget-container\">\n\t\t\t\t\t\t\t\t<nav aria-label=\"Menu\" class=\"elementor-nav-menu--main elementor-nav-menu__container elementor-nav-menu--layout-horizontal e--pointer-underline e--animation-fade\">\n\t\t\t\t<ul id=\"menu-1-46fb438\" class=\"elementor-nav-menu\"><li class=\"menu-item menu-item-type-custom menu-item-object-custom menu-item-665\"><a href=\"https:\/\/afkp.fr\/index.php\/about\/\" class=\"elementor-item menu-link\">Qui sommes-nous<\/a><\/li>\n<li class=\"menu-item menu-item-type-custom menu-item-object-custom menu-item-has-children menu-item-666\"><a role=\"button\" aria-expanded=\"false\" href=\"#\" class=\"elementor-item elementor-item-anchor menu-link\">Informations<\/a>\n<ul class=\"sub-menu elementor-nav-menu--dropdown\">\n\t<li class=\"menu-item menu-item-type-post_type menu-item-object-page menu-item-5782\"><a href=\"https:\/\/afkp.fr\/index.php\/infos-pros\/\" class=\"elementor-sub-item menu-link\">Pour les professionnel.le.s<\/a><\/li>\n\t<li class=\"menu-item menu-item-type-post_type menu-item-object-page menu-item-6030\"><a href=\"https:\/\/afkp.fr\/index.php\/nos-partenaires\/\" class=\"elementor-sub-item menu-link\">Nos partenaires Pro<\/a><\/li>\n\t<li class=\"menu-item menu-item-type-post_type menu-item-object-page menu-item-6178\"><a href=\"https:\/\/afkp.fr\/index.php\/infos-pros\/replay-webinaires\/\" class=\"elementor-sub-item menu-link\">Replay Webinaire<\/a><\/li>\n\t<li class=\"menu-item menu-item-type-post_type menu-item-object-page menu-item-5783\"><a href=\"https:\/\/afkp.fr\/index.php\/infos-parents\/\" class=\"elementor-sub-item menu-link\">Pour les Familles<\/a><\/li>\n\t<li class=\"menu-item menu-item-type-post_type menu-item-object-page menu-item-6213\"><a href=\"https:\/\/afkp.fr\/index.php\/associations-partenaires\/\" class=\"elementor-sub-item menu-link\">Associations Partenaires<\/a><\/li>\n\t<li class=\"menu-item menu-item-type-post_type menu-item-object-page menu-item-5197\"><a href=\"https:\/\/afkp.fr\/index.php\/infos-pros\/emploi\/\" class=\"elementor-sub-item menu-link\">Offre Emploi Partenaire<\/a><\/li>\n<\/ul>\n<\/li>\n<li class=\"menu-item menu-item-type-post_type menu-item-object-page menu-item-5474\"><a href=\"https:\/\/afkp.fr\/index.php\/evement-agenda\/\" class=\"elementor-item menu-link\">Agenda<\/a><\/li>\n<li class=\"menu-item menu-item-type-custom menu-item-object-custom menu-item-has-children menu-item-4961\"><a role=\"button\" aria-expanded=\"false\" href=\"#\" class=\"elementor-item elementor-item-anchor menu-link\">Contact<\/a>\n<ul class=\"sub-menu elementor-nav-menu--dropdown\">\n\t<li class=\"menu-item menu-item-type-custom menu-item-object-custom menu-item-668\"><a href=\"https:\/\/afkp.fr\/index.php\/contact-us\/\" class=\"elementor-sub-item menu-link\">Nous contacter<\/a><\/li>\n\t<li class=\"menu-item menu-item-type-post_type menu-item-object-page menu-item-5957\"><a href=\"https:\/\/afkp.fr\/index.php\/don\/\" class=\"elementor-sub-item menu-link\">Faire un Don<\/a><\/li>\n\t<li class=\"menu-item menu-item-type-post_type menu-item-object-page menu-item-4810\"><a href=\"https:\/\/afkp.fr\/index.php\/request-etudiants\/\" class=\"elementor-sub-item menu-link\">Questionnaire etudiant<\/a><\/li>\n\t<li class=\"menu-item menu-item-type-post_type menu-item-object-page menu-item-5334\"><a href=\"https:\/\/afkp.fr\/index.php\/asso-locale-info\/\" class=\"elementor-sub-item menu-link\">Signaler une nouvelle association<\/a><\/li>\n<\/ul>\n<\/li>\n<\/ul>\t\t\t<\/nav>\n\t\t\t\t\t<div class=\"elementor-menu-toggle\" role=\"button\" tabindex=\"0\" aria-label=\"Permuter le menu\" aria-expanded=\"false\">\n\t\t\t<i aria-hidden=\"true\" role=\"presentation\" class=\"elementor-menu-toggle__icon--open eicon-menu-bar\"><\/i><i aria-hidden=\"true\" role=\"presentation\" class=\"elementor-menu-toggle__icon--close eicon-close\"><\/i>\t\t<\/div>\n\t\t\t\t\t<nav class=\"elementor-nav-menu--dropdown elementor-nav-menu__container\" aria-hidden=\"true\">\n\t\t\t\t<ul id=\"menu-2-46fb438\" class=\"elementor-nav-menu\"><li class=\"menu-item menu-item-type-custom menu-item-object-custom menu-item-665\"><a href=\"https:\/\/afkp.fr\/index.php\/about\/\" class=\"elementor-item menu-link\" tabindex=\"-1\">Qui sommes-nous<\/a><\/li>\n<li class=\"menu-item menu-item-type-custom menu-item-object-custom menu-item-has-children menu-item-666\"><a role=\"button\" aria-expanded=\"false\" href=\"#\" class=\"elementor-item elementor-item-anchor menu-link\" tabindex=\"-1\">Informations<\/a>\n<ul class=\"sub-menu elementor-nav-menu--dropdown\">\n\t<li class=\"menu-item menu-item-type-post_type menu-item-object-page menu-item-5782\"><a href=\"https:\/\/afkp.fr\/index.php\/infos-pros\/\" class=\"elementor-sub-item menu-link\" tabindex=\"-1\">Pour les professionnel.le.s<\/a><\/li>\n\t<li class=\"menu-item menu-item-type-post_type menu-item-object-page menu-item-6030\"><a href=\"https:\/\/afkp.fr\/index.php\/nos-partenaires\/\" class=\"elementor-sub-item menu-link\" tabindex=\"-1\">Nos partenaires Pro<\/a><\/li>\n\t<li class=\"menu-item menu-item-type-post_type menu-item-object-page menu-item-6178\"><a href=\"https:\/\/afkp.fr\/index.php\/infos-pros\/replay-webinaires\/\" class=\"elementor-sub-item menu-link\" tabindex=\"-1\">Replay Webinaire<\/a><\/li>\n\t<li class=\"menu-item menu-item-type-post_type menu-item-object-page menu-item-5783\"><a href=\"https:\/\/afkp.fr\/index.php\/infos-parents\/\" class=\"elementor-sub-item menu-link\" tabindex=\"-1\">Pour les Familles<\/a><\/li>\n\t<li class=\"menu-item menu-item-type-post_type menu-item-object-page menu-item-6213\"><a href=\"https:\/\/afkp.fr\/index.php\/associations-partenaires\/\" class=\"elementor-sub-item menu-link\" tabindex=\"-1\">Associations Partenaires<\/a><\/li>\n\t<li class=\"menu-item menu-item-type-post_type menu-item-object-page menu-item-5197\"><a href=\"https:\/\/afkp.fr\/index.php\/infos-pros\/emploi\/\" class=\"elementor-sub-item menu-link\" tabindex=\"-1\">Offre Emploi Partenaire<\/a><\/li>\n<\/ul>\n<\/li>\n<li class=\"menu-item menu-item-type-post_type menu-item-object-page menu-item-5474\"><a href=\"https:\/\/afkp.fr\/index.php\/evement-agenda\/\" class=\"elementor-item menu-link\" tabindex=\"-1\">Agenda<\/a><\/li>\n<li class=\"menu-item menu-item-type-custom menu-item-object-custom menu-item-has-children menu-item-4961\"><a role=\"button\" aria-expanded=\"false\" href=\"#\" class=\"elementor-item elementor-item-anchor menu-link\" tabindex=\"-1\">Contact<\/a>\n<ul class=\"sub-menu elementor-nav-menu--dropdown\">\n\t<li class=\"menu-item menu-item-type-custom menu-item-object-custom menu-item-668\"><a href=\"https:\/\/afkp.fr\/index.php\/contact-us\/\" class=\"elementor-sub-item menu-link\" tabindex=\"-1\">Nous contacter<\/a><\/li>\n\t<li class=\"menu-item menu-item-type-post_type menu-item-object-page menu-item-5957\"><a href=\"https:\/\/afkp.fr\/index.php\/don\/\" class=\"elementor-sub-item menu-link\" tabindex=\"-1\">Faire un Don<\/a><\/li>\n\t<li class=\"menu-item menu-item-type-post_type menu-item-object-page menu-item-4810\"><a href=\"https:\/\/afkp.fr\/index.php\/request-etudiants\/\" class=\"elementor-sub-item menu-link\" tabindex=\"-1\">Questionnaire etudiant<\/a><\/li>\n\t<li class=\"menu-item menu-item-type-post_type menu-item-object-page menu-item-5334\"><a href=\"https:\/\/afkp.fr\/index.php\/asso-locale-info\/\" class=\"elementor-sub-item menu-link\" tabindex=\"-1\">Signaler une nouvelle association<\/a><\/li>\n<\/ul>\n<\/li>\n<\/ul>\t\t\t<\/nav>\n\t\t\t\t\t\t<\/div>\n\t\t\t\t<\/div>\n\t\t\t\t<div class=\"elementor-element elementor-element-03b93f0 elementor-widget elementor-widget-heading\" data-id=\"03b93f0\" data-element_type=\"widget\" data-e-type=\"widget\" data-widget_type=\"heading.default\">\n\t\t\t\t<div class=\"elementor-widget-container\">\n\t\t\t\t\t<h1 class=\"elementor-heading-title elementor-size-default\">TER 16 - Mobilisation des instances<\/h1>\t\t\t\t<\/div>\n\t\t\t\t<\/div>\n\t\t\t\t<div class=\"elementor-element elementor-element-1658b49 elementor-widget elementor-widget-image-box\" data-id=\"1658b49\" data-element_type=\"widget\" data-e-type=\"widget\" data-widget_type=\"image-box.default\">\n\t\t\t\t<div class=\"elementor-widget-container\">\n\t\t\t\t\t<div class=\"elementor-image-box-wrapper\"><div class=\"elementor-image-box-content\"><h2 class=\"elementor-image-box-title\">Financement des soins de kin\u00e9sith\u00e9rapie p\u00e9diatrique \u00e0 destination des soins de ville pour les enfants porteurs d\u2019un diagnostic de Paralysie C\u00e9r\u00e9brale ou de Polyhandicap<\/h2><\/div><\/div>\t\t\t\t<\/div>\n\t\t\t\t<\/div>\n\t\t\t\t\t<\/div>\n\t\t<\/div>\n\t\t\t\t\t<\/div>\n\t\t<\/section>\n\t\t\t\t<section class=\"elementor-section elementor-top-section elementor-element elementor-element-1d0cfe0 elementor-section-boxed elementor-section-height-default elementor-section-height-default\" data-id=\"1d0cfe0\" data-element_type=\"section\" data-e-type=\"section\" data-settings=\"{&quot;background_background&quot;:&quot;classic&quot;}\">\n\t\t\t\t\t\t\t<div class=\"elementor-background-overlay\"><\/div>\n\t\t\t\t\t\t\t<div class=\"elementor-container elementor-column-gap-no\">\n\t\t\t\t\t<div class=\"elementor-column elementor-col-50 elementor-top-column elementor-element elementor-element-3699f9d\" data-id=\"3699f9d\" data-element_type=\"column\" data-e-type=\"column\">\n\t\t\t<div class=\"elementor-widget-wrap elementor-element-populated\">\n\t\t\t\t\t\t<div class=\"elementor-element elementor-element-cf935d5 elementor-widget elementor-widget-image\" data-id=\"cf935d5\" data-element_type=\"widget\" data-e-type=\"widget\" data-widget_type=\"image.default\">\n\t\t\t\t<div class=\"elementor-widget-container\">\n\t\t\t\t\t\t\t\t\t\t\t\t\t\t\t<img fetchpriority=\"high\" decoding=\"async\" width=\"1024\" height=\"858\" src=\"https:\/\/afkp.fr\/wp-content\/uploads\/2024\/05\/TER-16-avancee-copie-1024x858.png\" class=\"attachment-large size-large wp-image-6215\" alt=\"\" srcset=\"https:\/\/afkp.fr\/wp-content\/uploads\/2024\/05\/TER-16-avancee-copie-1024x858.png 1024w, https:\/\/afkp.fr\/wp-content\/uploads\/2024\/05\/TER-16-avancee-copie-300x252.png 300w, https:\/\/afkp.fr\/wp-content\/uploads\/2024\/05\/TER-16-avancee-copie-768x644.png 768w, https:\/\/afkp.fr\/wp-content\/uploads\/2024\/05\/TER-16-avancee-copie.png 1293w\" sizes=\"(max-width: 1024px) 100vw, 1024px\" \/>\t\t\t\t\t\t\t\t\t\t\t\t\t\t\t<\/div>\n\t\t\t\t<\/div>\n\t\t\t\t\t<\/div>\n\t\t<\/div>\n\t\t\t\t<div class=\"elementor-column elementor-col-50 elementor-top-column elementor-element elementor-element-543027a\" data-id=\"543027a\" data-element_type=\"column\" data-e-type=\"column\">\n\t\t\t<div class=\"elementor-widget-wrap elementor-element-populated\">\n\t\t\t\t\t\t<div class=\"elementor-element elementor-element-5e03d33 elementor-widget__width-initial elementor-widget elementor-widget-text-editor\" data-id=\"5e03d33\" data-element_type=\"widget\" data-e-type=\"widget\" data-widget_type=\"text-editor.default\">\n\t\t\t\t<div class=\"elementor-widget-container\">\n\t\t\t\t\t\t\t\t\t<div class=\"\" data-block=\"true\" data-editor=\"8028p\" data-offset-key=\"3rtkt-0-0\"><div class=\"_1mf _1mj\" data-offset-key=\"3rtkt-0-0\"><div class=\"xdj266r x11i5rnm xat24cr x1mh8g0r x1vvkbs x126k92a\"><div dir=\"auto\"><div class=\"xdj266r x11i5rnm xat24cr x1mh8g0r x1vvkbs x126k92a\"><div dir=\"auto\"><span class=\"x3nfvp2 x1j61x8r x1fcty0u xdj266r xhhsvwb xat24cr xgzva0m xxymvpz xlup9mm x1kky2od\"><img decoding=\"async\" class=\"xz74otr\" src=\"https:\/\/static.xx.fbcdn.net\/images\/emoji.php\/v9\/t11\/2\/16\/1f9d1_200d_1f9bd.png\" alt=\"\ud83e\uddd1\u200d\ud83e\uddbd\" width=\"16\" height=\"16\" \/><\/span> TER16 \u201cr\u00e9\u00e9ducation des enfants atteints de paralysie c\u00e9r\u00e9brale ou de polyhandicap\u00a0\u00bb<\/div><div dir=\"auto\">Point sur la situation au 26\/04\/2024<\/div><div dir=\"auto\">\u00a0<\/div><\/div><div class=\"x11i5rnm xat24cr x1mh8g0r x1vvkbs xtlvy1s x126k92a\"><div dir=\"auto\"><span class=\"x3nfvp2 x1j61x8r x1fcty0u xdj266r xhhsvwb xat24cr xgzva0m xxymvpz xlup9mm x1kky2od\"><img decoding=\"async\" class=\"xz74otr\" src=\"https:\/\/static.xx.fbcdn.net\/images\/emoji.php\/v9\/t67\/2\/16\/1f440.png\" alt=\"\ud83d\udc40\" width=\"16\" height=\"16\" \/><\/span> Vous avez probablement vu passer des messages de certains syndicats et de votre CPAM indiquant que le TER16 \u00e9tait utilisable.<\/div><div dir=\"auto\">\u00a0<\/div><\/div><div class=\"x11i5rnm xat24cr x1mh8g0r x1vvkbs xtlvy1s x126k92a\"><div dir=\"auto\"><span class=\"x3nfvp2 x1j61x8r x1fcty0u xdj266r xhhsvwb xat24cr xgzva0m xxymvpz xlup9mm x1kky2od\"><img loading=\"lazy\" decoding=\"async\" class=\"xz74otr\" src=\"https:\/\/static.xx.fbcdn.net\/images\/emoji.php\/v9\/tb4\/2\/16\/2705.png\" alt=\"\u2705\" width=\"16\" height=\"16\" \/><\/span> Nous avons pr\u00e9f\u00e9r\u00e9 attendre la confirmation de la direction de la S\u00e9curit\u00e9 Sociale, qui valide bien que tous les signaux sont au vert.<\/div><div dir=\"auto\">\u00a0<\/div><\/div><div class=\"x11i5rnm xat24cr x1mh8g0r x1vvkbs xtlvy1s x126k92a\"><div dir=\"auto\"><span class=\"x3nfvp2 x1j61x8r x1fcty0u xdj266r xhhsvwb xat24cr xgzva0m xxymvpz xlup9mm x1kky2od\"><img loading=\"lazy\" decoding=\"async\" class=\"xz74otr\" src=\"https:\/\/static.xx.fbcdn.net\/images\/emoji.php\/v9\/t2b\/2\/16\/1f4bb.png\" alt=\"\ud83d\udcbb\" width=\"16\" height=\"16\" \/><\/span> Le dernier frein \u00e9tait la validation de la CNAM aupr\u00e8s des \u00e9diteurs de logiciels ; ce point semble se r\u00e9gler \u00e9galement.<\/div><div dir=\"auto\">\u00a0<\/div><\/div><div class=\"x11i5rnm xat24cr x1mh8g0r x1vvkbs xtlvy1s x126k92a\"><div dir=\"auto\"><span class=\"x3nfvp2 x1j61x8r x1fcty0u xdj266r xhhsvwb xat24cr xgzva0m xxymvpz xlup9mm x1kky2od\"><img loading=\"lazy\" decoding=\"async\" class=\"xz74otr\" src=\"https:\/\/static.xx.fbcdn.net\/images\/emoji.php\/v9\/t1d\/2\/16\/1f4c5.png\" alt=\"\ud83d\udcc5\" width=\"16\" height=\"16\" \/><\/span> L&rsquo;acte TER16 est donc utilisable \u00e0 partir du 5 avril !<\/div><\/div><div class=\"x11i5rnm xat24cr x1mh8g0r x1vvkbs xtlvy1s x126k92a\"><div dir=\"auto\">\u00a0<\/div><div dir=\"auto\"><span class=\"x3nfvp2 x1j61x8r x1fcty0u xdj266r xhhsvwb xat24cr xgzva0m xxymvpz xlup9mm x1kky2od\"><img loading=\"lazy\" decoding=\"async\" class=\"xz74otr\" src=\"https:\/\/static.xx.fbcdn.net\/images\/emoji.php\/v9\/tae\/2\/16\/1f942.png\" alt=\"\ud83e\udd42\" width=\"16\" height=\"16\" \/><\/span> M\u00eame si de nombreuses autres pathologies ou troubles ne rentrent dans aucune \u00ab\u00a0case\u00a0\u00bb de la NGAP, cette cotation est une belle avanc\u00e9e pour la P\u00e9diatrie, avec une revalorisation appr\u00e9ciable, et une premi\u00e8re reconnaissance de notre travail au quotidien !<\/div><div dir=\"auto\">\u00a0<\/div><div dir=\"auto\"><span class=\"x3nfvp2 x1j61x8r x1fcty0u xdj266r xhhsvwb xat24cr xgzva0m xxymvpz xlup9mm x1kky2od\"><img loading=\"lazy\" decoding=\"async\" class=\"xz74otr\" src=\"https:\/\/static.xx.fbcdn.net\/images\/emoji.php\/v9\/t3\/2\/16\/1f91d.png\" alt=\"\ud83e\udd1d\" width=\"16\" height=\"16\" \/><\/span> Nous ne pouvons qu&rsquo;esp\u00e9rer d&rsquo;autres avanc\u00e9es, avec des cotations adapt\u00e9es aux enfants pr\u00e9sentant une atteinte g\u00e9n\u00e9tique, une maladie m\u00e9tabolique, un TND ou tout simplement une asym\u00e9trie posturomotrice&#8230; Nous ne manquerons pas de travailler avec les syndicats sur ce points le moment venu !<\/div><div dir=\"auto\">\u00a0<\/div><\/div><div class=\"x11i5rnm xat24cr x1mh8g0r x1vvkbs xtlvy1s x126k92a\"><div dir=\"auto\"><span class=\"x3nfvp2 x1j61x8r x1fcty0u xdj266r xhhsvwb xat24cr xgzva0m xxymvpz xlup9mm x1kky2od\"><img loading=\"lazy\" decoding=\"async\" class=\"xz74otr\" src=\"https:\/\/static.xx.fbcdn.net\/images\/emoji.php\/v9\/td3\/2\/16\/1f914.png\" alt=\"\ud83e\udd14\" width=\"16\" height=\"16\" \/><\/span> De nombreux coll\u00e8gues semblent s&rsquo;interroger sur la possibilit\u00e9 ou non d&rsquo;utiliser la cotation TER 16 pour tel ou tel patient.<\/div><div dir=\"auto\">\u00a0<\/div><div dir=\"auto\"><span class=\"x3nfvp2 x1j61x8r x1fcty0u xdj266r xhhsvwb xat24cr xgzva0m xxymvpz xlup9mm x1kky2od\"><img loading=\"lazy\" decoding=\"async\" class=\"xz74otr\" src=\"https:\/\/static.xx.fbcdn.net\/images\/emoji.php\/v9\/t52\/2\/16\/1f517.png\" alt=\"\ud83d\udd17\" width=\"16\" height=\"16\" \/><\/span> Nous vous invitons \u00e0 lire les travaux de la HAS concernant la d\u00e9finition du polyhandicap, afin de prendre la meilleure d\u00e9cision ; il s&rsquo;agit de votre responsabilit\u00e9 d&rsquo;appliquer la cotation la plus adapt\u00e9e \u00e0 votre patient et au tableau clinique \u00e9valu\u00e9.<\/div><div dir=\"auto\"><a class=\"x1i10hfl xjbqb8w x1ejq31n xd10rxx x1sy0etr x17r0tee x972fbf xcfux6l x1qhh985 xm0m39n x9f619 x1ypdohk xt0psk2 xe8uvvx xdj266r x11i5rnm xat24cr x1mh8g0r xexx8yu x4uap5 x18d9i69 xkhd6sd x16tdsg8 xggy1nq x1a2a7pz xt0b8zv x1hl2dhg x1fey0fg\" tabindex=\"0\" role=\"link\" href=\"https:\/\/www.has-sante.fr\/jcms\/p_3215404\/fr\/l-accompagnement-de-la-personne-polyhandicapee-dans-sa-specificite?fbclid=IwZXh0bgNhZW0CMTAAAR0vYqNJ13xxd6f3Nng5KyN6zCyPc3xlgKk9dqdwBhgh0aH-PTZa4M6iNlk_aem_AT7wttoqMclUvvw_G_bikeZTGfx8gpFhIeMgX2BdR3N-wzvjmIV9WmVoYibXytn6d_AXY5vCaas5IBergj8CO-xi\" target=\"_blank\" rel=\"nofollow noopener noreferrer\">https:\/\/www.has-sante.fr\/&#8230;\/l-accompagnement-de-la&#8230;<\/a><\/div><div dir=\"auto\">\u00a0<\/div><\/div><div class=\"x11i5rnm xat24cr x1mh8g0r x1vvkbs xtlvy1s x126k92a\"><div dir=\"auto\"><span class=\"x3nfvp2 x1j61x8r x1fcty0u xdj266r xhhsvwb xat24cr xgzva0m xxymvpz xlup9mm x1kky2od\"><img loading=\"lazy\" decoding=\"async\" class=\"xz74otr\" src=\"https:\/\/static.xx.fbcdn.net\/images\/emoji.php\/v9\/t1a\/2\/16\/1f3e5.png\" alt=\"\ud83c\udfe5\" width=\"16\" height=\"16\" \/><\/span> A noter que la prescription doit provenir d\u2019un \u00e9tablissement sanitaire ou m\u00e9dico-social pour utiliser le TER 16 !<\/div><\/div><\/div><\/div><\/div><\/div>\t\t\t\t\t\t\t\t<\/div>\n\t\t\t\t<\/div>\n\t\t\t\t\t<\/div>\n\t\t<\/div>\n\t\t\t\t\t<\/div>\n\t\t<\/section>\n\t\t\t\t<section class=\"elementor-section elementor-top-section elementor-element elementor-element-p6duxf9 elementor-section-content-middle elementor-section-boxed elementor-section-height-default elementor-section-height-default\" data-id=\"p6duxf9\" data-element_type=\"section\" data-e-type=\"section\" data-settings=\"{&quot;background_background&quot;:&quot;classic&quot;}\">\n\t\t\t\t\t\t\t<div class=\"elementor-background-overlay\"><\/div>\n\t\t\t\t\t\t\t<div class=\"elementor-container elementor-column-gap-extended\">\n\t\t\t\t\t<div class=\"elementor-column elementor-col-50 elementor-top-column elementor-element elementor-element-8a2eb3b\" data-id=\"8a2eb3b\" data-element_type=\"column\" data-e-type=\"column\">\n\t\t\t<div class=\"elementor-widget-wrap elementor-element-populated\">\n\t\t\t\t\t\t<div class=\"elementor-element elementor-element-0be6345 elementor-widget elementor-widget-image\" data-id=\"0be6345\" data-element_type=\"widget\" data-e-type=\"widget\" data-widget_type=\"image.default\">\n\t\t\t\t<div class=\"elementor-widget-container\">\n\t\t\t\t\t\t\t\t\t\t\t\t\t\t\t<img loading=\"lazy\" decoding=\"async\" width=\"1024\" height=\"858\" src=\"https:\/\/afkp.fr\/wp-content\/uploads\/2024\/04\/TER-16-avancee-1024x858.png\" class=\"attachment-large size-large wp-image-6140\" alt=\"\" srcset=\"https:\/\/afkp.fr\/wp-content\/uploads\/2024\/04\/TER-16-avancee-1024x858.png 1024w, https:\/\/afkp.fr\/wp-content\/uploads\/2024\/04\/TER-16-avancee-300x251.png 300w, https:\/\/afkp.fr\/wp-content\/uploads\/2024\/04\/TER-16-avancee-768x644.png 768w, https:\/\/afkp.fr\/wp-content\/uploads\/2024\/04\/TER-16-avancee.png 1410w\" sizes=\"(max-width: 1024px) 100vw, 1024px\" \/>\t\t\t\t\t\t\t\t\t\t\t\t\t\t\t<\/div>\n\t\t\t\t<\/div>\n\t\t\t\t\t<\/div>\n\t\t<\/div>\n\t\t\t\t<div class=\"elementor-column elementor-col-50 elementor-top-column elementor-element elementor-element-b70bf57\" data-id=\"b70bf57\" data-element_type=\"column\" data-e-type=\"column\">\n\t\t\t<div class=\"elementor-widget-wrap elementor-element-populated\">\n\t\t\t\t\t\t<div class=\"elementor-element elementor-element-3736791 elementor-widget elementor-widget-text-editor\" data-id=\"3736791\" data-element_type=\"widget\" data-e-type=\"widget\" data-widget_type=\"text-editor.default\">\n\t\t\t\t<div class=\"elementor-widget-container\">\n\t\t\t\t\t\t\t\t\t<div data-block=\"true\" data-editor=\"8028p\" data-offset-key=\"3rtkt-0-0\"><div data-offset-key=\"3rtkt-0-0\"><div><div dir=\"auto\"><img loading=\"lazy\" decoding=\"async\" src=\"https:\/\/static.xx.fbcdn.net\/images\/emoji.php\/v9\/t59\/2\/16\/1f4e3.png\" alt=\"\ud83d\udce3\" width=\"16\" height=\"16\" \/> TER 16 : point sur la situation au 09\/04\/2024<\/div><div dir=\"auto\">\u00a0<\/div><\/div><div><div dir=\"auto\"><p class=\"p1\">\u203c\ufe0f Suite \u00e0 notre alerte, et \u00e0 la mobilisation de diff\u00e9rentes instances (FFMKR, Fondation Paralysie C\u00e9r\u00e9brale, APF France handicap), la Direction de la S\u00e9curit\u00e9 Sociale nous avait inform\u00e9 que la HAS se saisissait du dossier.<\/p><p class=\"p1\">\u2705 <a href=\"https:\/\/www.has-sante.fr\/upload\/docs\/application\/pdf\/2024-04\/ac_2024_0019_kine_enfant_paralysie_cerebrale_vd.pdf\">La HAS a rendu un avis favorable ce jour<\/a> !<\/p><p class=\"p1\">\ud83d\udc4f La validation par la HAS de l\u2019int\u00e9r\u00eat de cet acte pour les traitements kin\u00e9sitherapiques aux personnes porteuses d\u2019atteinte s\u00e9v\u00e8re de type polyhandicap ou de paralysie c\u00e9r\u00e9brale d\u00e8s l expression des premiers signes cliniques montre qu\u2019une \u00e9tape est franchie pour la kin\u00e9sith\u00e9rapie P\u00e9diatrique !<\/p><p class=\"p1\">\ud83d\udc49 Il s\u2019agit d\u2019une premi\u00e8re \u00e9tape de reconnaissance de l&rsquo;investissement des kin\u00e9sith\u00e9rapeutes oeuvrant en p\u00e9diatrie et de leur niveau de comp\u00e9tence sp\u00e9cifique pour r\u00e9pondre \u00e0 l\u2019ensemble de ces besoins dans de meilleures conditions financi\u00e8res.<\/p><p class=\"p1\">\ud83d\ude4f Nous attendons maintenant dans les plus brefs d\u00e9lais la poursuite de ce processus : c\u2019est maintenant \u00e0 l\u2019UNCAM de faire avancer le dossier !<\/p><p class=\"p1\">Nous remercions l\u2019ensemble des professionnels qui se sont mobilis\u00e9s dans les diverses instances de la profession, et les associations partenaires de ces combats, pour leur soutien pour l\u2019obtention de ces \u00e9volutions n\u00e9cessaires !<\/p><p class=\"p1\"><span class=\"s1\">\ud83d\udc40<\/span> Nous suivons ce dossier de pr\u00e8s !<\/p><\/div><\/div><\/div><\/div>\t\t\t\t\t\t\t\t<\/div>\n\t\t\t\t<\/div>\n\t\t\t\t\t<\/div>\n\t\t<\/div>\n\t\t\t\t\t<\/div>\n\t\t<\/section>\n\t\t\t\t<section class=\"elementor-section elementor-top-section elementor-element elementor-element-0dd0009 elementor-section-boxed elementor-section-height-default elementor-section-height-default\" data-id=\"0dd0009\" data-element_type=\"section\" data-e-type=\"section\" data-settings=\"{&quot;background_background&quot;:&quot;classic&quot;}\">\n\t\t\t\t\t\t\t<div class=\"elementor-background-overlay\"><\/div>\n\t\t\t\t\t\t\t<div class=\"elementor-container elementor-column-gap-no\">\n\t\t\t\t\t<div class=\"elementor-column elementor-col-50 elementor-top-column elementor-element elementor-element-3e170ea\" data-id=\"3e170ea\" data-element_type=\"column\" data-e-type=\"column\">\n\t\t\t<div class=\"elementor-widget-wrap elementor-element-populated\">\n\t\t\t\t\t\t<div class=\"elementor-element elementor-element-c22557e elementor-widget elementor-widget-image\" data-id=\"c22557e\" data-element_type=\"widget\" data-e-type=\"widget\" data-widget_type=\"image.default\">\n\t\t\t\t<div class=\"elementor-widget-container\">\n\t\t\t\t\t\t\t\t\t\t\t\t\t\t\t<img loading=\"lazy\" decoding=\"async\" width=\"1024\" height=\"858\" src=\"https:\/\/afkp.fr\/wp-content\/uploads\/2024\/03\/TER-16-avancee-1024x858.png\" class=\"attachment-large size-large wp-image-6103\" alt=\"\" srcset=\"https:\/\/afkp.fr\/wp-content\/uploads\/2024\/03\/TER-16-avancee-1024x858.png 1024w, https:\/\/afkp.fr\/wp-content\/uploads\/2024\/03\/TER-16-avancee-300x251.png 300w, https:\/\/afkp.fr\/wp-content\/uploads\/2024\/03\/TER-16-avancee-768x644.png 768w, https:\/\/afkp.fr\/wp-content\/uploads\/2024\/03\/TER-16-avancee-1536x1288.png 1536w, https:\/\/afkp.fr\/wp-content\/uploads\/2024\/03\/TER-16-avancee.png 1880w\" sizes=\"(max-width: 1024px) 100vw, 1024px\" \/>\t\t\t\t\t\t\t\t\t\t\t\t\t\t\t<\/div>\n\t\t\t\t<\/div>\n\t\t\t\t\t<\/div>\n\t\t<\/div>\n\t\t\t\t<div class=\"elementor-column elementor-col-50 elementor-top-column elementor-element elementor-element-bbef168\" data-id=\"bbef168\" data-element_type=\"column\" data-e-type=\"column\">\n\t\t\t<div class=\"elementor-widget-wrap elementor-element-populated\">\n\t\t\t\t\t\t<div class=\"elementor-element elementor-element-d9e0074 elementor-widget__width-initial elementor-widget elementor-widget-text-editor\" data-id=\"d9e0074\" data-element_type=\"widget\" data-e-type=\"widget\" data-widget_type=\"text-editor.default\">\n\t\t\t\t<div class=\"elementor-widget-container\">\n\t\t\t\t\t\t\t\t\t<div class=\"\" data-block=\"true\" data-editor=\"8028p\" data-offset-key=\"3rtkt-0-0\"><div class=\"_1mf _1mj\" data-offset-key=\"3rtkt-0-0\"><div class=\"xdj266r x11i5rnm xat24cr x1mh8g0r x1vvkbs x126k92a\"><div dir=\"auto\"><span class=\"x3nfvp2 x1j61x8r x1fcty0u xdj266r xhhsvwb xat24cr xgzva0m xxymvpz xlup9mm x1kky2od\"><img loading=\"lazy\" decoding=\"async\" class=\"xz74otr\" src=\"https:\/\/static.xx.fbcdn.net\/images\/emoji.php\/v9\/t59\/2\/16\/1f4e3.png\" alt=\"\ud83d\udce3\" width=\"16\" height=\"16\" \/><\/span> TER 16 : point sur la situation au 08\/03\/2024<\/div><div dir=\"auto\">\u00a0<\/div><\/div><div class=\"x11i5rnm xat24cr x1mh8g0r x1vvkbs xtlvy1s x126k92a\"><div dir=\"auto\">Plusieurs instances ont r\u00e9pondues \u00e0 notre lettre, et nous les en remercions :<\/div><div dir=\"auto\">FFMKR, Fondation Paralysie C\u00e9r\u00e9brale, APF France handicap.<\/div><div dir=\"auto\">\u00a0<\/div><\/div><div class=\"x11i5rnm xat24cr x1mh8g0r x1vvkbs xtlvy1s x126k92a\"><div dir=\"auto\">Ces diff\u00e9rents \u00e9changes nous ont appris que le TER16, qui doit suivre le processus de cr\u00e9ation d\u2019un acte dans la NGAP, est actuellement au stade 2, en attente de l\u2019avis de la HAS.<\/div><div dir=\"auto\">\u00a0<\/div><\/div><div class=\"x11i5rnm xat24cr x1mh8g0r x1vvkbs xtlvy1s x126k92a\"><div dir=\"auto\">Un probl\u00e8me de communication entre la HAS et l\u2019Assurance Maladie aurait eu lieu, en raison des recommandations \u00e9mises en 2021 par la HAS.<\/div><div dir=\"auto\">\u00a0<\/div><\/div><div class=\"x11i5rnm xat24cr x1mh8g0r x1vvkbs xtlvy1s x126k92a\"><div dir=\"auto\"><span class=\"x3nfvp2 x1j61x8r x1fcty0u xdj266r xhhsvwb xat24cr xgzva0m xxymvpz xlup9mm x1kky2od\"><img loading=\"lazy\" decoding=\"async\" class=\"xz74otr\" src=\"https:\/\/static.xx.fbcdn.net\/images\/emoji.php\/v9\/t1d\/2\/16\/1f4c5.png\" alt=\"\ud83d\udcc5\" width=\"16\" height=\"16\" \/><\/span> L\u2019avis est attendu pour fin mars.<\/div><div dir=\"auto\">\u00a0<\/div><\/div><div class=\"x11i5rnm xat24cr x1mh8g0r x1vvkbs xtlvy1s x126k92a\"><div dir=\"auto\">Le processus suivra ensuite son cours.<\/div><div dir=\"auto\">\u00a0<\/div><\/div><div class=\"x11i5rnm xat24cr x1mh8g0r x1vvkbs xtlvy1s x126k92a\"><div dir=\"auto\">La HAS a \u00e9t\u00e9 relanc\u00e9e par la FFMKR et l\u2019APF.<\/div><div dir=\"auto\">\u00a0<\/div><\/div><div class=\"x11i5rnm xat24cr x1mh8g0r x1vvkbs xtlvy1s x126k92a\"><div dir=\"auto\">Nous vous tiendrons, bien s\u00fbr inform\u00e9s en cas d\u2019\u00e9volution !<\/div><\/div><\/div><\/div>\t\t\t\t\t\t\t\t<\/div>\n\t\t\t\t<\/div>\n\t\t\t\t\t<\/div>\n\t\t<\/div>\n\t\t\t\t\t<\/div>\n\t\t<\/section>\n\t\t\t\t<section class=\"elementor-section elementor-top-section elementor-element elementor-element-b924bbb elementor-section-content-middle elementor-section-boxed elementor-section-height-default elementor-section-height-default\" data-id=\"b924bbb\" data-element_type=\"section\" data-e-type=\"section\" data-settings=\"{&quot;background_background&quot;:&quot;classic&quot;}\">\n\t\t\t\t\t\t\t<div class=\"elementor-background-overlay\"><\/div>\n\t\t\t\t\t\t\t<div class=\"elementor-container elementor-column-gap-extended\">\n\t\t\t\t\t<div class=\"elementor-column elementor-col-50 elementor-top-column elementor-element elementor-element-086e428\" data-id=\"086e428\" data-element_type=\"column\" data-e-type=\"column\">\n\t\t\t<div class=\"elementor-widget-wrap elementor-element-populated\">\n\t\t\t\t\t\t<div class=\"elementor-element elementor-element-36fb5d0 elementor-widget elementor-widget-text-editor\" data-id=\"36fb5d0\" data-element_type=\"widget\" data-e-type=\"widget\" data-widget_type=\"text-editor.default\">\n\t\t\t\t<div class=\"elementor-widget-container\">\n\t\t\t\t\t\t\t\t\t<div class=\"\" data-block=\"true\" data-editor=\"8028p\" data-offset-key=\"3rtkt-0-0\"><div class=\"_1mf _1mj\" data-offset-key=\"3rtkt-0-0\"><div>Les membres de l&rsquo;Association Fran\u00e7aise de kin\u00e9sith\u00e9rapie p\u00e9diatrique (AFKP) sollicites les instances quant \u00e0 la situation actuelle de blocage du processus de cr\u00e9ation de l&rsquo;acte TER 16 \u00e9voqu\u00e9 depuis 6 mois dans le d\u00e9cret\u00a0portant approbation de l\u2019avenant N\u00b07 \u00e0 la convention nationale organisant les rapports entre les masseurs-kin\u00e9sith\u00e9rapeutes lib\u00e9raux et l\u2019assurance maladie sign\u00e9 le 3 avril 2007.<\/div><div>\u00a0<\/div><div>Nous souhaitons \u00e0 travers cette lettre, alerter quant \u00e0 la situation de plus en plus pr\u00e9caire v\u00e9cue par les kin\u00e9sith\u00e9rapeutes \u00e0 poursuivre leur investissement aupr\u00e8s des jeunes enfants porteurs de handicap s\u00e9v\u00e8re.\u00a0<\/div><div>\u00a0<\/div><div>L&rsquo;AFKP sollicite tout \u00e9l\u00e9ment de compr\u00e9hension qui pourrait expliquer ce blocage et\/ou qui justifierait ce retard de mise \u0153uvre.\u00a0<\/div><\/div><\/div>\t\t\t\t\t\t\t\t<\/div>\n\t\t\t\t<\/div>\n\t\t\t\t\t<\/div>\n\t\t<\/div>\n\t\t\t\t<div class=\"elementor-column elementor-col-50 elementor-top-column elementor-element elementor-element-cd3173e\" data-id=\"cd3173e\" data-element_type=\"column\" data-e-type=\"column\">\n\t\t\t<div class=\"elementor-widget-wrap elementor-element-populated\">\n\t\t\t\t\t\t<div class=\"elementor-element elementor-element-4fa23d6 elementor-widget elementor-widget-image\" data-id=\"4fa23d6\" data-element_type=\"widget\" data-e-type=\"widget\" data-widget_type=\"image.default\">\n\t\t\t\t<div class=\"elementor-widget-container\">\n\t\t\t\t\t\t\t\t\t\t\t\t\t\t\t<img loading=\"lazy\" decoding=\"async\" width=\"1024\" height=\"858\" src=\"https:\/\/afkp.fr\/wp-content\/uploads\/2024\/02\/TER16-1024x858.png\" class=\"attachment-large size-large wp-image-6047\" alt=\"\" srcset=\"https:\/\/afkp.fr\/wp-content\/uploads\/2024\/02\/TER16-1024x858.png 1024w, https:\/\/afkp.fr\/wp-content\/uploads\/2024\/02\/TER16-300x252.png 300w, https:\/\/afkp.fr\/wp-content\/uploads\/2024\/02\/TER16-768x644.png 768w, https:\/\/afkp.fr\/wp-content\/uploads\/2024\/02\/TER16-1536x1288.png 1536w, https:\/\/afkp.fr\/wp-content\/uploads\/2024\/02\/TER16.png 1998w\" sizes=\"(max-width: 1024px) 100vw, 1024px\" \/>\t\t\t\t\t\t\t\t\t\t\t\t\t\t\t<\/div>\n\t\t\t\t<\/div>\n\t\t\t\t\t<\/div>\n\t\t<\/div>\n\t\t\t\t\t<\/div>\n\t\t<\/section>\n\t\t\t\t<section class=\"elementor-section elementor-top-section elementor-element elementor-element-ff352e4 elementor-section-boxed elementor-section-height-default elementor-section-height-default\" data-id=\"ff352e4\" data-element_type=\"section\" data-e-type=\"section\" data-settings=\"{&quot;background_background&quot;:&quot;classic&quot;}\">\n\t\t\t\t\t\t\t<div class=\"elementor-background-overlay\"><\/div>\n\t\t\t\t\t\t\t<div class=\"elementor-container elementor-column-gap-no\">\n\t\t\t\t\t<div class=\"elementor-column elementor-col-50 elementor-top-column elementor-element elementor-element-000b52e\" data-id=\"000b52e\" data-element_type=\"column\" data-e-type=\"column\">\n\t\t\t<div class=\"elementor-widget-wrap elementor-element-populated\">\n\t\t\t\t\t\t<div class=\"elementor-element elementor-element-9bfa76c elementor-widget elementor-widget-image\" data-id=\"9bfa76c\" data-element_type=\"widget\" data-e-type=\"widget\" data-widget_type=\"image.default\">\n\t\t\t\t<div class=\"elementor-widget-container\">\n\t\t\t\t\t\t\t\t\t\t\t\t\t\t\t<img loading=\"lazy\" decoding=\"async\" width=\"724\" height=\"1024\" src=\"https:\/\/afkp.fr\/wp-content\/uploads\/2024\/02\/Association-Francaise-de-Kinesitherapie-Pediatrique-1-VF-724x1024.jpg\" class=\"attachment-large size-large wp-image-6063\" alt=\"\" srcset=\"https:\/\/afkp.fr\/wp-content\/uploads\/2024\/02\/Association-Francaise-de-Kinesitherapie-Pediatrique-1-VF-724x1024.jpg 724w, https:\/\/afkp.fr\/wp-content\/uploads\/2024\/02\/Association-Francaise-de-Kinesitherapie-Pediatrique-1-VF-212x300.jpg 212w, https:\/\/afkp.fr\/wp-content\/uploads\/2024\/02\/Association-Francaise-de-Kinesitherapie-Pediatrique-1-VF-768x1086.jpg 768w, https:\/\/afkp.fr\/wp-content\/uploads\/2024\/02\/Association-Francaise-de-Kinesitherapie-Pediatrique-1-VF-1086x1536.jpg 1086w, https:\/\/afkp.fr\/wp-content\/uploads\/2024\/02\/Association-Francaise-de-Kinesitherapie-Pediatrique-1-VF-1448x2048.jpg 1448w, https:\/\/afkp.fr\/wp-content\/uploads\/2024\/02\/Association-Francaise-de-Kinesitherapie-Pediatrique-1-VF-scaled.jpg 1810w\" sizes=\"(max-width: 724px) 100vw, 724px\" \/>\t\t\t\t\t\t\t\t\t\t\t\t\t\t\t<\/div>\n\t\t\t\t<\/div>\n\t\t\t\t\t<\/div>\n\t\t<\/div>\n\t\t\t\t<div class=\"elementor-column elementor-col-50 elementor-top-column elementor-element elementor-element-2cf48d6\" data-id=\"2cf48d6\" data-element_type=\"column\" data-e-type=\"column\">\n\t\t\t<div class=\"elementor-widget-wrap elementor-element-populated\">\n\t\t\t\t\t\t<div class=\"elementor-element elementor-element-bec52a1 elementor-widget elementor-widget-image\" data-id=\"bec52a1\" data-element_type=\"widget\" data-e-type=\"widget\" data-widget_type=\"image.default\">\n\t\t\t\t<div class=\"elementor-widget-container\">\n\t\t\t\t\t\t\t\t\t\t\t\t\t\t\t<img loading=\"lazy\" decoding=\"async\" width=\"724\" height=\"1024\" src=\"https:\/\/afkp.fr\/wp-content\/uploads\/2024\/02\/Association-Francaise-de-Kinesitherapie-Pediatrique-2-724x1024.jpg\" class=\"attachment-large size-large wp-image-6049\" alt=\"\" srcset=\"https:\/\/afkp.fr\/wp-content\/uploads\/2024\/02\/Association-Francaise-de-Kinesitherapie-Pediatrique-2-724x1024.jpg 724w, https:\/\/afkp.fr\/wp-content\/uploads\/2024\/02\/Association-Francaise-de-Kinesitherapie-Pediatrique-2-212x300.jpg 212w, https:\/\/afkp.fr\/wp-content\/uploads\/2024\/02\/Association-Francaise-de-Kinesitherapie-Pediatrique-2-768x1086.jpg 768w, https:\/\/afkp.fr\/wp-content\/uploads\/2024\/02\/Association-Francaise-de-Kinesitherapie-Pediatrique-2-1086x1536.jpg 1086w, https:\/\/afkp.fr\/wp-content\/uploads\/2024\/02\/Association-Francaise-de-Kinesitherapie-Pediatrique-2-1448x2048.jpg 1448w, https:\/\/afkp.fr\/wp-content\/uploads\/2024\/02\/Association-Francaise-de-Kinesitherapie-Pediatrique-2-scaled.jpg 1810w\" sizes=\"(max-width: 724px) 100vw, 724px\" \/>\t\t\t\t\t\t\t\t\t\t\t\t\t\t\t<\/div>\n\t\t\t\t<\/div>\n\t\t\t\t\t<\/div>\n\t\t<\/div>\n\t\t\t\t\t<\/div>\n\t\t<\/section>\n\t\t\t\t<section class=\"elementor-section elementor-top-section elementor-element elementor-element-0ed9d1c elementor-section-boxed elementor-section-height-default elementor-section-height-default\" data-id=\"0ed9d1c\" data-element_type=\"section\" data-e-type=\"section\" data-settings=\"{&quot;background_background&quot;:&quot;classic&quot;}\">\n\t\t\t\t\t\t\t<div class=\"elementor-background-overlay\"><\/div>\n\t\t\t\t\t\t\t<div class=\"elementor-container elementor-column-gap-no\">\n\t\t\t\t\t<div class=\"elementor-column elementor-col-50 elementor-top-column elementor-element elementor-element-e6498c4\" data-id=\"e6498c4\" data-element_type=\"column\" data-e-type=\"column\">\n\t\t\t<div class=\"elementor-widget-wrap elementor-element-populated\">\n\t\t\t\t\t\t\t<\/div>\n\t\t<\/div>\n\t\t\t\t<div class=\"elementor-column elementor-col-50 elementor-top-column elementor-element elementor-element-7342844\" data-id=\"7342844\" data-element_type=\"column\" data-e-type=\"column\">\n\t\t\t<div class=\"elementor-widget-wrap elementor-element-populated\">\n\t\t\t\t\t\t<div class=\"elementor-element elementor-element-a9ba535 elementor-widget elementor-widget-spacer\" data-id=\"a9ba535\" data-element_type=\"widget\" data-e-type=\"widget\" data-widget_type=\"spacer.default\">\n\t\t\t\t<div class=\"elementor-widget-container\">\n\t\t\t\t\t\t\t<div class=\"elementor-spacer\">\n\t\t\t<div class=\"elementor-spacer-inner\"><\/div>\n\t\t<\/div>\n\t\t\t\t\t\t<\/div>\n\t\t\t\t<\/div>\n\t\t\t\t\t<\/div>\n\t\t<\/div>\n\t\t\t\t\t<\/div>\n\t\t<\/section>\n\t\t\t\t<\/div>\n\t\t","protected":false},"excerpt":{"rendered":"<p>TER 16 &#8211; Mobilisation des instances Financement des soins de kin\u00e9sith\u00e9rapie p\u00e9diatrique \u00e0 destination des soins de ville pour les enfants porteurs d\u2019un diagnostic de Paralysie C\u00e9r\u00e9brale ou de Polyhandicap TER16 \u201cr\u00e9\u00e9ducation des enfants atteints de paralysie c\u00e9r\u00e9brale ou de polyhandicap\u00a0\u00bbPoint sur la situation au 26\/04\/2024\u00a0 Vous avez probablement vu passer des messages de certains [&hellip;]<\/p>\n","protected":false},"author":109,"featured_media":0,"parent":0,"menu_order":0,"comment_status":"closed","ping_status":"closed","template":"","meta":{"_acf_changed":false,"content-type":"","_uag_custom_page_level_css":"","site-sidebar-layout":"no-sidebar","site-content-layout":"page-builder","ast-site-content-layout":"default","site-content-style":"default","site-sidebar-style":"default","ast-global-header-display":"","ast-banner-title-visibility":"","ast-main-header-display":"","ast-hfb-above-header-display":"","ast-hfb-below-header-display":"","ast-hfb-mobile-header-display":"","site-post-title":"disabled","ast-breadcrumbs-content":"","ast-featured-img":"disabled","footer-sml-layout":"","ast-disable-related-posts":"","theme-transparent-header-meta":"enabled","adv-header-id-meta":"","stick-header-meta":"","header-above-stick-meta":"","header-main-stick-meta":"","header-below-stick-meta":"","astra-migrate-meta-layouts":"default","ast-page-background-enabled":"default","ast-page-background-meta":{"desktop":{"background-color":"","background-image":"","background-repeat":"repeat","background-position":"center center","background-size":"auto","background-attachment":"scroll","background-type":"","background-media":"","overlay-type":"","overlay-color":"","overlay-opacity":"","overlay-gradient":""},"tablet":{"background-color":"","background-image":"","background-repeat":"repeat","background-position":"center center","background-size":"auto","background-attachment":"scroll","background-type":"","background-media":"","overlay-type":"","overlay-color":"","overlay-opacity":"","overlay-gradient":""},"mobile":{"background-color":"","background-image":"","background-repeat":"repeat","background-position":"center center","background-size":"auto","background-attachment":"scroll","background-type":"","background-media":"","overlay-type":"","overlay-color":"","overlay-opacity":"","overlay-gradient":""}},"ast-content-background-meta":{"desktop":{"background-color":"var(--ast-global-color-5)","background-image":"","background-repeat":"repeat","background-position":"center center","background-size":"auto","background-attachment":"scroll","background-type":"","background-media":"","overlay-type":"","overlay-color":"","overlay-opacity":"","overlay-gradient":""},"tablet":{"background-color":"var(--ast-global-color-5)","background-image":"","background-repeat":"repeat","background-position":"center center","background-size":"auto","background-attachment":"scroll","background-type":"","background-media":"","overlay-type":"","overlay-color":"","overlay-opacity":"","overlay-gradient":""},"mobile":{"background-color":"var(--ast-global-color-5)","background-image":"","background-repeat":"repeat","background-position":"center center","background-size":"auto","background-attachment":"scroll","background-type":"","background-media":"","overlay-type":"","overlay-color":"","overlay-opacity":"","overlay-gradient":""}},"footnotes":""},"class_list":["post-6045","page","type-page","status-publish","hentry"],"acf":[],"yoast_head":"<!-- This site is optimized with the Yoast SEO plugin v27.5 - https:\/\/yoast.com\/product\/yoast-seo-wordpress\/ -->\n<title>Avenant 7 TER 16 - AFKP<\/title>\n<meta name=\"robots\" content=\"index, follow, max-snippet:-1, max-image-preview:large, max-video-preview:-1\" \/>\n<link rel=\"canonical\" href=\"https:\/\/afkp.fr\/index.php\/ter16\/\" \/>\n<meta property=\"og:locale\" content=\"fr_FR\" \/>\n<meta property=\"og:type\" content=\"article\" \/>\n<meta property=\"og:title\" content=\"Avenant 7 TER 16 - AFKP\" \/>\n<meta property=\"og:description\" content=\"TER 16 &#8211; Mobilisation des instances Financement des soins de kin\u00e9sith\u00e9rapie p\u00e9diatrique \u00e0 destination des soins de ville pour les enfants porteurs d\u2019un diagnostic de Paralysie C\u00e9r\u00e9brale ou de Polyhandicap TER16 \u201cr\u00e9\u00e9ducation des enfants atteints de paralysie c\u00e9r\u00e9brale ou de polyhandicap\u00a0\u00bbPoint sur la situation au 26\/04\/2024\u00a0 Vous avez probablement vu passer des messages de certains [&hellip;]\" \/>\n<meta property=\"og:url\" content=\"https:\/\/afkp.fr\/index.php\/ter16\/\" \/>\n<meta property=\"og:site_name\" content=\"AFKP\" \/>\n<meta property=\"article:publisher\" content=\"https:\/\/www.facebook.com\/afkpedia\" \/>\n<meta property=\"article:modified_time\" content=\"2024-05-05T20:46:15+00:00\" \/>\n<meta property=\"og:image\" content=\"https:\/\/afkp.fr\/wp-content\/uploads\/2024\/05\/TER-16-avancee-copie-1024x858.png\" \/>\n<meta name=\"twitter:card\" content=\"summary_large_image\" \/>\n<meta name=\"twitter:label1\" content=\"Dur\u00e9e de lecture estim\u00e9e\" \/>\n\t<meta name=\"twitter:data1\" content=\"8 minutes\" \/>\n<script type=\"application\/ld+json\" class=\"yoast-schema-graph\">{\"@context\":\"https:\\\/\\\/schema.org\",\"@graph\":[{\"@type\":\"WebPage\",\"@id\":\"https:\\\/\\\/afkp.fr\\\/index.php\\\/ter16\\\/\",\"url\":\"https:\\\/\\\/afkp.fr\\\/index.php\\\/ter16\\\/\",\"name\":\"Avenant 7 TER 16 - AFKP\",\"isPartOf\":{\"@id\":\"https:\\\/\\\/afkp.fr\\\/#website\"},\"primaryImageOfPage\":{\"@id\":\"https:\\\/\\\/afkp.fr\\\/index.php\\\/ter16\\\/#primaryimage\"},\"image\":{\"@id\":\"https:\\\/\\\/afkp.fr\\\/index.php\\\/ter16\\\/#primaryimage\"},\"thumbnailUrl\":\"https:\\\/\\\/afkp.fr\\\/wp-content\\\/uploads\\\/2024\\\/05\\\/TER-16-avancee-copie-1024x858.png\",\"datePublished\":\"2024-02-27T22:45:05+00:00\",\"dateModified\":\"2024-05-05T20:46:15+00:00\",\"breadcrumb\":{\"@id\":\"https:\\\/\\\/afkp.fr\\\/index.php\\\/ter16\\\/#breadcrumb\"},\"inLanguage\":\"fr-FR\",\"potentialAction\":[{\"@type\":\"ReadAction\",\"target\":[\"https:\\\/\\\/afkp.fr\\\/index.php\\\/ter16\\\/\"]}]},{\"@type\":\"ImageObject\",\"inLanguage\":\"fr-FR\",\"@id\":\"https:\\\/\\\/afkp.fr\\\/index.php\\\/ter16\\\/#primaryimage\",\"url\":\"https:\\\/\\\/afkp.fr\\\/wp-content\\\/uploads\\\/2024\\\/05\\\/TER-16-avancee-copie.png\",\"contentUrl\":\"https:\\\/\\\/afkp.fr\\\/wp-content\\\/uploads\\\/2024\\\/05\\\/TER-16-avancee-copie.png\",\"width\":1293,\"height\":1084},{\"@type\":\"BreadcrumbList\",\"@id\":\"https:\\\/\\\/afkp.fr\\\/index.php\\\/ter16\\\/#breadcrumb\",\"itemListElement\":[{\"@type\":\"ListItem\",\"position\":1,\"name\":\"Accueil\",\"item\":\"https:\\\/\\\/afkp.fr\\\/\"},{\"@type\":\"ListItem\",\"position\":2,\"name\":\"Avenant 7 TER 16\"}]},{\"@type\":\"WebSite\",\"@id\":\"https:\\\/\\\/afkp.fr\\\/#website\",\"url\":\"https:\\\/\\\/afkp.fr\\\/\",\"name\":\"AFKP\",\"description\":\"Association Fran\u00e7aise de Kin\u00e9sith\u00e9rapie P\u00e9diatrique\",\"publisher\":{\"@id\":\"https:\\\/\\\/afkp.fr\\\/#organization\"},\"potentialAction\":[{\"@type\":\"SearchAction\",\"target\":{\"@type\":\"EntryPoint\",\"urlTemplate\":\"https:\\\/\\\/afkp.fr\\\/?s={search_term_string}\"},\"query-input\":{\"@type\":\"PropertyValueSpecification\",\"valueRequired\":true,\"valueName\":\"search_term_string\"}}],\"inLanguage\":\"fr-FR\"},{\"@type\":\"Organization\",\"@id\":\"https:\\\/\\\/afkp.fr\\\/#organization\",\"name\":\"Association Fran\u00e7aise de Kin\u00e9sith\u00e9rapie P\u00e9diatrique\",\"url\":\"https:\\\/\\\/afkp.fr\\\/\",\"logo\":{\"@type\":\"ImageObject\",\"inLanguage\":\"fr-FR\",\"@id\":\"https:\\\/\\\/afkp.fr\\\/#\\\/schema\\\/logo\\\/image\\\/\",\"url\":\"https:\\\/\\\/afkp.fr\\\/wp-content\\\/uploads\\\/2023\\\/03\\\/cropped-cropped-cropped-cropped-cropped-cropped-logo-officiel-2023-180.png\",\"contentUrl\":\"https:\\\/\\\/afkp.fr\\\/wp-content\\\/uploads\\\/2023\\\/03\\\/cropped-cropped-cropped-cropped-cropped-cropped-logo-officiel-2023-180.png\",\"width\":178,\"height\":156,\"caption\":\"Association Fran\u00e7aise de Kin\u00e9sith\u00e9rapie P\u00e9diatrique\"},\"image\":{\"@id\":\"https:\\\/\\\/afkp.fr\\\/#\\\/schema\\\/logo\\\/image\\\/\"},\"sameAs\":[\"https:\\\/\\\/www.facebook.com\\\/afkpedia\",\"https:\\\/\\\/www.instagram.com\\\/assofrancaisedekinepediatrique\\\/\",\"https:\\\/\\\/www.linkedin.com\\\/in\\\/association-franaise-de-kinsithrapie-pdiatrique-249635268\\\/\"]}]}<\/script>\n<!-- \/ Yoast SEO plugin. -->","yoast_head_json":{"title":"Avenant 7 TER 16 - AFKP","robots":{"index":"index","follow":"follow","max-snippet":"max-snippet:-1","max-image-preview":"max-image-preview:large","max-video-preview":"max-video-preview:-1"},"canonical":"https:\/\/afkp.fr\/index.php\/ter16\/","og_locale":"fr_FR","og_type":"article","og_title":"Avenant 7 TER 16 - AFKP","og_description":"TER 16 &#8211; Mobilisation des instances Financement des soins de kin\u00e9sith\u00e9rapie p\u00e9diatrique \u00e0 destination des soins de ville pour les enfants porteurs d\u2019un diagnostic de Paralysie C\u00e9r\u00e9brale ou de Polyhandicap TER16 \u201cr\u00e9\u00e9ducation des enfants atteints de paralysie c\u00e9r\u00e9brale ou de polyhandicap\u00a0\u00bbPoint sur la situation au 26\/04\/2024\u00a0 Vous avez probablement vu passer des messages de certains [&hellip;]","og_url":"https:\/\/afkp.fr\/index.php\/ter16\/","og_site_name":"AFKP","article_publisher":"https:\/\/www.facebook.com\/afkpedia","article_modified_time":"2024-05-05T20:46:15+00:00","og_image":[{"url":"https:\/\/afkp.fr\/wp-content\/uploads\/2024\/05\/TER-16-avancee-copie-1024x858.png","type":"","width":"","height":""}],"twitter_card":"summary_large_image","twitter_misc":{"Dur\u00e9e de lecture estim\u00e9e":"8 minutes"},"schema":{"@context":"https:\/\/schema.org","@graph":[{"@type":"WebPage","@id":"https:\/\/afkp.fr\/index.php\/ter16\/","url":"https:\/\/afkp.fr\/index.php\/ter16\/","name":"Avenant 7 TER 16 - AFKP","isPartOf":{"@id":"https:\/\/afkp.fr\/#website"},"primaryImageOfPage":{"@id":"https:\/\/afkp.fr\/index.php\/ter16\/#primaryimage"},"image":{"@id":"https:\/\/afkp.fr\/index.php\/ter16\/#primaryimage"},"thumbnailUrl":"https:\/\/afkp.fr\/wp-content\/uploads\/2024\/05\/TER-16-avancee-copie-1024x858.png","datePublished":"2024-02-27T22:45:05+00:00","dateModified":"2024-05-05T20:46:15+00:00","breadcrumb":{"@id":"https:\/\/afkp.fr\/index.php\/ter16\/#breadcrumb"},"inLanguage":"fr-FR","potentialAction":[{"@type":"ReadAction","target":["https:\/\/afkp.fr\/index.php\/ter16\/"]}]},{"@type":"ImageObject","inLanguage":"fr-FR","@id":"https:\/\/afkp.fr\/index.php\/ter16\/#primaryimage","url":"https:\/\/afkp.fr\/wp-content\/uploads\/2024\/05\/TER-16-avancee-copie.png","contentUrl":"https:\/\/afkp.fr\/wp-content\/uploads\/2024\/05\/TER-16-avancee-copie.png","width":1293,"height":1084},{"@type":"BreadcrumbList","@id":"https:\/\/afkp.fr\/index.php\/ter16\/#breadcrumb","itemListElement":[{"@type":"ListItem","position":1,"name":"Accueil","item":"https:\/\/afkp.fr\/"},{"@type":"ListItem","position":2,"name":"Avenant 7 TER 16"}]},{"@type":"WebSite","@id":"https:\/\/afkp.fr\/#website","url":"https:\/\/afkp.fr\/","name":"AFKP","description":"Association Fran\u00e7aise de Kin\u00e9sith\u00e9rapie P\u00e9diatrique","publisher":{"@id":"https:\/\/afkp.fr\/#organization"},"potentialAction":[{"@type":"SearchAction","target":{"@type":"EntryPoint","urlTemplate":"https:\/\/afkp.fr\/?s={search_term_string}"},"query-input":{"@type":"PropertyValueSpecification","valueRequired":true,"valueName":"search_term_string"}}],"inLanguage":"fr-FR"},{"@type":"Organization","@id":"https:\/\/afkp.fr\/#organization","name":"Association Fran\u00e7aise de Kin\u00e9sith\u00e9rapie P\u00e9diatrique","url":"https:\/\/afkp.fr\/","logo":{"@type":"ImageObject","inLanguage":"fr-FR","@id":"https:\/\/afkp.fr\/#\/schema\/logo\/image\/","url":"https:\/\/afkp.fr\/wp-content\/uploads\/2023\/03\/cropped-cropped-cropped-cropped-cropped-cropped-logo-officiel-2023-180.png","contentUrl":"https:\/\/afkp.fr\/wp-content\/uploads\/2023\/03\/cropped-cropped-cropped-cropped-cropped-cropped-logo-officiel-2023-180.png","width":178,"height":156,"caption":"Association Fran\u00e7aise de Kin\u00e9sith\u00e9rapie P\u00e9diatrique"},"image":{"@id":"https:\/\/afkp.fr\/#\/schema\/logo\/image\/"},"sameAs":["https:\/\/www.facebook.com\/afkpedia","https:\/\/www.instagram.com\/assofrancaisedekinepediatrique\/","https:\/\/www.linkedin.com\/in\/association-franaise-de-kinsithrapie-pdiatrique-249635268\/"]}]}},"uagb_featured_image_src":{"full":false,"thumbnail":false,"medium":false,"medium_large":false,"large":false,"thumblist":false,"thumbrelated":false,"meccarouselthumb":false,"gridsquare":false,"tileview":false,"1536x1536":false,"2048x2048":false},"uagb_author_info":{"display_name":"Guillaume COLLET","author_link":"https:\/\/afkp.fr\/index.php\/author\/guillaume-colletgrainesdesoin-fr\/"},"uagb_comment_info":0,"uagb_excerpt":"TER 16 &#8211; Mobilisation des instances Financement des soins de kin\u00e9sith\u00e9rapie p\u00e9diatrique \u00e0 destination des soins de ville pour les enfants porteurs d\u2019un diagnostic de Paralysie C\u00e9r\u00e9brale ou de Polyhandicap TER16 \u201cr\u00e9\u00e9ducation des enfants atteints de paralysie c\u00e9r\u00e9brale ou de polyhandicap\u00a0\u00bbPoint sur la situation au 26\/04\/2024\u00a0 Vous avez probablement vu passer des messages de certains\u2026","_links":{"self":[{"href":"https:\/\/afkp.fr\/index.php\/wp-json\/wp\/v2\/pages\/6045","targetHints":{"allow":["GET"]}}],"collection":[{"href":"https:\/\/afkp.fr\/index.php\/wp-json\/wp\/v2\/pages"}],"about":[{"href":"https:\/\/afkp.fr\/index.php\/wp-json\/wp\/v2\/types\/page"}],"author":[{"embeddable":true,"href":"https:\/\/afkp.fr\/index.php\/wp-json\/wp\/v2\/users\/109"}],"replies":[{"embeddable":true,"href":"https:\/\/afkp.fr\/index.php\/wp-json\/wp\/v2\/comments?post=6045"}],"version-history":[{"count":37,"href":"https:\/\/afkp.fr\/index.php\/wp-json\/wp\/v2\/pages\/6045\/revisions"}],"predecessor-version":[{"id":6221,"href":"https:\/\/afkp.fr\/index.php\/wp-json\/wp\/v2\/pages\/6045\/revisions\/6221"}],"wp:attachment":[{"href":"https:\/\/afkp.fr\/index.php\/wp-json\/wp\/v2\/media?parent=6045"}],"curies":[{"name":"wp","href":"https:\/\/api.w.org\/{rel}","templated":true}]}}